{"id":4034,"date":"2024-09-13T10:57:03","date_gmt":"2024-09-13T08:57:03","guid":{"rendered":"https:\/\/www.cfos-emobility.de\/network\/?post_type=portfolio&#038;p=4034"},"modified":"2024-09-13T10:57:03","modified_gmt":"2024-09-13T08:57:03","slug":"wallbox-im-einsatz-13","status":"publish","type":"portfolio","link":"https:\/\/www.cfos-emobility.de\/network\/portfolio\/wallbox-im-einsatz-13\/","title":{"rendered":"Wallbox im Einsatz &#8211; 13"},"content":{"rendered":"<p>Meine Wallbox geh\u00f6rt zu der ersten Generation und wir haben f\u00fcr sie eine Holzkiste gebaut, die sie vor dem Wetter sch\u00fctzt und gleichzeitig die Technik versteckt. Damit die T\u00fcr nicht w\u00e4hrend des Ladens offen stehen muss, ist im Boden eine Aussparung f\u00fcr das Kabel.<\/p>\n<p>Foto: J\u00f6rg S.<\/p>\n","protected":false},"excerpt":{"rendered":"<p>Meine Wallbox geh\u00f6rt zu der ersten Generation und wir haben f\u00fcr sie eine Holzkiste gebaut, die sie vor dem Wetter sch\u00fctzt und gleichzeitig die Technik versteckt. Damit die T\u00fcr nicht w\u00e4hrend des Ladens offen stehen muss, ist im Boden eine Aussparung f\u00fcr das Kabel. Foto: J\u00f6rg S.<\/p>\n","protected":false},"featured_media":4014,"comment_status":"closed","ping_status":"closed","template":"","meta":{"footnotes":""},"portfolio_cat":[83],"portfolio_skills":[],"class_list":["post-4034","portfolio","type-portfolio","status-publish","has-post-thumbnail","hentry","portfolio_cat-wallbox"],"yoast_head":"<!-- This site is optimized with the Yoast SEO plugin v27.5 - https:\/\/yoast.com\/product\/yoast-seo-wordpress\/ -->\n<title>Wallbox im Einsatz - 13 - cFos eMobility Network<\/title>\n<meta name=\"robots\" content=\"index, follow, max-snippet:-1, max-image-preview:large, max-video-preview:-1\" \/>\n<link rel=\"canonical\" href=\"https:\/\/www.cfos-emobility.de\/network\/portfolio\/wallbox-im-einsatz-13\/\" \/>\n<meta property=\"og:locale\" content=\"de_DE\" \/>\n<meta property=\"og:type\" content=\"article\" \/>\n<meta property=\"og:title\" content=\"Wallbox im Einsatz - 13 - cFos eMobility Network\" \/>\n<meta property=\"og:description\" content=\"Meine Wallbox geh\u00f6rt zu der ersten Generation und wir haben f\u00fcr sie eine Holzkiste gebaut, die sie vor dem Wetter sch\u00fctzt und gleichzeitig die Technik versteckt. Damit die T\u00fcr nicht w\u00e4hrend des Ladens offen stehen muss, ist im Boden eine Aussparung f\u00fcr das Kabel. Foto: J\u00f6rg S.\" \/>\n<meta property=\"og:url\" content=\"https:\/\/www.cfos-emobility.de\/network\/portfolio\/wallbox-im-einsatz-13\/\" \/>\n<meta property=\"og:site_name\" content=\"cFos eMobility Network\" \/>\n<meta property=\"og:image\" content=\"https:\/\/www.cfos-emobility.de\/network\/wp-content\/uploads\/2024\/09\/joergst.jpeg\" \/>\n\t<meta property=\"og:image:width\" content=\"1153\" \/>\n\t<meta property=\"og:image:height\" content=\"2048\" \/>\n\t<meta property=\"og:image:type\" content=\"image\/jpeg\" \/>\n<meta name=\"twitter:card\" content=\"summary_large_image\" \/>\n<meta name=\"twitter:site\" content=\"@cFosEmobility\" \/>\n<meta name=\"twitter:label1\" content=\"Gesch\u00e4tzte Lesezeit\" \/>\n\t<meta name=\"twitter:data1\" content=\"1\u00a0Minute\" \/>\n<script type=\"application\/ld+json\" class=\"yoast-schema-graph\">{\"@context\":\"https:\\\/\\\/schema.org\",\"@graph\":[{\"@type\":\"WebPage\",\"@id\":\"https:\\\/\\\/www.cfos-emobility.de\\\/network\\\/portfolio\\\/wallbox-im-einsatz-13\\\/\",\"url\":\"https:\\\/\\\/www.cfos-emobility.de\\\/network\\\/portfolio\\\/wallbox-im-einsatz-13\\\/\",\"name\":\"Wallbox im Einsatz - 13 - cFos eMobility Network\",\"isPartOf\":{\"@id\":\"https:\\\/\\\/www.cfos-emobility.de\\\/network\\\/#website\"},\"primaryImageOfPage\":{\"@id\":\"https:\\\/\\\/www.cfos-emobility.de\\\/network\\\/portfolio\\\/wallbox-im-einsatz-13\\\/#primaryimage\"},\"image\":{\"@id\":\"https:\\\/\\\/www.cfos-emobility.de\\\/network\\\/portfolio\\\/wallbox-im-einsatz-13\\\/#primaryimage\"},\"thumbnailUrl\":\"https:\\\/\\\/www.cfos-emobility.de\\\/network\\\/wp-content\\\/uploads\\\/2024\\\/09\\\/joergst.jpeg\",\"datePublished\":\"2024-09-13T08:57:03+00:00\",\"breadcrumb\":{\"@id\":\"https:\\\/\\\/www.cfos-emobility.de\\\/network\\\/portfolio\\\/wallbox-im-einsatz-13\\\/#breadcrumb\"},\"inLanguage\":\"de\",\"potentialAction\":[{\"@type\":\"ReadAction\",\"target\":[\"https:\\\/\\\/www.cfos-emobility.de\\\/network\\\/portfolio\\\/wallbox-im-einsatz-13\\\/\"]}]},{\"@type\":\"ImageObject\",\"inLanguage\":\"de\",\"@id\":\"https:\\\/\\\/www.cfos-emobility.de\\\/network\\\/portfolio\\\/wallbox-im-einsatz-13\\\/#primaryimage\",\"url\":\"https:\\\/\\\/www.cfos-emobility.de\\\/network\\\/wp-content\\\/uploads\\\/2024\\\/09\\\/joergst.jpeg\",\"contentUrl\":\"https:\\\/\\\/www.cfos-emobility.de\\\/network\\\/wp-content\\\/uploads\\\/2024\\\/09\\\/joergst.jpeg\",\"width\":1153,\"height\":2048,\"caption\":\"Foto: J\u00f6rg S.\"},{\"@type\":\"BreadcrumbList\",\"@id\":\"https:\\\/\\\/www.cfos-emobility.de\\\/network\\\/portfolio\\\/wallbox-im-einsatz-13\\\/#breadcrumb\",\"itemListElement\":[{\"@type\":\"ListItem\",\"position\":1,\"name\":\"Startseite\",\"item\":\"https:\\\/\\\/www.cfos-emobility.de\\\/network\\\/\"},{\"@type\":\"ListItem\",\"position\":2,\"name\":\"Portfolios\",\"item\":\"https:\\\/\\\/www.cfos-emobility.de\\\/network\\\/portfolio\\\/\"},{\"@type\":\"ListItem\",\"position\":3,\"name\":\"Wallbox im Einsatz &#8211; 13\"}]},{\"@type\":\"WebSite\",\"@id\":\"https:\\\/\\\/www.cfos-emobility.de\\\/network\\\/#website\",\"url\":\"https:\\\/\\\/www.cfos-emobility.de\\\/network\\\/\",\"name\":\"cFos eMobility Network\",\"description\":\"Das cFos Power Brain Community Portal\",\"publisher\":{\"@id\":\"https:\\\/\\\/www.cfos-emobility.de\\\/network\\\/#organization\"},\"potentialAction\":[{\"@type\":\"SearchAction\",\"target\":{\"@type\":\"EntryPoint\",\"urlTemplate\":\"https:\\\/\\\/www.cfos-emobility.de\\\/network\\\/?s={search_term_string}\"},\"query-input\":{\"@type\":\"PropertyValueSpecification\",\"valueRequired\":true,\"valueName\":\"search_term_string\"}}],\"inLanguage\":\"de\"},{\"@type\":\"Organization\",\"@id\":\"https:\\\/\\\/www.cfos-emobility.de\\\/network\\\/#organization\",\"name\":\"cFos eMobility GmbH\",\"url\":\"https:\\\/\\\/www.cfos-emobility.de\\\/network\\\/\",\"logo\":{\"@type\":\"ImageObject\",\"inLanguage\":\"de\",\"@id\":\"https:\\\/\\\/www.cfos-emobility.de\\\/network\\\/#\\\/schema\\\/logo\\\/image\\\/\",\"url\":\"https:\\\/\\\/www.cfos-emobility.de\\\/network\\\/wp-content\\\/uploads\\\/2021\\\/12\\\/cfos-emobility-logo.jpg\",\"contentUrl\":\"https:\\\/\\\/www.cfos-emobility.de\\\/network\\\/wp-content\\\/uploads\\\/2021\\\/12\\\/cfos-emobility-logo.jpg\",\"width\":221,\"height\":80,\"caption\":\"cFos eMobility GmbH\"},\"image\":{\"@id\":\"https:\\\/\\\/www.cfos-emobility.de\\\/network\\\/#\\\/schema\\\/logo\\\/image\\\/\"},\"sameAs\":[\"https:\\\/\\\/x.com\\\/cFosEmobility\"]}]}<\/script>\n<!-- \/ Yoast SEO plugin. -->","yoast_head_json":{"title":"Wallbox im Einsatz - 13 - cFos eMobility Network","robots":{"index":"index","follow":"follow","max-snippet":"max-snippet:-1","max-image-preview":"max-image-preview:large","max-video-preview":"max-video-preview:-1"},"canonical":"https:\/\/www.cfos-emobility.de\/network\/portfolio\/wallbox-im-einsatz-13\/","og_locale":"de_DE","og_type":"article","og_title":"Wallbox im Einsatz - 13 - cFos eMobility Network","og_description":"Meine Wallbox geh\u00f6rt zu der ersten Generation und wir haben f\u00fcr sie eine Holzkiste gebaut, die sie vor dem Wetter sch\u00fctzt und gleichzeitig die Technik versteckt. Damit die T\u00fcr nicht w\u00e4hrend des Ladens offen stehen muss, ist im Boden eine Aussparung f\u00fcr das Kabel. Foto: J\u00f6rg S.","og_url":"https:\/\/www.cfos-emobility.de\/network\/portfolio\/wallbox-im-einsatz-13\/","og_site_name":"cFos eMobility Network","og_image":[{"width":1153,"height":2048,"url":"https:\/\/www.cfos-emobility.de\/network\/wp-content\/uploads\/2024\/09\/joergst.jpeg","type":"image\/jpeg"}],"twitter_card":"summary_large_image","twitter_site":"@cFosEmobility","twitter_misc":{"Gesch\u00e4tzte Lesezeit":"1\u00a0Minute"},"schema":{"@context":"https:\/\/schema.org","@graph":[{"@type":"WebPage","@id":"https:\/\/www.cfos-emobility.de\/network\/portfolio\/wallbox-im-einsatz-13\/","url":"https:\/\/www.cfos-emobility.de\/network\/portfolio\/wallbox-im-einsatz-13\/","name":"Wallbox im Einsatz - 13 - cFos eMobility Network","isPartOf":{"@id":"https:\/\/www.cfos-emobility.de\/network\/#website"},"primaryImageOfPage":{"@id":"https:\/\/www.cfos-emobility.de\/network\/portfolio\/wallbox-im-einsatz-13\/#primaryimage"},"image":{"@id":"https:\/\/www.cfos-emobility.de\/network\/portfolio\/wallbox-im-einsatz-13\/#primaryimage"},"thumbnailUrl":"https:\/\/www.cfos-emobility.de\/network\/wp-content\/uploads\/2024\/09\/joergst.jpeg","datePublished":"2024-09-13T08:57:03+00:00","breadcrumb":{"@id":"https:\/\/www.cfos-emobility.de\/network\/portfolio\/wallbox-im-einsatz-13\/#breadcrumb"},"inLanguage":"de","potentialAction":[{"@type":"ReadAction","target":["https:\/\/www.cfos-emobility.de\/network\/portfolio\/wallbox-im-einsatz-13\/"]}]},{"@type":"ImageObject","inLanguage":"de","@id":"https:\/\/www.cfos-emobility.de\/network\/portfolio\/wallbox-im-einsatz-13\/#primaryimage","url":"https:\/\/www.cfos-emobility.de\/network\/wp-content\/uploads\/2024\/09\/joergst.jpeg","contentUrl":"https:\/\/www.cfos-emobility.de\/network\/wp-content\/uploads\/2024\/09\/joergst.jpeg","width":1153,"height":2048,"caption":"Foto: J\u00f6rg S."},{"@type":"BreadcrumbList","@id":"https:\/\/www.cfos-emobility.de\/network\/portfolio\/wallbox-im-einsatz-13\/#breadcrumb","itemListElement":[{"@type":"ListItem","position":1,"name":"Startseite","item":"https:\/\/www.cfos-emobility.de\/network\/"},{"@type":"ListItem","position":2,"name":"Portfolios","item":"https:\/\/www.cfos-emobility.de\/network\/portfolio\/"},{"@type":"ListItem","position":3,"name":"Wallbox im Einsatz &#8211; 13"}]},{"@type":"WebSite","@id":"https:\/\/www.cfos-emobility.de\/network\/#website","url":"https:\/\/www.cfos-emobility.de\/network\/","name":"cFos eMobility Network","description":"Das cFos Power Brain Community Portal","publisher":{"@id":"https:\/\/www.cfos-emobility.de\/network\/#organization"},"potentialAction":[{"@type":"SearchAction","target":{"@type":"EntryPoint","urlTemplate":"https:\/\/www.cfos-emobility.de\/network\/?s={search_term_string}"},"query-input":{"@type":"PropertyValueSpecification","valueRequired":true,"valueName":"search_term_string"}}],"inLanguage":"de"},{"@type":"Organization","@id":"https:\/\/www.cfos-emobility.de\/network\/#organization","name":"cFos eMobility GmbH","url":"https:\/\/www.cfos-emobility.de\/network\/","logo":{"@type":"ImageObject","inLanguage":"de","@id":"https:\/\/www.cfos-emobility.de\/network\/#\/schema\/logo\/image\/","url":"https:\/\/www.cfos-emobility.de\/network\/wp-content\/uploads\/2021\/12\/cfos-emobility-logo.jpg","contentUrl":"https:\/\/www.cfos-emobility.de\/network\/wp-content\/uploads\/2021\/12\/cfos-emobility-logo.jpg","width":221,"height":80,"caption":"cFos eMobility GmbH"},"image":{"@id":"https:\/\/www.cfos-emobility.de\/network\/#\/schema\/logo\/image\/"},"sameAs":["https:\/\/x.com\/cFosEmobility"]}]}},"_links":{"self":[{"href":"https:\/\/www.cfos-emobility.de\/network\/wp-json\/wp\/v2\/portfolio\/4034","targetHints":{"allow":["GET"]}}],"collection":[{"href":"https:\/\/www.cfos-emobility.de\/network\/wp-json\/wp\/v2\/portfolio"}],"about":[{"href":"https:\/\/www.cfos-emobility.de\/network\/wp-json\/wp\/v2\/types\/portfolio"}],"replies":[{"embeddable":true,"href":"https:\/\/www.cfos-emobility.de\/network\/wp-json\/wp\/v2\/comments?post=4034"}],"version-history":[{"count":0,"href":"https:\/\/www.cfos-emobility.de\/network\/wp-json\/wp\/v2\/portfolio\/4034\/revisions"}],"wp:featuredmedia":[{"embeddable":true,"href":"https:\/\/www.cfos-emobility.de\/network\/wp-json\/wp\/v2\/media\/4014"}],"wp:attachment":[{"href":"https:\/\/www.cfos-emobility.de\/network\/wp-json\/wp\/v2\/media?parent=4034"}],"wp:term":[{"taxonomy":"portfolio_cat","embeddable":true,"href":"https:\/\/www.cfos-emobility.de\/network\/wp-json\/wp\/v2\/portfolio_cat?post=4034"},{"taxonomy":"portfolio_skills","embeddable":true,"href":"https:\/\/www.cfos-emobility.de\/network\/wp-json\/wp\/v2\/portfolio_skills?post=4034"}],"curies":[{"name":"wp","href":"https:\/\/api.w.org\/{rel}","templated":true}]}}