{"id":3908,"date":"2024-09-04T14:01:12","date_gmt":"2024-09-04T12:01:12","guid":{"rendered":"https:\/\/www.cfos-emobility.de\/network\/?page_id=3908"},"modified":"2024-10-10T09:44:24","modified_gmt":"2024-10-10T07:44:24","slug":"geraete-konfiguration","status":"publish","type":"page","link":"https:\/\/www.cfos-emobility.de\/network\/service\/support\/geraete-konfiguration\/","title":{"rendered":"Top-Thema: Ger\u00e4te Konfiguration"},"content":{"rendered":"<div class=\"wpb-content-wrapper\"><p>[vc_row][vc_column][vc_icon icon_fontawesome=&#8220;fas fa-cogs&#8220; color=&#8220;custom&#8220; size=&#8220;xl&#8220; align=&#8220;center&#8220; css=&#8220;&#8220; custom_color=&#8220;var(&#8211;porto-tertiary-color)&#8220;][vc_column_text css=&#8220;&#8220;]<\/p>\n<h3>Konfiguration von <strong>Z\u00e4hlern<\/strong>, <strong>Wechselrichtern &#8230;<\/strong><\/h3>\n<p>und vielen anderen, vom <a href=\"https:\/\/www.cfos-emobility.de\/de\/cfos-charging-manager\/list-of-supported-devices.htm\" target=\"_blank\" rel=\"noopener\">cFos Charging Manager im Lastmanagement unterst\u00fctzten Ger\u00e4ten<\/a>, ist eines der Top-Themen der cFos User Community. Auf dieser Seite erleichtern wir den Einstieg. Erfahren Sie mehr \u00fcber die Einbindung von Ger\u00e4ten \u00fcber den cFos Charging Manager und die Ansteuerung von Ger\u00e4ten<\/p>\n<ul>\n<li><a href=\"https:\/\/www.cfos-emobility.de\/de\/cfos-charging-manager\/documentation\/wallbox-instructions.htm\" target=\"_blank\" rel=\"noopener\">Anleitungen f\u00fcr einige Wallboxen, Z\u00e4hler und Wechselrichter<\/a><\/li>\n<li><a href=\"https:\/\/www.cfos-emobility.de\/de\/cfos-charging-manager\/documentation\/connecting-multiple-wallboxes.htm\" target=\"_blank\" rel=\"noopener\">Aufbaum\u00f6glichkeiten \/ Verkabelungsm\u00f6glichkeiten von Ger\u00e4ten im Lastmanagement<\/a><\/li>\n<li><a href=\"https:\/\/www.cfos-emobility.de\/files\/modbus-verkabelung.pdf\" target=\"_blank\" rel=\"noopener\">Konfigurationsbeispiele f\u00fcr die Nutzung der cFos Power Brain Wallbox und dem cFos Charging Manager mit anderen Ger\u00e4ten<\/a><\/li>\n<li>Was ist der Unterschied zwischen Modbus RTU und Modbus TCP?<br \/>\nModbus RTU nutzt serielle Kommunikation (RS-232\/RS-485) zur Daten\u00fcbertragung, w\u00e4hrend Modbus TCP auf dem TCP\/IP-Protokoll basiert und \u00fcber Ethernet kommuniziert.<\/li>\n<li><a href=\"https:\/\/www.cfos-emobility.de\/files\/modbus-verkabelung.pdf\" target=\"_blank\" rel=\"noopener\">Anleitung zur Modbus RTU Verkabelung (PDF)<\/a><\/li>\n<\/ul>\n<p>&nbsp;<\/p>\n<h3>Fragen &amp; Antworten zu folgenden Themen:<\/h3>\n<ul>\n<li><a href=\"https:\/\/www.cfos-emobility.de\/network\/fragen-und-antworten\/?sort=views&amp;cmatag=konfiguration\" target=\"_blank\" rel=\"noopener\">Konfiguration<\/a><\/li>\n<li><a href=\"https:\/\/www.cfos-emobility.de\/network\/fragen-und-antworten\/?cmatag=zaehler\" target=\"_blank\" rel=\"noopener\">Z\u00e4hler<\/a><\/li>\n<li><a href=\"https:\/\/www.cfos-emobility.de\/network\/fragen-und-antworten\/?cmatag=modbus\" target=\"_blank\" rel=\"noopener\">Modbus<\/a><\/li>\n<\/ul>\n<p>[\/vc_column_text][vc_empty_space height=&#8220;64px&#8220;][\/vc_column][\/vc_row][vc_row][vc_column width=&#8220;1\/3&#8243;][vc_cta h2=&#8220;Fragen &amp; Antworten&#8220; txt_align=&#8220;center&#8220; shape=&#8220;square&#8220; add_icon=&#8220;top&#8220; i_icon_fontawesome=&#8220;fas fa-comments&#8220; i_color=&#8220;custom&#8220; i_size=&#8220;xl&#8220; css=&#8220;&#8220; i_link=&#8220;url:https%3A%2F%2Fwww.cfos-emobility.de%2Fnetwork%2Ffragen-und-antworten%2F&#8220; i_custom_color=&#8220;#008f5e&#8220;][\/vc_cta][\/vc_column][vc_column width=&#8220;1\/3&#8243;][vc_cta h2=&#8220;Webseiten FAQ&#8220; txt_align=&#8220;center&#8220; shape=&#8220;square&#8220; add_icon=&#8220;top&#8220; i_icon_fontawesome=&#8220;fas fa-question-circle&#8220; i_color=&#8220;custom&#8220; i_size=&#8220;xl&#8220; i_link=&#8220;url:https%3A%2F%2Fwww.cfos-emobility.de%2Fde%2Fcfos-charging-manager%2Ffrequently-asked-questions.htm|target:_blank&#8220; i_custom_color=&#8220;#008f5e&#8220;][\/vc_cta][\/vc_column][vc_column width=&#8220;1\/3&#8243;][vc_cta h2=&#8220;Support Formular&#8220; txt_align=&#8220;center&#8220; shape=&#8220;square&#8220; add_icon=&#8220;top&#8220; i_icon_fontawesome=&#8220;fas fa-life-ring&#8220; i_color=&#8220;custom&#8220; i_size=&#8220;xl&#8220; i_link=&#8220;url:https%3A%2F%2Fwww.cfos-emobility.de%2Fnetwork%2Fservice%2Fsupport-formular%2F|title:Technisches%20Support%20Formular&#8220; i_custom_color=&#8220;#008f5e&#8220;][\/vc_cta][\/vc_column][\/vc_row]<\/p>\n<\/div>","protected":false},"excerpt":{"rendered":"<p>[vc_row][vc_column][vc_icon icon_fontawesome=&#8220;fas fa-cogs&#8220; color=&#8220;custom&#8220; size=&#8220;xl&#8220; align=&#8220;center&#8220; css=&#8220;&#8220; custom_color=&#8220;var(&#8211;porto-tertiary-color)&#8220;][vc_column_text css=&#8220;&#8220;] Konfiguration von Z\u00e4hlern, Wechselrichtern &#8230; und vielen anderen, vom cFos Charging Manager im Lastmanagement unterst\u00fctzten Ger\u00e4ten, ist eines der Top-Themen der cFos User Community. Auf dieser Seite erleichtern wir den Einstieg. Erfahren Sie mehr \u00fcber die Einbindung von Ger\u00e4ten \u00fcber den cFos Charging Manager und die [&hellip;]<\/p>\n","protected":false},"author":1,"featured_media":0,"parent":635,"menu_order":0,"comment_status":"closed","ping_status":"closed","template":"","meta":{"footnotes":""},"categories":[340],"tags":[],"class_list":["post-3908","page","type-page","status-publish","hentry","category-support"],"yoast_head":"<!-- This site is optimized with the Yoast SEO plugin v27.5 - https:\/\/yoast.com\/product\/yoast-seo-wordpress\/ -->\n<title>Top-Thema: Ger\u00e4te Konfiguration - cFos eMobility Network<\/title>\n<meta name=\"robots\" content=\"index, follow, max-snippet:-1, max-image-preview:large, max-video-preview:-1\" \/>\n<link rel=\"canonical\" href=\"https:\/\/www.cfos-emobility.de\/network\/service\/support\/geraete-konfiguration\/\" \/>\n<meta property=\"og:locale\" content=\"de_DE\" \/>\n<meta property=\"og:type\" content=\"article\" \/>\n<meta property=\"og:title\" content=\"Top-Thema: Ger\u00e4te Konfiguration - cFos eMobility Network\" \/>\n<meta property=\"og:description\" content=\"[vc_row][vc_column][vc_icon icon_fontawesome=&#8220;fas fa-cogs&#8220; color=&#8220;custom&#8220; size=&#8220;xl&#8220; align=&#8220;center&#8220; css=&#8220;&#8220; custom_color=&#8220;var(&#8211;porto-tertiary-color)&#8220;][vc_column_text css=&#8220;&#8220;] Konfiguration von Z\u00e4hlern, Wechselrichtern &#8230; und vielen anderen, vom cFos Charging Manager im Lastmanagement unterst\u00fctzten Ger\u00e4ten, ist eines der Top-Themen der cFos User Community. Auf dieser Seite erleichtern wir den Einstieg. Erfahren Sie mehr \u00fcber die Einbindung von Ger\u00e4ten \u00fcber den cFos Charging Manager und die [&hellip;]\" \/>\n<meta property=\"og:url\" content=\"https:\/\/www.cfos-emobility.de\/network\/service\/support\/geraete-konfiguration\/\" \/>\n<meta property=\"og:site_name\" content=\"cFos eMobility Network\" \/>\n<meta property=\"article:modified_time\" content=\"2024-10-10T07:44:24+00:00\" \/>\n<meta name=\"twitter:card\" content=\"summary_large_image\" \/>\n<meta name=\"twitter:site\" content=\"@cFosEmobility\" \/>\n<meta name=\"twitter:label1\" content=\"Gesch\u00e4tzte Lesezeit\" \/>\n\t<meta name=\"twitter:data1\" content=\"1\u00a0Minute\" \/>\n<script type=\"application\/ld+json\" class=\"yoast-schema-graph\">{\"@context\":\"https:\\\/\\\/schema.org\",\"@graph\":[{\"@type\":\"WebPage\",\"@id\":\"https:\\\/\\\/www.cfos-emobility.de\\\/network\\\/service\\\/support\\\/geraete-konfiguration\\\/\",\"url\":\"https:\\\/\\\/www.cfos-emobility.de\\\/network\\\/service\\\/support\\\/geraete-konfiguration\\\/\",\"name\":\"Top-Thema: Ger\u00e4te Konfiguration - cFos eMobility Network\",\"isPartOf\":{\"@id\":\"https:\\\/\\\/www.cfos-emobility.de\\\/network\\\/#website\"},\"datePublished\":\"2024-09-04T12:01:12+00:00\",\"dateModified\":\"2024-10-10T07:44:24+00:00\",\"breadcrumb\":{\"@id\":\"https:\\\/\\\/www.cfos-emobility.de\\\/network\\\/service\\\/support\\\/geraete-konfiguration\\\/#breadcrumb\"},\"inLanguage\":\"de\",\"potentialAction\":[{\"@type\":\"ReadAction\",\"target\":[\"https:\\\/\\\/www.cfos-emobility.de\\\/network\\\/service\\\/support\\\/geraete-konfiguration\\\/\"]}]},{\"@type\":\"BreadcrumbList\",\"@id\":\"https:\\\/\\\/www.cfos-emobility.de\\\/network\\\/service\\\/support\\\/geraete-konfiguration\\\/#breadcrumb\",\"itemListElement\":[{\"@type\":\"ListItem\",\"position\":1,\"name\":\"Startseite\",\"item\":\"https:\\\/\\\/www.cfos-emobility.de\\\/network\\\/\"},{\"@type\":\"ListItem\",\"position\":2,\"name\":\"Service\",\"item\":\"https:\\\/\\\/www.cfos-emobility.de\\\/network\\\/service\\\/\"},{\"@type\":\"ListItem\",\"position\":3,\"name\":\"Support\",\"item\":\"https:\\\/\\\/www.cfos-emobility.de\\\/network\\\/service\\\/support\\\/\"},{\"@type\":\"ListItem\",\"position\":4,\"name\":\"Top-Thema: Ger\u00e4te Konfiguration\"}]},{\"@type\":\"WebSite\",\"@id\":\"https:\\\/\\\/www.cfos-emobility.de\\\/network\\\/#website\",\"url\":\"https:\\\/\\\/www.cfos-emobility.de\\\/network\\\/\",\"name\":\"cFos eMobility Network\",\"description\":\"Das cFos Power Brain Community Portal\",\"publisher\":{\"@id\":\"https:\\\/\\\/www.cfos-emobility.de\\\/network\\\/#organization\"},\"potentialAction\":[{\"@type\":\"SearchAction\",\"target\":{\"@type\":\"EntryPoint\",\"urlTemplate\":\"https:\\\/\\\/www.cfos-emobility.de\\\/network\\\/?s={search_term_string}\"},\"query-input\":{\"@type\":\"PropertyValueSpecification\",\"valueRequired\":true,\"valueName\":\"search_term_string\"}}],\"inLanguage\":\"de\"},{\"@type\":\"Organization\",\"@id\":\"https:\\\/\\\/www.cfos-emobility.de\\\/network\\\/#organization\",\"name\":\"cFos eMobility GmbH\",\"url\":\"https:\\\/\\\/www.cfos-emobility.de\\\/network\\\/\",\"logo\":{\"@type\":\"ImageObject\",\"inLanguage\":\"de\",\"@id\":\"https:\\\/\\\/www.cfos-emobility.de\\\/network\\\/#\\\/schema\\\/logo\\\/image\\\/\",\"url\":\"https:\\\/\\\/www.cfos-emobility.de\\\/network\\\/wp-content\\\/uploads\\\/2021\\\/12\\\/cfos-emobility-logo.jpg\",\"contentUrl\":\"https:\\\/\\\/www.cfos-emobility.de\\\/network\\\/wp-content\\\/uploads\\\/2021\\\/12\\\/cfos-emobility-logo.jpg\",\"width\":221,\"height\":80,\"caption\":\"cFos eMobility GmbH\"},\"image\":{\"@id\":\"https:\\\/\\\/www.cfos-emobility.de\\\/network\\\/#\\\/schema\\\/logo\\\/image\\\/\"},\"sameAs\":[\"https:\\\/\\\/x.com\\\/cFosEmobility\"]}]}<\/script>\n<!-- \/ Yoast SEO plugin. -->","yoast_head_json":{"title":"Top-Thema: Ger\u00e4te Konfiguration - cFos eMobility Network","robots":{"index":"index","follow":"follow","max-snippet":"max-snippet:-1","max-image-preview":"max-image-preview:large","max-video-preview":"max-video-preview:-1"},"canonical":"https:\/\/www.cfos-emobility.de\/network\/service\/support\/geraete-konfiguration\/","og_locale":"de_DE","og_type":"article","og_title":"Top-Thema: Ger\u00e4te Konfiguration - cFos eMobility Network","og_description":"[vc_row][vc_column][vc_icon icon_fontawesome=&#8220;fas fa-cogs&#8220; color=&#8220;custom&#8220; size=&#8220;xl&#8220; align=&#8220;center&#8220; css=&#8220;&#8220; custom_color=&#8220;var(&#8211;porto-tertiary-color)&#8220;][vc_column_text css=&#8220;&#8220;] Konfiguration von Z\u00e4hlern, Wechselrichtern &#8230; und vielen anderen, vom cFos Charging Manager im Lastmanagement unterst\u00fctzten Ger\u00e4ten, ist eines der Top-Themen der cFos User Community. Auf dieser Seite erleichtern wir den Einstieg. Erfahren Sie mehr \u00fcber die Einbindung von Ger\u00e4ten \u00fcber den cFos Charging Manager und die [&hellip;]","og_url":"https:\/\/www.cfos-emobility.de\/network\/service\/support\/geraete-konfiguration\/","og_site_name":"cFos eMobility Network","article_modified_time":"2024-10-10T07:44:24+00:00","twitter_card":"summary_large_image","twitter_site":"@cFosEmobility","twitter_misc":{"Gesch\u00e4tzte Lesezeit":"1\u00a0Minute"},"schema":{"@context":"https:\/\/schema.org","@graph":[{"@type":"WebPage","@id":"https:\/\/www.cfos-emobility.de\/network\/service\/support\/geraete-konfiguration\/","url":"https:\/\/www.cfos-emobility.de\/network\/service\/support\/geraete-konfiguration\/","name":"Top-Thema: Ger\u00e4te Konfiguration - cFos eMobility Network","isPartOf":{"@id":"https:\/\/www.cfos-emobility.de\/network\/#website"},"datePublished":"2024-09-04T12:01:12+00:00","dateModified":"2024-10-10T07:44:24+00:00","breadcrumb":{"@id":"https:\/\/www.cfos-emobility.de\/network\/service\/support\/geraete-konfiguration\/#breadcrumb"},"inLanguage":"de","potentialAction":[{"@type":"ReadAction","target":["https:\/\/www.cfos-emobility.de\/network\/service\/support\/geraete-konfiguration\/"]}]},{"@type":"BreadcrumbList","@id":"https:\/\/www.cfos-emobility.de\/network\/service\/support\/geraete-konfiguration\/#breadcrumb","itemListElement":[{"@type":"ListItem","position":1,"name":"Startseite","item":"https:\/\/www.cfos-emobility.de\/network\/"},{"@type":"ListItem","position":2,"name":"Service","item":"https:\/\/www.cfos-emobility.de\/network\/service\/"},{"@type":"ListItem","position":3,"name":"Support","item":"https:\/\/www.cfos-emobility.de\/network\/service\/support\/"},{"@type":"ListItem","position":4,"name":"Top-Thema: Ger\u00e4te Konfiguration"}]},{"@type":"WebSite","@id":"https:\/\/www.cfos-emobility.de\/network\/#website","url":"https:\/\/www.cfos-emobility.de\/network\/","name":"cFos eMobility Network","description":"Das cFos Power Brain Community Portal","publisher":{"@id":"https:\/\/www.cfos-emobility.de\/network\/#organization"},"potentialAction":[{"@type":"SearchAction","target":{"@type":"EntryPoint","urlTemplate":"https:\/\/www.cfos-emobility.de\/network\/?s={search_term_string}"},"query-input":{"@type":"PropertyValueSpecification","valueRequired":true,"valueName":"search_term_string"}}],"inLanguage":"de"},{"@type":"Organization","@id":"https:\/\/www.cfos-emobility.de\/network\/#organization","name":"cFos eMobility GmbH","url":"https:\/\/www.cfos-emobility.de\/network\/","logo":{"@type":"ImageObject","inLanguage":"de","@id":"https:\/\/www.cfos-emobility.de\/network\/#\/schema\/logo\/image\/","url":"https:\/\/www.cfos-emobility.de\/network\/wp-content\/uploads\/2021\/12\/cfos-emobility-logo.jpg","contentUrl":"https:\/\/www.cfos-emobility.de\/network\/wp-content\/uploads\/2021\/12\/cfos-emobility-logo.jpg","width":221,"height":80,"caption":"cFos eMobility GmbH"},"image":{"@id":"https:\/\/www.cfos-emobility.de\/network\/#\/schema\/logo\/image\/"},"sameAs":["https:\/\/x.com\/cFosEmobility"]}]}},"_links":{"self":[{"href":"https:\/\/www.cfos-emobility.de\/network\/wp-json\/wp\/v2\/pages\/3908","targetHints":{"allow":["GET"]}}],"collection":[{"href":"https:\/\/www.cfos-emobility.de\/network\/wp-json\/wp\/v2\/pages"}],"about":[{"href":"https:\/\/www.cfos-emobility.de\/network\/wp-json\/wp\/v2\/types\/page"}],"author":[{"embeddable":true,"href":"https:\/\/www.cfos-emobility.de\/network\/wp-json\/wp\/v2\/users\/1"}],"replies":[{"embeddable":true,"href":"https:\/\/www.cfos-emobility.de\/network\/wp-json\/wp\/v2\/comments?post=3908"}],"version-history":[{"count":0,"href":"https:\/\/www.cfos-emobility.de\/network\/wp-json\/wp\/v2\/pages\/3908\/revisions"}],"up":[{"embeddable":true,"href":"https:\/\/www.cfos-emobility.de\/network\/wp-json\/wp\/v2\/pages\/635"}],"wp:attachment":[{"href":"https:\/\/www.cfos-emobility.de\/network\/wp-json\/wp\/v2\/media?parent=3908"}],"wp:term":[{"taxonomy":"category","embeddable":true,"href":"https:\/\/www.cfos-emobility.de\/network\/wp-json\/wp\/v2\/categories?post=3908"},{"taxonomy":"post_tag","embeddable":true,"href":"https:\/\/www.cfos-emobility.de\/network\/wp-json\/wp\/v2\/tags?post=3908"}],"curies":[{"name":"wp","href":"https:\/\/api.w.org\/{rel}","templated":true}]}}