{"id":19,"date":"2021-12-06T16:40:20","date_gmt":"2021-12-06T15:40:20","guid":{"rendered":"https:\/\/www.cfos-emobility.de\/network\/answers-ajax-example-page\/"},"modified":"2026-03-12T14:44:06","modified_gmt":"2026-03-12T13:44:06","slug":"fragen-und-antworten","status":"publish","type":"page","link":"https:\/\/www.cfos-emobility.de\/network\/fragen-und-antworten\/","title":{"rendered":"Fragen und Antworten"},"content":{"rendered":"<div class=\"wpb-content-wrapper\"><p>[vc_row disable_element=&#8220;yes&#8220; conditional_render=&#8220;%5B%7B%22value_role%22%3A%22administrator%22%7D%5D&#8220; css_params=&#8220;&#8220;][vc_column][vc_icon icon_fontawesome=&#8220;fas fa-exclamation-circle&#8220; color=&#8220;orange&#8220; size=&#8220;xl&#8220; align=&#8220;center&#8220; css=&#8220;&#8220; css_params=&#8220;&#8220;][vc_column_text css=&#8220;&#8220; el_class=&#8220;hint&#8220; css_params=&#8220;&#8220;]<\/p>\n<p style=\"text-align: center;\">Zur Zeit funktioniert die Detailansicht einer Frage auf dieser Seite leider nicht.<br \/>\nWas aber geht:<br \/>\n<strong>1. Rechts-Klick auf die Frage<\/strong><br \/>\n<strong>2. In neuem Browser-Tab oder Fenster-Tab \u00f6ffnen<\/strong><\/p>\n<p style=\"text-align: center;\">Wir arbeiten daran das Problem zu beheben!<\/p>\n<p>[\/vc_column_text][\/vc_column][\/vc_row][vc_row][vc_column][vc_column_text]<div class=\"cma-widget-ajax\" data-widget-cache-id=\"b53554cf33ff3f6be9b39fb95e839a54\" data-scrollaftersearch=\"1\" style=\"min-width: 800px\">\r\n\r\n<div class=\"cma-questions-widget cma-main-query\"\r\n     data-ajax=\"cma-ajax-active\"\r\n     data-permalink=\"https:\/\/www.cfos-emobility.de\/network\/antworten\/?maxNumPages=47&amp;widgetCacheId=b53554cf33ff3f6be9b39fb95e839a54\"\r\n     data-backlink=\"aHR0cHM6Ly93d3cuY2Zvcy1lbW9iaWxpdHkuZGUvbmV0d29yay9hbnR3b3J0ZW4vP21heE51bVBhZ2VzPTQ3JndpZGdldENhY2hlSWQ9YjUzNTU0Y2YzM2ZmM2Y2YmU5YjM5ZmI5NWU4MzlhNTQ=\"\r\n     id=\"cma-questions-widget-1\"\r\n     style=\"min-width: 800px\">\r\n\r\n\r\n<!--googleoff: snippet-->\r\n<form class=\"cma-filter\" method=\"GET\" action=\"https:\/\/www.cfos-emobility.de\/network\/antworten\/\" title=\"Choose the filter options and click the submit button\">\r\n<div class=\"cma-nav-bar\">\r\n<div class=\"cma-nav-bar-grid cma-clearfix\">\r\n\r\n\t\r\n\t<div class=\"cma-nav-item cma-nav-question-type\">\r\n                <select name=\"question_type\" data-url=\"https:\/\/www.cfos-emobility.de\/network\/antworten\/\">\r\n            <option value=\"all\" selected=\"selected\">Alle Fragen<\/option>\r\n            <option value=\"ans\" >Beantwortete Frage<\/option>\r\n            <option value=\"unans\" >Unbeantwortete Fragen<\/option>\r\n        <\/select>\r\n\t<\/div>\r\n\t\r\n\t<div class=\"cma-nav-item cma-filter-category\"><\/div>\r\n\r\n    \r\n\t<div class=\"cma-nav-item cma-thread-search\">\r\n\t\t<input type=\"text\" name=\"search\" placeholder=\"Suche Fragen &amp; Tags\" value=\"\" isp_ignore=\"true\" \/>\r\n\t\t<button type=\"submit\">&gt;<\/button>\r\n\t<\/div>\r\n\t<\/div>\r\n<\/div>\r\n<\/form>\r\n<!--googleon: snippet-->\r\n\r\n<div class=\"cma-questions-container cma-container \" data-pagination='{&quot;maxNumPages&quot;:47,&quot;paged&quot;:0}'>\r\n\r\n\t\t\r\n\t\t\r\n\t\t\r\n\t<ul class=\"cma-thread-orderby\">\r\n\t\t\t\t\t<li class=\"cma-thread-sort-newest cma-current-sort\"><a href=\"https:\/\/www.cfos-emobility.de\/network\/antworten\/?maxNumPages=47&amp;widgetCacheId=b53554cf33ff3f6be9b39fb95e839a54&amp;sort=newest\">Newest<\/a><\/li>\t\t\t\t\t<li class=\"cma-thread-sort-hottest\"><a href=\"https:\/\/www.cfos-emobility.de\/network\/antworten\/?maxNumPages=47&amp;widgetCacheId=b53554cf33ff3f6be9b39fb95e839a54&amp;sort=hottest\">Hottest<\/a><\/li>\t\t\t\t\t<li class=\"cma-thread-sort-votes\"><a href=\"https:\/\/www.cfos-emobility.de\/network\/antworten\/?maxNumPages=47&amp;widgetCacheId=b53554cf33ff3f6be9b39fb95e839a54&amp;sort=votes\">Most votes<\/a><\/li>\t\t\t\t\t<li class=\"cma-thread-sort-views\"><a href=\"https:\/\/www.cfos-emobility.de\/network\/antworten\/?maxNumPages=47&amp;widgetCacheId=b53554cf33ff3f6be9b39fb95e839a54&amp;sort=views\">Most views<\/a><\/li>\t\t\t    \t<\/ul>\r\n\r\n        \t\t\t\r\n\t\t\t\t\t<div class=\"cma-thread-list display-resolved-prefix display-icons\">\r\n\t\t\t\t<div class=\"cma-thread-list-header\">\r\n\t\t\t\t\t\t\t\t\t\t\t\t\t\t\t\t\t\t\t\t\t\t\t<div>Votes<\/div>\r\n\t\t\t\t\t\t\t\t\t\t\t\r\n\t\t\t\t\t\t\t\t\t\t\t\t\t\t\t\t\t<div>Antworten<\/div>\r\n\t\t\t\t\t\t\t\t\t\t\t\t\t\t\t\t\r\n\t\t\t\t\t\t\t\t\t\t\t\t\t\t\t\t\t<div>Views<\/div>\r\n\t\t\t\t\t\t\t\t\t\t\t\r\n\t\t\t\t\t\t\t\t\t\t\t\t\t\t\t\r\n\t\t\t\t\t\t<div>Fragen<\/div>\r\n\t\t\t\t\t\t\r\n\t\t\t\t<\/div>\r\n\r\n\t\t\t\t<div class=\"cma-thread-list-body\">\r\n\t\t\t\t\t<div class=\"cma-thread-snippet  answered \" data-question-id=\"7373\">\r\n    \r\n            <div class=\"cma-thread-meta\">\r\n            <div class=\"cma-thread-meta-div\">\r\n                                    <div class=\"cma-thread-numbers cma-thread-votes\">\r\n                        <div class=\"cma-thread-numbers-count cma-thread-votes-count \">0<\/div>\r\n                        <div class=\"cma-thread-numbers-caption cma-thread-votes-caption\">votes<\/div>\r\n                    <\/div>\r\n                \r\n                                    <div class=\"cma-thread-numbers cma-thread-answers \">\r\n                        <div class=\"cma-thread-numbers-count cma-thread-answers-count\">1<\/div>\r\n                        <div class=\"cma-thread-numbers-caption cma-thread-answers-caption\">antwort<\/div>\r\n                    <\/div>\r\n                \r\n                                    <div class=\"cma-thread-numbers cma-thread-views\">\r\n                        <div class=\"cma-thread-numbers-count cma-thread-views-count\">18<\/div>\r\n                        <div class=\"cma-thread-numbers-caption cma-thread-views-caption\">views<\/div>\r\n                    <\/div>\r\n                \r\n                \r\n                \r\n                \r\n            <\/div>\r\n        <\/div>\r\n    \r\n    \r\n    \r\n        \r\n        <div class=\"cma-thread-title\">\r\n                        <a href=\"https:\/\/www.cfos-emobility.de\/network\/antworten\/wallbox-schaelt-mehrmal-an-und-aus-phasenwechsel-von-3-auf-1-klappt-nicht\/\" bhref=\"\/\/www.cfos-emobility.de\/network\/wp-json\/wp\/v2\/pages\/19\" title=\"Hallo Zusammen,\nauch meine Anfrage an Support wurde stumpf an die Community weitergeschoben - &quot;...Sp...\">Wallbox sch\u00e4lt mehrmal an und aus, Phasenwechsel von 3 auf 1 klappt nicht<\/a>\r\n        <\/div>\r\n    \r\n    \r\n    \r\n        <div class=\"cma-thread-summary-right\">\r\n                            <div class=\"cma-thread-posted\">\r\n                     2 days ago gefragt von <a href=\"https:\/\/www.cfos-emobility.de\/network\/contributor\/lango269\/\" class=\"cma-user-profile-link\" target=\"_blank\">Lango269<\/a>                                    <\/div>\r\n            \r\n            \r\n                            <div class=\"cma-thread-updated\">\r\n                                            updated 7 hours ago by <a href=\"https:\/\/www.cfos-emobility.de\/network\/contributor\/lango269\/\" class=\"cma-user-profile-link\" target=\"_blank\">Lango269<\/a>                                    <\/div>\r\n            \r\n            \r\n            \r\n            \r\n            \r\n        <\/div>\r\n\r\n    \r\n    <div class=\"cma-thread-tags\">Tags: <ul class=\"cma-tags-list\"><li><a href=\"https:\/\/www.cfos-emobility.de\/network\/wp-json\/wp\/v2\/pages\/19?cmatag=phasenumschaltung\">Phasenumschaltung<\/a><\/li><li><a href=\"https:\/\/www.cfos-emobility.de\/network\/wp-json\/wp\/v2\/pages\/19?cmatag=pv-ueberschuss\">PV \u00dcberschuss<\/a><\/li><\/ul><\/div>\r\n    \r\n            \r\n        <div class=\"cma-thread-recent-answer\">\r\n                        <div class=\"cma-thread-answer-author-img\">\r\n                            <\/div>\r\n            <div class=\"cma-thread-answer-info\">\r\n                <a href=\"https:\/\/www.cfos-emobility.de\/network\/contributor\/lango269\/\" class=\"cma-user-profile-link\" target=\"_blank\">Lango269<\/a>                <span class=\"cma-thread-date\">28. April 2026 21:15<\/span>\r\n            <\/div>\r\n            <div class=\"cma-thread-answer-content\">\r\n                Mir ist nun auch aufgefallen das das hin und herschalten immer im Zeitabstand von 2min 13s passiert. Das ganze ist aber nur in den Benachrichtigungen zu sehen und nicht im eigentlichen Ladeverlauf. Habe etwas den Eindruck das die Benachrichtigungen willk\u00fcrlich ausgegeben werden (Bug???)            <\/div>\r\n        <\/div>\r\n    \r\n    \r\n    \r\n<\/div><div class=\"cma-thread-snippet  unanswered \" data-question-id=\"7368\">\r\n    \r\n            <div class=\"cma-thread-meta\">\r\n            <div class=\"cma-thread-meta-div\">\r\n                                    <div class=\"cma-thread-numbers cma-thread-votes\">\r\n                        <div class=\"cma-thread-numbers-count cma-thread-votes-count \">0<\/div>\r\n                        <div class=\"cma-thread-numbers-caption cma-thread-votes-caption\">votes<\/div>\r\n                    <\/div>\r\n                \r\n                                    <div class=\"cma-thread-numbers cma-thread-answers  cma-thread-no-answers\">\r\n                        <div class=\"cma-thread-numbers-count cma-thread-answers-count\">0<\/div>\r\n                        <div class=\"cma-thread-numbers-caption cma-thread-answers-caption\">antworten<\/div>\r\n                    <\/div>\r\n                \r\n                                    <div class=\"cma-thread-numbers cma-thread-views\">\r\n                        <div class=\"cma-thread-numbers-count cma-thread-views-count\">16<\/div>\r\n                        <div class=\"cma-thread-numbers-caption cma-thread-views-caption\">views<\/div>\r\n                    <\/div>\r\n                \r\n                \r\n                \r\n                \r\n            <\/div>\r\n        <\/div>\r\n    \r\n    \r\n    \r\n        \r\n        <div class=\"cma-thread-title\">\r\n                        <a href=\"https:\/\/www.cfos-emobility.de\/network\/antworten\/v2h-bidirektionales-laden-stand\/\" bhref=\"\/\/www.cfos-emobility.de\/network\/wp-json\/wp\/v2\/pages\/19\" title=\"Hallo zusammen bzw. cfos Team,\nV2H Bidirektionales Laden bieten ja immer mehr Fahrzeuge an. VW ID un...\">V2H Bidirektionales Laden Stand<\/a>\r\n        <\/div>\r\n    \r\n            <div class=\"cma-thread-unanswered\">\r\n            <span>Antworten Sie zuerst!<\/span>\r\n        <\/div>\r\n    \r\n    \r\n        <div class=\"cma-thread-summary-right\">\r\n                            <div class=\"cma-thread-posted\">\r\n                     3 days ago gefragt von <a href=\"https:\/\/www.cfos-emobility.de\/network\/contributor\/kiaev6\/\" class=\"cma-user-profile-link\" target=\"_blank\">KIAEV6<\/a>                                    <\/div>\r\n            \r\n            \r\n            \r\n            \r\n            \r\n            \r\n            \r\n        <\/div>\r\n\r\n    \r\n    <div class=\"cma-thread-tags\"><\/div>\r\n    \r\n    \r\n    \r\n    \r\n<\/div><div class=\"cma-thread-snippet  answered resolved\" data-question-id=\"7366\">\r\n    \r\n            <div class=\"cma-thread-meta\">\r\n            <div class=\"cma-thread-meta-div\">\r\n                                    <div class=\"cma-thread-numbers cma-thread-votes\">\r\n                        <div class=\"cma-thread-numbers-count cma-thread-votes-count \">0<\/div>\r\n                        <div class=\"cma-thread-numbers-caption cma-thread-votes-caption\">votes<\/div>\r\n                    <\/div>\r\n                \r\n                                    <div class=\"cma-thread-numbers cma-thread-answers \">\r\n                        <div class=\"cma-thread-numbers-count cma-thread-answers-count\">2<\/div>\r\n                        <div class=\"cma-thread-numbers-caption cma-thread-answers-caption\">antworten<\/div>\r\n                    <\/div>\r\n                \r\n                                    <div class=\"cma-thread-numbers cma-thread-views\">\r\n                        <div class=\"cma-thread-numbers-count cma-thread-views-count\">14<\/div>\r\n                        <div class=\"cma-thread-numbers-caption cma-thread-views-caption\">views<\/div>\r\n                    <\/div>\r\n                \r\n                \r\n                \r\n                \r\n            <\/div>\r\n        <\/div>\r\n    \r\n    \r\n    \r\n        \r\n        <div class=\"cma-thread-title\">\r\n                        <a href=\"https:\/\/www.cfos-emobility.de\/network\/antworten\/ladegruppen-geraet-evse-group-nicht-auffindbar\/\" bhref=\"\/\/www.cfos-emobility.de\/network\/wp-json\/wp\/v2\/pages\/19\" title=\"Hallo,\nwir haben unseren Firmenladepark mit 4 cFos Power Brain Wallboxen ausger\u00fcstet. Aufgrund der S...\"><span class=\"resolved\">[RESOLVED] <\/span>Ladegruppen - Ger\u00e4t &quot;EVSE Group&quot; nicht auffindbar<\/a>\r\n        <\/div>\r\n    \r\n    \r\n    \r\n        <div class=\"cma-thread-summary-right\">\r\n                            <div class=\"cma-thread-posted\">\r\n                     3 days ago gefragt von <a href=\"https:\/\/www.cfos-emobility.de\/network\/contributor\/martin\/\" class=\"cma-user-profile-link\" target=\"_blank\">Martin<\/a>                                    <\/div>\r\n            \r\n            \r\n                            <div class=\"cma-thread-updated\">\r\n                                            updated 3 days ago by <a href=\"https:\/\/www.cfos-emobility.de\/network\/contributor\/martin\/\" class=\"cma-user-profile-link\" target=\"_blank\">Martin<\/a>                                    <\/div>\r\n            \r\n            \r\n            \r\n            \r\n            \r\n        <\/div>\r\n\r\n    \r\n    <div class=\"cma-thread-tags\"><\/div>\r\n    \r\n            \r\n        <div class=\"cma-thread-recent-answer\">\r\n                        <div class=\"cma-thread-answer-author-img\">\r\n                            <\/div>\r\n            <div class=\"cma-thread-answer-info\">\r\n                <a href=\"https:\/\/www.cfos-emobility.de\/network\/contributor\/martin\/\" class=\"cma-user-profile-link\" target=\"_blank\">Martin<\/a>                <span class=\"cma-thread-date\">25. April 2026 15:07<\/span>\r\n            <\/div>\r\n            <div class=\"cma-thread-answer-content\">\r\n                Dort hatte ich nicht gesucht. Vielen Dank.            <\/div>\r\n        <\/div>\r\n    \r\n    \r\n    \r\n<\/div><div class=\"cma-thread-snippet  answered \" data-question-id=\"7363\">\r\n    \r\n            <div class=\"cma-thread-meta\">\r\n            <div class=\"cma-thread-meta-div\">\r\n                                    <div class=\"cma-thread-numbers cma-thread-votes\">\r\n                        <div class=\"cma-thread-numbers-count cma-thread-votes-count \">0<\/div>\r\n                        <div class=\"cma-thread-numbers-caption cma-thread-votes-caption\">votes<\/div>\r\n                    <\/div>\r\n                \r\n                                    <div class=\"cma-thread-numbers cma-thread-answers \">\r\n                        <div class=\"cma-thread-numbers-count cma-thread-answers-count\">1<\/div>\r\n                        <div class=\"cma-thread-numbers-caption cma-thread-answers-caption\">antwort<\/div>\r\n                    <\/div>\r\n                \r\n                                    <div class=\"cma-thread-numbers cma-thread-views\">\r\n                        <div class=\"cma-thread-numbers-count cma-thread-views-count\">23<\/div>\r\n                        <div class=\"cma-thread-numbers-caption cma-thread-views-caption\">views<\/div>\r\n                    <\/div>\r\n                \r\n                \r\n                \r\n                \r\n            <\/div>\r\n        <\/div>\r\n    \r\n    \r\n    \r\n        \r\n        <div class=\"cma-thread-title\">\r\n                        <a href=\"https:\/\/www.cfos-emobility.de\/network\/antworten\/einfach-immer-mit-16-a-laden\/\" bhref=\"\/\/www.cfos-emobility.de\/network\/wp-json\/wp\/v2\/pages\/19\" title=\"Die letzten Monate waren nicht leicht: Die Box hat spontan Ladevorg\u00e4nge beendet, so dass ich bis zu ...\">Einfach immer mit 16 A laden<\/a>\r\n        <\/div>\r\n    \r\n    \r\n    \r\n        <div class=\"cma-thread-summary-right\">\r\n                            <div class=\"cma-thread-posted\">\r\n                     6 days ago gefragt von <a href=\"https:\/\/www.cfos-emobility.de\/network\/contributor\/tomtom\/\" class=\"cma-user-profile-link\" target=\"_blank\">tomtom<\/a>                                    <\/div>\r\n            \r\n            \r\n                            <div class=\"cma-thread-updated\">\r\n                                            updated 6 days ago by <a href=\"https:\/\/www.cfos-emobility.de\/network\/contributor\/geotec\/\" class=\"cma-user-profile-link\" target=\"_blank\">Geotec<\/a>                                    <\/div>\r\n            \r\n            \r\n            \r\n            \r\n            \r\n        <\/div>\r\n\r\n    \r\n    <div class=\"cma-thread-tags\"><\/div>\r\n    \r\n            \r\n        <div class=\"cma-thread-recent-answer\">\r\n                        <div class=\"cma-thread-answer-author-img\">\r\n                            <\/div>\r\n            <div class=\"cma-thread-answer-info\">\r\n                <a href=\"https:\/\/www.cfos-emobility.de\/network\/contributor\/geotec\/\" class=\"cma-user-profile-link\" target=\"_blank\">Geotec<\/a>                <span class=\"cma-thread-date\">22. April 2026 23:04<\/span>\r\n            <\/div>\r\n            <div class=\"cma-thread-answer-content\">\r\n                Du musst im Lastmanagement -setup den echten Wert des Max. Gesamtstroms einstellen. https:\/\/www.cfos-emobility.de\/network\/antworten\/kein-laden-moeglich-bei-reinem-ueberschuss\/            <\/div>\r\n        <\/div>\r\n    \r\n    \r\n    \r\n<\/div><div class=\"cma-thread-snippet  answered \" data-question-id=\"7362\">\r\n    \r\n            <div class=\"cma-thread-meta\">\r\n            <div class=\"cma-thread-meta-div\">\r\n                                    <div class=\"cma-thread-numbers cma-thread-votes\">\r\n                        <div class=\"cma-thread-numbers-count cma-thread-votes-count \">0<\/div>\r\n                        <div class=\"cma-thread-numbers-caption cma-thread-votes-caption\">votes<\/div>\r\n                    <\/div>\r\n                \r\n                                    <div class=\"cma-thread-numbers cma-thread-answers \">\r\n                        <div class=\"cma-thread-numbers-count cma-thread-answers-count\">3<\/div>\r\n                        <div class=\"cma-thread-numbers-caption cma-thread-answers-caption\">antworten<\/div>\r\n                    <\/div>\r\n                \r\n                                    <div class=\"cma-thread-numbers cma-thread-views\">\r\n                        <div class=\"cma-thread-numbers-count cma-thread-views-count\">39<\/div>\r\n                        <div class=\"cma-thread-numbers-caption cma-thread-views-caption\">views<\/div>\r\n                    <\/div>\r\n                \r\n                \r\n                \r\n                \r\n            <\/div>\r\n        <\/div>\r\n    \r\n    \r\n    \r\n        \r\n        <div class=\"cma-thread-title\">\r\n                        <a href=\"https:\/\/www.cfos-emobility.de\/network\/antworten\/einstellen-des-max-ladestroms\/\" bhref=\"\/\/www.cfos-emobility.de\/network\/wp-json\/wp\/v2\/pages\/19\" title=\"Den Ladestrom zu begrenzen ist ja generell in den Einstellungen der Wallbox m\u00f6glich. Allerdings wird...\">Einstellen des max. Ladestroms<\/a>\r\n        <\/div>\r\n    \r\n    \r\n    \r\n        <div class=\"cma-thread-summary-right\">\r\n                            <div class=\"cma-thread-posted\">\r\n                     6 days ago gefragt von <a href=\"https:\/\/www.cfos-emobility.de\/network\/contributor\/divo\/\" class=\"cma-user-profile-link\" target=\"_blank\">Divo<\/a>                                    <\/div>\r\n            \r\n            \r\n                            <div class=\"cma-thread-updated\">\r\n                                            updated 6 days ago by <a href=\"https:\/\/www.cfos-emobility.de\/network\/contributor\/geotec\/\" class=\"cma-user-profile-link\" target=\"_blank\">Geotec<\/a>                                    <\/div>\r\n            \r\n            \r\n            \r\n            \r\n            \r\n        <\/div>\r\n\r\n    \r\n    <div class=\"cma-thread-tags\"><\/div>\r\n    \r\n            \r\n        <div class=\"cma-thread-recent-answer\">\r\n                        <div class=\"cma-thread-answer-author-img\">\r\n                            <\/div>\r\n            <div class=\"cma-thread-answer-info\">\r\n                <a href=\"https:\/\/www.cfos-emobility.de\/network\/contributor\/geotec\/\" class=\"cma-user-profile-link\" target=\"_blank\">Geotec<\/a>                <span class=\"cma-thread-date\">22. April 2026 23:27<\/span>\r\n            <\/div>\r\n            <div class=\"cma-thread-answer-content\">\r\n                Der einzustellende Wert ist je Phase!            <\/div>\r\n        <\/div>\r\n    \r\n    \r\n    \r\n<\/div><div class=\"cma-thread-snippet  unanswered \" data-question-id=\"7361\">\r\n    \r\n            <div class=\"cma-thread-meta\">\r\n            <div class=\"cma-thread-meta-div\">\r\n                                    <div class=\"cma-thread-numbers cma-thread-votes\">\r\n                        <div class=\"cma-thread-numbers-count cma-thread-votes-count \">0<\/div>\r\n                        <div class=\"cma-thread-numbers-caption cma-thread-votes-caption\">votes<\/div>\r\n                    <\/div>\r\n                \r\n                                    <div class=\"cma-thread-numbers cma-thread-answers  cma-thread-no-answers\">\r\n                        <div class=\"cma-thread-numbers-count cma-thread-answers-count\">0<\/div>\r\n                        <div class=\"cma-thread-numbers-caption cma-thread-answers-caption\">antworten<\/div>\r\n                    <\/div>\r\n                \r\n                                    <div class=\"cma-thread-numbers cma-thread-views\">\r\n                        <div class=\"cma-thread-numbers-count cma-thread-views-count\">22<\/div>\r\n                        <div class=\"cma-thread-numbers-caption cma-thread-views-caption\">views<\/div>\r\n                    <\/div>\r\n                \r\n                \r\n                \r\n                \r\n            <\/div>\r\n        <\/div>\r\n    \r\n    \r\n    \r\n        \r\n        <div class=\"cma-thread-title\">\r\n                        <a href=\"https:\/\/www.cfos-emobility.de\/network\/antworten\/kennt-jemand-die-ursache-fuer-die-meldung-in-meinem-screenshot\/\" bhref=\"\/\/www.cfos-emobility.de\/network\/wp-json\/wp\/v2\/pages\/19\" title=\"Ich bekomme immer wieder mal die Meldung gem. Screenshot im Anhang. Es passiert in unregelm\u00e4\u00dfigen Ab...\">Kennt jemand die Ursache f\u00fcr die Meldung in meinem Screenshot?<\/a>\r\n        <\/div>\r\n    \r\n            <div class=\"cma-thread-unanswered\">\r\n            <span>Antworten Sie zuerst!<\/span>\r\n        <\/div>\r\n    \r\n    \r\n        <div class=\"cma-thread-summary-right\">\r\n                            <div class=\"cma-thread-posted\">\r\n                     1 week ago gefragt von <a href=\"https:\/\/www.cfos-emobility.de\/network\/contributor\/baertiger\/\" class=\"cma-user-profile-link\" target=\"_blank\">baertiger<\/a>                    <span class=\"cma-badge\" style=\"background-color:#51af8e; \">Top Networker<\/span>                <\/div>\r\n            \r\n            \r\n            \r\n            \r\n            \r\n            \r\n            \r\n        <\/div>\r\n\r\n    \r\n    <div class=\"cma-thread-tags\">Tags: <ul class=\"cma-tags-list\"><li><a href=\"https:\/\/www.cfos-emobility.de\/network\/wp-json\/wp\/v2\/pages\/19?cmatag=json-error\">JSON error<\/a><\/li><li><a href=\"https:\/\/www.cfos-emobility.de\/network\/wp-json\/wp\/v2\/pages\/19?cmatag=json-parse-unexpected-end\">JSON.parse: unexpected end<\/a><\/li><\/ul><\/div>\r\n    \r\n    \r\n    \r\n    \r\n<\/div><div class=\"cma-thread-snippet  answered resolved\" data-question-id=\"7359\">\r\n    \r\n            <div class=\"cma-thread-meta\">\r\n            <div class=\"cma-thread-meta-div\">\r\n                                    <div class=\"cma-thread-numbers cma-thread-votes\">\r\n                        <div class=\"cma-thread-numbers-count cma-thread-votes-count \">1<\/div>\r\n                        <div class=\"cma-thread-numbers-caption cma-thread-votes-caption\">vote<\/div>\r\n                    <\/div>\r\n                \r\n                                    <div class=\"cma-thread-numbers cma-thread-answers \">\r\n                        <div class=\"cma-thread-numbers-count cma-thread-answers-count\">6<\/div>\r\n                        <div class=\"cma-thread-numbers-caption cma-thread-answers-caption\">antworten<\/div>\r\n                    <\/div>\r\n                \r\n                                    <div class=\"cma-thread-numbers cma-thread-views\">\r\n                        <div class=\"cma-thread-numbers-count cma-thread-views-count\">56<\/div>\r\n                        <div class=\"cma-thread-numbers-caption cma-thread-views-caption\">views<\/div>\r\n                    <\/div>\r\n                \r\n                \r\n                \r\n                \r\n            <\/div>\r\n        <\/div>\r\n    \r\n    \r\n    \r\n        \r\n        <div class=\"cma-thread-title\">\r\n                        <a href=\"https:\/\/www.cfos-emobility.de\/network\/antworten\/22kw-wallboxen-seit-ostern-nicht-lieferbar-ab-wann-wieder-verfuegbar\/\" bhref=\"\/\/www.cfos-emobility.de\/network\/wp-json\/wp\/v2\/pages\/19\" title=\"Hallo Gr\u00fc\u00dfe Sie,\ndie 22kW Wallboxen sind seit Ostern nicht mehr bestellbar. Ab wann sind die wieder ...\"><span class=\"resolved\">[RESOLVED] <\/span>22kW Wallboxen seit Ostern nicht lieferbar. Ab wann wieder verf\u00fcgbar?<\/a>\r\n        <\/div>\r\n    \r\n    \r\n    \r\n        <div class=\"cma-thread-summary-right\">\r\n                            <div class=\"cma-thread-posted\">\r\n                     1 week ago gefragt von <a href=\"https:\/\/www.cfos-emobility.de\/network\/contributor\/nero\/\" class=\"cma-user-profile-link\" target=\"_blank\">Nero<\/a>                                    <\/div>\r\n            \r\n            \r\n                            <div class=\"cma-thread-updated\">\r\n                                            updated 6 days ago by <a href=\"https:\/\/www.cfos-emobility.de\/network\/contributor\/tooobiii\/\" class=\"cma-user-profile-link\" target=\"_blank\">tooobiii<\/a>                                    <\/div>\r\n            \r\n            \r\n            \r\n            \r\n            \r\n        <\/div>\r\n\r\n    \r\n    <div class=\"cma-thread-tags\">Tags: <ul class=\"cma-tags-list\"><li><a href=\"https:\/\/www.cfos-emobility.de\/network\/wp-json\/wp\/v2\/pages\/19?cmatag=shop-wallbox\">Shop Wallbox<\/a><\/li><\/ul><\/div>\r\n    \r\n            \r\n        <div class=\"cma-thread-recent-answer\">\r\n                        <div class=\"cma-thread-answer-author-img\">\r\n                            <\/div>\r\n            <div class=\"cma-thread-answer-info\">\r\n                <a href=\"https:\/\/www.cfos-emobility.de\/network\/contributor\/tooobiii\/\" class=\"cma-user-profile-link\" target=\"_blank\">tooobiii<\/a>                <span class=\"cma-thread-date\">22. April 2026 20:05<\/span>\r\n            <\/div>\r\n            <div class=\"cma-thread-answer-content\">\r\n                \"Auf einer Phase bis 7,4 kW? - Geht das wirklich? Mit welchem Fahrzeug?\" --&gt; Ja das geht wirklich, zum Beispiel bei den ganzen BYD Hybrid Fahrzeugen. Und ja ich habe das selbst schon gesehen mit 7,2 kW (obwohl nur 6,6 kW in der Fahrzeugbeschreibung steht). Eine 22kW Ladestation w\u00e4re hier wirklich top...wenn es sie noch <a href=\"https:\/\/www.cfos-emobility.de\/network\/antworten\/22kw-wallboxen-seit-ostern-nicht-lieferbar-ab-wann-wieder-verfuegbar\/#answer-5585\">...mehr lesen<\/a>            <\/div>\r\n        <\/div>\r\n    \r\n    \r\n    \r\n<\/div><div class=\"cma-thread-snippet  answered resolved\" data-question-id=\"7358\">\r\n    \r\n            <div class=\"cma-thread-meta\">\r\n            <div class=\"cma-thread-meta-div\">\r\n                                    <div class=\"cma-thread-numbers cma-thread-votes\">\r\n                        <div class=\"cma-thread-numbers-count cma-thread-votes-count \">0<\/div>\r\n                        <div class=\"cma-thread-numbers-caption cma-thread-votes-caption\">votes<\/div>\r\n                    <\/div>\r\n                \r\n                                    <div class=\"cma-thread-numbers cma-thread-answers \">\r\n                        <div class=\"cma-thread-numbers-count cma-thread-answers-count\">4<\/div>\r\n                        <div class=\"cma-thread-numbers-caption cma-thread-answers-caption\">antworten<\/div>\r\n                    <\/div>\r\n                \r\n                                    <div class=\"cma-thread-numbers cma-thread-views\">\r\n                        <div class=\"cma-thread-numbers-count cma-thread-views-count\">32<\/div>\r\n                        <div class=\"cma-thread-numbers-caption cma-thread-views-caption\">views<\/div>\r\n                    <\/div>\r\n                \r\n                \r\n                \r\n                \r\n            <\/div>\r\n        <\/div>\r\n    \r\n    \r\n    \r\n        \r\n        <div class=\"cma-thread-title\">\r\n                        <a href=\"https:\/\/www.cfos-emobility.de\/network\/antworten\/lsw-3-logger-sofar-wechselrichter-einbinden-konfiguration\/\" bhref=\"\/\/www.cfos-emobility.de\/network\/wp-json\/wp\/v2\/pages\/19\" title=\"Hallo zusammen,\nich verzweifle leider daran meinen Logger LSW 3 an einem Sofar Wechselrichter 17KTLX...\"><span class=\"resolved\">[RESOLVED] <\/span>LSW 3 Logger \/ Sofar Wechselrichter einbinden Konfiguration?<\/a>\r\n        <\/div>\r\n    \r\n    \r\n    \r\n        <div class=\"cma-thread-summary-right\">\r\n                            <div class=\"cma-thread-posted\">\r\n                     1 week ago gefragt von <a href=\"https:\/\/www.cfos-emobility.de\/network\/contributor\/borisk\/\" class=\"cma-user-profile-link\" target=\"_blank\">Borisk<\/a>                                    <\/div>\r\n            \r\n            \r\n                            <div class=\"cma-thread-updated\">\r\n                                            updated 3 days ago by <a href=\"https:\/\/www.cfos-emobility.de\/network\/contributor\/borisk\/\" class=\"cma-user-profile-link\" target=\"_blank\">Borisk<\/a>                                    <\/div>\r\n            \r\n            \r\n            \r\n            \r\n            \r\n        <\/div>\r\n\r\n    \r\n    <div class=\"cma-thread-tags\"><\/div>\r\n    \r\n            \r\n        <div class=\"cma-thread-recent-answer\">\r\n                        <div class=\"cma-thread-answer-author-img\">\r\n                            <\/div>\r\n            <div class=\"cma-thread-answer-info\">\r\n                <a href=\"https:\/\/www.cfos-emobility.de\/network\/contributor\/borisk\/\" class=\"cma-user-profile-link\" target=\"_blank\">Borisk<\/a>                <span class=\"cma-thread-date\">25. April 2026 9:05<\/span>\r\n            <\/div>\r\n            <div class=\"cma-thread-answer-content\">\r\n                Hallo zusammen, ich habe es nun mit dem LSW 3 hinbekommen. Das Problem war, dass der Logger sich am anderen Ende meines Mesh Systems eingew\u00e4hlt hatte. Jetzt wo beide Ger\u00e4te am selben Access Point h\u00e4ngen funktioniert es. Konfiguration: Ger\u00e4te-Typ: Sofar HYD\/G3 Inverter Adresse: IP:8899 Rolle: Erzeugung Bin schon gespannt ob ich das \u00dcberschussladen richtig eingestellt <a href=\"https:\/\/www.cfos-emobility.de\/network\/antworten\/lsw-3-logger-sofar-wechselrichter-einbinden-konfiguration\/#answer-5591\">...mehr lesen<\/a>            <\/div>\r\n        <\/div>\r\n    \r\n    \r\n    \r\n<\/div><div class=\"cma-thread-snippet  unanswered \" data-question-id=\"7356\">\r\n    \r\n            <div class=\"cma-thread-meta\">\r\n            <div class=\"cma-thread-meta-div\">\r\n                                    <div class=\"cma-thread-numbers cma-thread-votes\">\r\n                        <div class=\"cma-thread-numbers-count cma-thread-votes-count \">0<\/div>\r\n                        <div class=\"cma-thread-numbers-caption cma-thread-votes-caption\">votes<\/div>\r\n                    <\/div>\r\n                \r\n                                    <div class=\"cma-thread-numbers cma-thread-answers  cma-thread-no-answers\">\r\n                        <div class=\"cma-thread-numbers-count cma-thread-answers-count\">0<\/div>\r\n                        <div class=\"cma-thread-numbers-caption cma-thread-answers-caption\">antworten<\/div>\r\n                    <\/div>\r\n                \r\n                                    <div class=\"cma-thread-numbers cma-thread-views\">\r\n                        <div class=\"cma-thread-numbers-count cma-thread-views-count\">51<\/div>\r\n                        <div class=\"cma-thread-numbers-caption cma-thread-views-caption\">views<\/div>\r\n                    <\/div>\r\n                \r\n                \r\n                \r\n                \r\n            <\/div>\r\n        <\/div>\r\n    \r\n    \r\n    \r\n        \r\n        <div class=\"cma-thread-title\">\r\n                        <a href=\"https:\/\/www.cfos-emobility.de\/network\/antworten\/mein-ueberschuss-laderegelsatz\/\" bhref=\"\/\/www.cfos-emobility.de\/network\/wp-json\/wp\/v2\/pages\/19\" title=\"In einem anderen, bereits gel\u00f6sten Thred bin ich nach meinem Laderegelsatz gefragt worden. Da er dor...\">(M)ein \u00dcberschuss-Laderegelsatz<\/a>\r\n        <\/div>\r\n    \r\n            <div class=\"cma-thread-unanswered\">\r\n            <span>Antworten Sie zuerst!<\/span>\r\n        <\/div>\r\n    \r\n    \r\n        <div class=\"cma-thread-summary-right\">\r\n                            <div class=\"cma-thread-posted\">\r\n                     1 week ago gefragt von <a href=\"https:\/\/www.cfos-emobility.de\/network\/contributor\/baertiger\/\" class=\"cma-user-profile-link\" target=\"_blank\">baertiger<\/a>                    <span class=\"cma-badge\" style=\"background-color:#51af8e; \">Top Networker<\/span>                <\/div>\r\n            \r\n            \r\n            \r\n            \r\n            \r\n            \r\n            \r\n        <\/div>\r\n\r\n    \r\n    <div class=\"cma-thread-tags\">Tags: <ul class=\"cma-tags-list\"><li><a href=\"https:\/\/www.cfos-emobility.de\/network\/wp-json\/wp\/v2\/pages\/19?cmatag=laderegelsatz\">Laderegelsatz<\/a><\/li><li><a href=\"https:\/\/www.cfos-emobility.de\/network\/wp-json\/wp\/v2\/pages\/19?cmatag=ueberschuss\">\u00dcberschuss<\/a><\/li><\/ul><\/div>\r\n    \r\n    \r\n    \r\n    \r\n<\/div><div class=\"cma-thread-snippet  answered \" data-question-id=\"7349\">\r\n    \r\n            <div class=\"cma-thread-meta\">\r\n            <div class=\"cma-thread-meta-div\">\r\n                                    <div class=\"cma-thread-numbers cma-thread-votes\">\r\n                        <div class=\"cma-thread-numbers-count cma-thread-votes-count \">0<\/div>\r\n                        <div class=\"cma-thread-numbers-caption cma-thread-votes-caption\">votes<\/div>\r\n                    <\/div>\r\n                \r\n                                    <div class=\"cma-thread-numbers cma-thread-answers \">\r\n                        <div class=\"cma-thread-numbers-count cma-thread-answers-count\">4<\/div>\r\n                        <div class=\"cma-thread-numbers-caption cma-thread-answers-caption\">antworten<\/div>\r\n                    <\/div>\r\n                \r\n                                    <div class=\"cma-thread-numbers cma-thread-views\">\r\n                        <div class=\"cma-thread-numbers-count cma-thread-views-count\">40<\/div>\r\n                        <div class=\"cma-thread-numbers-caption cma-thread-views-caption\">views<\/div>\r\n                    <\/div>\r\n                \r\n                \r\n                \r\n                \r\n            <\/div>\r\n        <\/div>\r\n    \r\n    \r\n    \r\n        \r\n        <div class=\"cma-thread-title\">\r\n                        <a href=\"https:\/\/www.cfos-emobility.de\/network\/antworten\/system-temperatur-unplausibel\/\" bhref=\"\/\/www.cfos-emobility.de\/network\/wp-json\/wp\/v2\/pages\/19\" title=\"Die System Temperatur zeigt bei Sonneneinstrahlung auf die Box \u00fcber 80\u00b0C an.\nHeute Morgen bei 15\u00b0C A...\">System-Temperatur unplausibel<\/a>\r\n        <\/div>\r\n    \r\n    \r\n    \r\n        <div class=\"cma-thread-summary-right\">\r\n                            <div class=\"cma-thread-posted\">\r\n                     1 week ago gefragt von <a href=\"https:\/\/www.cfos-emobility.de\/network\/contributor\/andy\/\" class=\"cma-user-profile-link\" target=\"_blank\">Andy<\/a>                                    <\/div>\r\n            \r\n            \r\n                            <div class=\"cma-thread-updated\">\r\n                                            updated 1 week ago by <a href=\"https:\/\/www.cfos-emobility.de\/network\/contributor\/andy\/\" class=\"cma-user-profile-link\" target=\"_blank\">Andy<\/a>                                    <\/div>\r\n            \r\n            \r\n            \r\n            \r\n            \r\n        <\/div>\r\n\r\n    \r\n    <div class=\"cma-thread-tags\">Tags: <ul class=\"cma-tags-list\"><li><a href=\"https:\/\/www.cfos-emobility.de\/network\/wp-json\/wp\/v2\/pages\/19?cmatag=temperatur\">temperatur<\/a><\/li><\/ul><\/div>\r\n    \r\n            \r\n        <div class=\"cma-thread-recent-answer\">\r\n                        <div class=\"cma-thread-answer-author-img\">\r\n                            <\/div>\r\n            <div class=\"cma-thread-answer-info\">\r\n                <a href=\"https:\/\/www.cfos-emobility.de\/network\/contributor\/andy\/\" class=\"cma-user-profile-link\" target=\"_blank\">Andy<\/a>                <span class=\"cma-thread-date\">20. April 2026 11:31<\/span>\r\n            <\/div>\r\n            <div class=\"cma-thread-answer-content\">\r\n                Wenn die Wallbox aber \u00fcber einer gewissen Temperatur aufh\u00f6rt zu laden, ist dass nicht zielf\u00fchrend.            <\/div>\r\n        <\/div>\r\n    \r\n    \r\n    \r\n<\/div><div class=\"cma-thread-snippet  answered \" data-question-id=\"7343\">\r\n    \r\n            <div class=\"cma-thread-meta\">\r\n            <div class=\"cma-thread-meta-div\">\r\n                                    <div class=\"cma-thread-numbers cma-thread-votes\">\r\n                        <div class=\"cma-thread-numbers-count cma-thread-votes-count \">0<\/div>\r\n                        <div class=\"cma-thread-numbers-caption cma-thread-votes-caption\">votes<\/div>\r\n                    <\/div>\r\n                \r\n                                    <div class=\"cma-thread-numbers cma-thread-answers \">\r\n                        <div class=\"cma-thread-numbers-count cma-thread-answers-count\">3<\/div>\r\n                        <div class=\"cma-thread-numbers-caption cma-thread-answers-caption\">antworten<\/div>\r\n                    <\/div>\r\n                \r\n                                    <div class=\"cma-thread-numbers cma-thread-views\">\r\n                        <div class=\"cma-thread-numbers-count cma-thread-views-count\">44<\/div>\r\n                        <div class=\"cma-thread-numbers-caption cma-thread-views-caption\">views<\/div>\r\n                    <\/div>\r\n                \r\n                \r\n                \r\n                \r\n            <\/div>\r\n        <\/div>\r\n    \r\n    \r\n    \r\n        \r\n        <div class=\"cma-thread-title\">\r\n                        <a href=\"https:\/\/www.cfos-emobility.de\/network\/antworten\/shelly-pro3em-mit-power-brain-verbinden-geht-nicht\/\" bhref=\"\/\/www.cfos-emobility.de\/network\/wp-json\/wp\/v2\/pages\/19\" title=\"Hallo zusammen,\nich versuche gerade, die Verbindung von meinem Shelly pro 3em einzurichten, aber sie...\">Shelly Pro3EM mit Power Brain verbinden - geht nicht<\/a>\r\n        <\/div>\r\n    \r\n    \r\n    \r\n        <div class=\"cma-thread-summary-right\">\r\n                            <div class=\"cma-thread-posted\">\r\n                     1 week ago gefragt von <a href=\"https:\/\/www.cfos-emobility.de\/network\/contributor\/matze_st\/\" class=\"cma-user-profile-link\" target=\"_blank\">matze_st<\/a>                                    <\/div>\r\n            \r\n            \r\n                            <div class=\"cma-thread-updated\">\r\n                                            updated 1 week ago by <a href=\"https:\/\/www.cfos-emobility.de\/network\/contributor\/geotec\/\" class=\"cma-user-profile-link\" target=\"_blank\">Geotec<\/a>                                    <\/div>\r\n            \r\n            \r\n            \r\n            \r\n            \r\n        <\/div>\r\n\r\n    \r\n    <div class=\"cma-thread-tags\">Tags: <ul class=\"cma-tags-list\"><li><a href=\"https:\/\/www.cfos-emobility.de\/network\/wp-json\/wp\/v2\/pages\/19?cmatag=shelly\">Shelly<\/a><\/li><\/ul><\/div>\r\n    \r\n            \r\n        <div class=\"cma-thread-recent-answer\">\r\n                        <div class=\"cma-thread-answer-author-img\">\r\n                            <\/div>\r\n            <div class=\"cma-thread-answer-info\">\r\n                <a href=\"https:\/\/www.cfos-emobility.de\/network\/contributor\/geotec\/\" class=\"cma-user-profile-link\" target=\"_blank\">Geotec<\/a>                <span class=\"cma-thread-date\">16. April 2026 19:19<\/span>\r\n            <\/div>\r\n            <div class=\"cma-thread-answer-content\">\r\n                Schau Mal hier. https:\/\/www.cfos-emobility.de\/network\/antworten\/shelly-pro-3em-einbinden-schlaegt-fehl\/ Vielleicht hilft das            <\/div>\r\n        <\/div>\r\n    \r\n    \r\n    \r\n<\/div><div class=\"cma-thread-snippet  unanswered \" data-question-id=\"7340\">\r\n    \r\n            <div class=\"cma-thread-meta\">\r\n            <div class=\"cma-thread-meta-div\">\r\n                                    <div class=\"cma-thread-numbers cma-thread-votes\">\r\n                        <div class=\"cma-thread-numbers-count cma-thread-votes-count \">0<\/div>\r\n                        <div class=\"cma-thread-numbers-caption cma-thread-votes-caption\">votes<\/div>\r\n                    <\/div>\r\n                \r\n                                    <div class=\"cma-thread-numbers cma-thread-answers  cma-thread-no-answers\">\r\n                        <div class=\"cma-thread-numbers-count cma-thread-answers-count\">0<\/div>\r\n                        <div class=\"cma-thread-numbers-caption cma-thread-answers-caption\">antworten<\/div>\r\n                    <\/div>\r\n                \r\n                                    <div class=\"cma-thread-numbers cma-thread-views\">\r\n                        <div class=\"cma-thread-numbers-count cma-thread-views-count\">20<\/div>\r\n                        <div class=\"cma-thread-numbers-caption cma-thread-views-caption\">views<\/div>\r\n                    <\/div>\r\n                \r\n                \r\n                \r\n                \r\n            <\/div>\r\n        <\/div>\r\n    \r\n    \r\n    \r\n        \r\n        <div class=\"cma-thread-title\">\r\n                        <a href=\"https:\/\/www.cfos-emobility.de\/network\/antworten\/kwh-budgets-sind-buggy\/\" bhref=\"\/\/www.cfos-emobility.de\/network\/wp-json\/wp\/v2\/pages\/19\" title=\"Ich beobachte seit einiger Zeit, eigentlich seit langem, dass die kWh Budgets nicht sauber funktioni...\">kWh Budgets sind buggy ..<\/a>\r\n        <\/div>\r\n    \r\n            <div class=\"cma-thread-unanswered\">\r\n            <span>Antworten Sie zuerst!<\/span>\r\n        <\/div>\r\n    \r\n    \r\n        <div class=\"cma-thread-summary-right\">\r\n                            <div class=\"cma-thread-posted\">\r\n                     1 week ago gefragt von <a href=\"https:\/\/www.cfos-emobility.de\/network\/contributor\/berno70\/\" class=\"cma-user-profile-link\" target=\"_blank\">Berno70<\/a>                                    <\/div>\r\n            \r\n            \r\n            \r\n            \r\n            \r\n            \r\n            \r\n        <\/div>\r\n\r\n    \r\n    <div class=\"cma-thread-tags\"><\/div>\r\n    \r\n    \r\n    \r\n    \r\n<\/div><div class=\"cma-thread-snippet  answered resolved\" data-question-id=\"7339\">\r\n    \r\n            <div class=\"cma-thread-meta\">\r\n            <div class=\"cma-thread-meta-div\">\r\n                                    <div class=\"cma-thread-numbers cma-thread-votes\">\r\n                        <div class=\"cma-thread-numbers-count cma-thread-votes-count \">0<\/div>\r\n                        <div class=\"cma-thread-numbers-caption cma-thread-votes-caption\">votes<\/div>\r\n                    <\/div>\r\n                \r\n                                    <div class=\"cma-thread-numbers cma-thread-answers \">\r\n                        <div class=\"cma-thread-numbers-count cma-thread-answers-count\">2<\/div>\r\n                        <div class=\"cma-thread-numbers-caption cma-thread-answers-caption\">antworten<\/div>\r\n                    <\/div>\r\n                \r\n                                    <div class=\"cma-thread-numbers cma-thread-views\">\r\n                        <div class=\"cma-thread-numbers-count cma-thread-views-count\">39<\/div>\r\n                        <div class=\"cma-thread-numbers-caption cma-thread-views-caption\">views<\/div>\r\n                    <\/div>\r\n                \r\n                \r\n                \r\n                \r\n            <\/div>\r\n        <\/div>\r\n    \r\n    \r\n    \r\n        \r\n        <div class=\"cma-thread-title\">\r\n                        <a href=\"https:\/\/www.cfos-emobility.de\/network\/antworten\/cfos-nicht-erreichbar\/\" bhref=\"\/\/www.cfos-emobility.de\/network\/wp-json\/wp\/v2\/pages\/19\" title=\"Hallo,\nder Versuch mich an der CFOS Cloud anzumelden, scheitert seit heute. Es \u00a0erscheint immer Fehl...\"><span class=\"resolved\">[RESOLVED] <\/span>CFOS nicht erreichbar<\/a>\r\n        <\/div>\r\n    \r\n    \r\n    \r\n        <div class=\"cma-thread-summary-right\">\r\n                            <div class=\"cma-thread-posted\">\r\n                     1 week ago gefragt von <a href=\"https:\/\/www.cfos-emobility.de\/network\/contributor\/jnow\/\" class=\"cma-user-profile-link\" target=\"_blank\">JNow<\/a>                                    <\/div>\r\n            \r\n            \r\n                            <div class=\"cma-thread-updated\">\r\n                                            updated 1 week ago by <a href=\"https:\/\/www.cfos-emobility.de\/network\/contributor\/hannie\/\" class=\"cma-user-profile-link\" target=\"_blank\">Hannie<\/a>                                    <\/div>\r\n            \r\n            \r\n            \r\n            \r\n            \r\n        <\/div>\r\n\r\n    \r\n    <div class=\"cma-thread-tags\"><\/div>\r\n    \r\n            \r\n        <div class=\"cma-thread-recent-answer\">\r\n                        <div class=\"cma-thread-answer-author-img\">\r\n                            <\/div>\r\n            <div class=\"cma-thread-answer-info\">\r\n                <a href=\"https:\/\/www.cfos-emobility.de\/network\/contributor\/hannie\/\" class=\"cma-user-profile-link\" target=\"_blank\">Hannie<\/a>                <span class=\"cma-thread-date\">15. April 2026 21:47<\/span>\r\n            <\/div>\r\n            <div class=\"cma-thread-answer-content\">\r\n                Ich nutze daher von au\u00dferhalb eine VPN Verbindung (z.b. WireGard) zum heimischen Router. Oder hat die Cloud gegen\u00fcber der Verbindung aus dem eigenen Netz einen signifikanten Vorteil?            <\/div>\r\n        <\/div>\r\n    \r\n    \r\n    \r\n<\/div><div class=\"cma-thread-snippet  answered \" data-question-id=\"7335\">\r\n    \r\n            <div class=\"cma-thread-meta\">\r\n            <div class=\"cma-thread-meta-div\">\r\n                                    <div class=\"cma-thread-numbers cma-thread-votes\">\r\n                        <div class=\"cma-thread-numbers-count cma-thread-votes-count \">0<\/div>\r\n                        <div class=\"cma-thread-numbers-caption cma-thread-votes-caption\">votes<\/div>\r\n                    <\/div>\r\n                \r\n                                    <div class=\"cma-thread-numbers cma-thread-answers \">\r\n                        <div class=\"cma-thread-numbers-count cma-thread-answers-count\">1<\/div>\r\n                        <div class=\"cma-thread-numbers-caption cma-thread-answers-caption\">antwort<\/div>\r\n                    <\/div>\r\n                \r\n                                    <div class=\"cma-thread-numbers cma-thread-views\">\r\n                        <div class=\"cma-thread-numbers-count cma-thread-views-count\">31<\/div>\r\n                        <div class=\"cma-thread-numbers-caption cma-thread-views-caption\">views<\/div>\r\n                    <\/div>\r\n                \r\n                \r\n                \r\n                \r\n            <\/div>\r\n        <\/div>\r\n    \r\n    \r\n    \r\n        \r\n        <div class=\"cma-thread-title\">\r\n                        <a href=\"https:\/\/www.cfos-emobility.de\/network\/antworten\/%c2%a714a-relaissteuerung-ueber-schaltkontakte\/\" bhref=\"\/\/www.cfos-emobility.de\/network\/wp-json\/wp\/v2\/pages\/19\" title=\"Moin. Mir geht es weniger darum dass das mit den S0-Kontakten geht, und auch wie ist mir relativ kla...\">\u00a714a Relaissteuerung \u00fcber Schaltkontakte<\/a>\r\n        <\/div>\r\n    \r\n    \r\n    \r\n        <div class=\"cma-thread-summary-right\">\r\n                            <div class=\"cma-thread-posted\">\r\n                     2 weeks ago gefragt von <a href=\"https:\/\/www.cfos-emobility.de\/network\/contributor\/christoph\/\" class=\"cma-user-profile-link\" target=\"_blank\">christoph<\/a>                                    <\/div>\r\n            \r\n            \r\n                            <div class=\"cma-thread-updated\">\r\n                                            updated 1 week ago by <a href=\"https:\/\/www.cfos-emobility.de\/network\/contributor\/wpcarazo\/\" class=\"cma-user-profile-link\" target=\"_blank\">cFos Christian<\/a>                                    <\/div>\r\n            \r\n            \r\n            \r\n            \r\n            \r\n        <\/div>\r\n\r\n    \r\n    <div class=\"cma-thread-tags\">Tags: <ul class=\"cma-tags-list\"><li><a href=\"https:\/\/www.cfos-emobility.de\/network\/wp-json\/wp\/v2\/pages\/19?cmatag=%25c2%25a714a\">\u00a714a<\/a><\/li><\/ul><\/div>\r\n    \r\n            \r\n        <div class=\"cma-thread-recent-answer\">\r\n                        <div class=\"cma-thread-answer-author-img\">\r\n                            <\/div>\r\n            <div class=\"cma-thread-answer-info\">\r\n                <a href=\"https:\/\/www.cfos-emobility.de\/network\/contributor\/wpcarazo\/\" class=\"cma-user-profile-link\" target=\"_blank\">cFos Christian<\/a>                <span class=\"cma-thread-date\">21. April 2026 13:50<\/span>\r\n            <\/div>\r\n            <div class=\"cma-thread-answer-content\">\r\n                Also ein Schaltbild-Skizze des aktuellen cFos Power Brain Controllers gibt es hier: https:\/\/www.cfos-emobility.de\/images\/cfos-power-brain-connectors.png Dort sind die S0-Anschl\u00fcsse zu sehen.            <\/div>\r\n        <\/div>\r\n    \r\n    \r\n    \r\n<\/div><div class=\"cma-thread-snippet  answered \" data-question-id=\"7334\">\r\n    \r\n            <div class=\"cma-thread-meta\">\r\n            <div class=\"cma-thread-meta-div\">\r\n                                    <div class=\"cma-thread-numbers cma-thread-votes\">\r\n                        <div class=\"cma-thread-numbers-count cma-thread-votes-count \">0<\/div>\r\n                        <div class=\"cma-thread-numbers-caption cma-thread-votes-caption\">votes<\/div>\r\n                    <\/div>\r\n                \r\n                                    <div class=\"cma-thread-numbers cma-thread-answers \">\r\n                        <div class=\"cma-thread-numbers-count cma-thread-answers-count\">1<\/div>\r\n                        <div class=\"cma-thread-numbers-caption cma-thread-answers-caption\">antwort<\/div>\r\n                    <\/div>\r\n                \r\n                                    <div class=\"cma-thread-numbers cma-thread-views\">\r\n                        <div class=\"cma-thread-numbers-count cma-thread-views-count\">30<\/div>\r\n                        <div class=\"cma-thread-numbers-caption cma-thread-views-caption\">views<\/div>\r\n                    <\/div>\r\n                \r\n                \r\n                \r\n                \r\n            <\/div>\r\n        <\/div>\r\n    \r\n    \r\n    \r\n        \r\n        <div class=\"cma-thread-title\">\r\n                        <a href=\"https:\/\/www.cfos-emobility.de\/network\/antworten\/ocpp-immernoch-fehlerhaft\/\" bhref=\"\/\/www.cfos-emobility.de\/network\/wp-json\/wp\/v2\/pages\/19\" title=\"Die Firmware scheint in puncto OCPP immernoch nicht gefixt zu werden.\nIch hab die 2.12.9 am laufen u...\">OCPP immernoch fehlerhaft<\/a>\r\n        <\/div>\r\n    \r\n    \r\n    \r\n        <div class=\"cma-thread-summary-right\">\r\n                            <div class=\"cma-thread-posted\">\r\n                     2 weeks ago gefragt von <a href=\"https:\/\/www.cfos-emobility.de\/network\/contributor\/aaronegger\/\" class=\"cma-user-profile-link\" target=\"_blank\">aaronegger<\/a>                                    <\/div>\r\n            \r\n            \r\n                            <div class=\"cma-thread-updated\">\r\n                                            updated 1 week ago by <a href=\"https:\/\/www.cfos-emobility.de\/network\/contributor\/wpcarazo\/\" class=\"cma-user-profile-link\" target=\"_blank\">cFos Christian<\/a>                                    <\/div>\r\n            \r\n            \r\n            \r\n            \r\n            \r\n        <\/div>\r\n\r\n    \r\n    <div class=\"cma-thread-tags\"><\/div>\r\n    \r\n            \r\n        <div class=\"cma-thread-recent-answer\">\r\n                        <div class=\"cma-thread-answer-author-img\">\r\n                            <\/div>\r\n            <div class=\"cma-thread-answer-info\">\r\n                <a href=\"https:\/\/www.cfos-emobility.de\/network\/contributor\/wpcarazo\/\" class=\"cma-user-profile-link\" target=\"_blank\">cFos Christian<\/a>                <span class=\"cma-thread-date\">21. April 2026 13:55<\/span>\r\n            <\/div>\r\n            <div class=\"cma-thread-answer-content\">\r\n                Schick uns doch dazu bitte einmal \u00fcber das Support-Formular ein OCPP Log: &nbsp; Erstellen einer OCPP Log-Datei zum Untersuchen von OCPP Kommunikationsproblemen ============================================================== \u00d6ffne den Charging Manager und f\u00fchre zur Vorbereitung diese Schritte durch: 1. Unter \"Konfiguration\" in der Sektion \"Log-Aufzeichnung\" die Detaileinstellungen aktivieren 2. Dort den Wert f\u00fcr OCPP auf \"Information\" stellen 3. Eine <a href=\"https:\/\/www.cfos-emobility.de\/network\/antworten\/ocpp-immernoch-fehlerhaft\/#answer-5576\">...mehr lesen<\/a>            <\/div>\r\n        <\/div>\r\n    \r\n    \r\n    \r\n<\/div><div class=\"cma-thread-snippet  answered \" data-question-id=\"7321\">\r\n    \r\n            <div class=\"cma-thread-meta\">\r\n            <div class=\"cma-thread-meta-div\">\r\n                                    <div class=\"cma-thread-numbers cma-thread-votes\">\r\n                        <div class=\"cma-thread-numbers-count cma-thread-votes-count \">0<\/div>\r\n                        <div class=\"cma-thread-numbers-caption cma-thread-votes-caption\">votes<\/div>\r\n                    <\/div>\r\n                \r\n                                    <div class=\"cma-thread-numbers cma-thread-answers \">\r\n                        <div class=\"cma-thread-numbers-count cma-thread-answers-count\">8<\/div>\r\n                        <div class=\"cma-thread-numbers-caption cma-thread-answers-caption\">antworten<\/div>\r\n                    <\/div>\r\n                \r\n                                    <div class=\"cma-thread-numbers cma-thread-views\">\r\n                        <div class=\"cma-thread-numbers-count cma-thread-views-count\">81<\/div>\r\n                        <div class=\"cma-thread-numbers-caption cma-thread-views-caption\">views<\/div>\r\n                    <\/div>\r\n                \r\n                \r\n                \r\n                \r\n            <\/div>\r\n        <\/div>\r\n    \r\n    \r\n    \r\n        \r\n        <div class=\"cma-thread-title\">\r\n                        <a href=\"https:\/\/www.cfos-emobility.de\/network\/antworten\/liste-foerderfaehiger-wallboxen-fuer-mehrfamilienhaeuser\/\" bhref=\"\/\/www.cfos-emobility.de\/network\/wp-json\/wp\/v2\/pages\/19\" title=\"Ab dem 15.04. ist die Antragstellung f\u00fcr das neu aufgelegte F\u00f6rderprogramm &quot;Ladeinfrastruktur im Meh...\">Liste f\u00f6rderf\u00e4higer Wallboxen f\u00fcr Mehrfamilienh\u00e4user<\/a>\r\n        <\/div>\r\n    \r\n    \r\n    \r\n        <div class=\"cma-thread-summary-right\">\r\n                            <div class=\"cma-thread-posted\">\r\n                     3 weeks ago gefragt von <a href=\"https:\/\/www.cfos-emobility.de\/network\/contributor\/hofer\/\" class=\"cma-user-profile-link\" target=\"_blank\">Hofer<\/a>                                    <\/div>\r\n            \r\n            \r\n                            <div class=\"cma-thread-updated\">\r\n                                            updated 1 week ago by <a href=\"https:\/\/www.cfos-emobility.de\/network\/contributor\/hofer\/\" class=\"cma-user-profile-link\" target=\"_blank\">Hofer<\/a>                                    <\/div>\r\n            \r\n            \r\n            \r\n            \r\n            \r\n        <\/div>\r\n\r\n    \r\n    <div class=\"cma-thread-tags\">Tags: <ul class=\"cma-tags-list\"><li><a href=\"https:\/\/www.cfos-emobility.de\/network\/wp-json\/wp\/v2\/pages\/19?cmatag=foerderprogramm-mehrparteienhaus\">F\u00f6rderprogramm Mehrparteienhaus<\/a><\/li><\/ul><\/div>\r\n    \r\n            \r\n        <div class=\"cma-thread-recent-answer\">\r\n                        <div class=\"cma-thread-answer-author-img\">\r\n                            <\/div>\r\n            <div class=\"cma-thread-answer-info\">\r\n                <a href=\"https:\/\/www.cfos-emobility.de\/network\/contributor\/hofer\/\" class=\"cma-user-profile-link\" target=\"_blank\">Hofer<\/a>                <span class=\"cma-thread-date\">15. April 2026 15:20<\/span>\r\n            <\/div>\r\n            <div class=\"cma-thread-answer-content\">\r\n                Laut der FAQ auf der Projektwebseite m\u00fcssen gef\u00f6rderte Ladeeinrichtungen die notwendige Hardware bereits jetzt beinhalten und die technischen Anforderungen sp\u00e4testens bis zum 01.01.2027 per Softwareupdate aktivieren. F\u00fcr die Installation von bidirektionalen Wallboxen ist der Mehrbetrag der F\u00f6rderung gegen\u00fcber der reinen Vorverkabelung nur 700\u20ac, das deckt niemals die Mehrkosten. F\u00fcr \"normale\" AC-Wallboxen gibt es gegen\u00fcber der <a href=\"https:\/\/www.cfos-emobility.de\/network\/antworten\/liste-foerderfaehiger-wallboxen-fuer-mehrfamilienhaeuser\/#answer-5555\">...mehr lesen<\/a>            <\/div>\r\n        <\/div>\r\n    \r\n    \r\n    \r\n<\/div><div class=\"cma-thread-snippet  answered \" data-question-id=\"7316\">\r\n    \r\n            <div class=\"cma-thread-meta\">\r\n            <div class=\"cma-thread-meta-div\">\r\n                                    <div class=\"cma-thread-numbers cma-thread-votes\">\r\n                        <div class=\"cma-thread-numbers-count cma-thread-votes-count \">0<\/div>\r\n                        <div class=\"cma-thread-numbers-caption cma-thread-votes-caption\">votes<\/div>\r\n                    <\/div>\r\n                \r\n                                    <div class=\"cma-thread-numbers cma-thread-answers \">\r\n                        <div class=\"cma-thread-numbers-count cma-thread-answers-count\">1<\/div>\r\n                        <div class=\"cma-thread-numbers-caption cma-thread-answers-caption\">antwort<\/div>\r\n                    <\/div>\r\n                \r\n                                    <div class=\"cma-thread-numbers cma-thread-views\">\r\n                        <div class=\"cma-thread-numbers-count cma-thread-views-count\">34<\/div>\r\n                        <div class=\"cma-thread-numbers-caption cma-thread-views-caption\">views<\/div>\r\n                    <\/div>\r\n                \r\n                \r\n                \r\n                \r\n            <\/div>\r\n        <\/div>\r\n    \r\n    \r\n    \r\n        \r\n        <div class=\"cma-thread-title\">\r\n                        <a href=\"https:\/\/www.cfos-emobility.de\/network\/antworten\/wirkleistungssteuerung-der-power-braun-wallbox-ohne-smart-meter-moeglich\/\" bhref=\"\/\/www.cfos-emobility.de\/network\/wp-json\/wp\/v2\/pages\/19\" title=\"Bevor ich meine Frage stelle, stelle ich kurz meine Voraussetzungen dar:\n- PV-Anlage von 2011 mit Vo...\">Wirkleistungssteuerung der Power Brain Wallbox ohne Smart Meter m\u00f6glich?<\/a>\r\n        <\/div>\r\n    \r\n    \r\n    \r\n        <div class=\"cma-thread-summary-right\">\r\n                            <div class=\"cma-thread-posted\">\r\n                     3 weeks ago gefragt von <a href=\"https:\/\/www.cfos-emobility.de\/network\/contributor\/divo\/\" class=\"cma-user-profile-link\" target=\"_blank\">Divo<\/a>                                    <\/div>\r\n            \r\n            \r\n                            <div class=\"cma-thread-updated\">\r\n                                            updated 3 weeks ago by <a href=\"https:\/\/www.cfos-emobility.de\/network\/contributor\/geotec\/\" class=\"cma-user-profile-link\" target=\"_blank\">Geotec<\/a>                                    <\/div>\r\n            \r\n            \r\n            \r\n            \r\n            \r\n        <\/div>\r\n\r\n    \r\n    <div class=\"cma-thread-tags\"><\/div>\r\n    \r\n            \r\n        <div class=\"cma-thread-recent-answer\">\r\n                        <div class=\"cma-thread-answer-author-img\">\r\n                            <\/div>\r\n            <div class=\"cma-thread-answer-info\">\r\n                <a href=\"https:\/\/www.cfos-emobility.de\/network\/contributor\/geotec\/\" class=\"cma-user-profile-link\" target=\"_blank\">Geotec<\/a>                <span class=\"cma-thread-date\">6. April 2026 17:04<\/span>\r\n            <\/div>\r\n            <div class=\"cma-thread-answer-content\">\r\n                Ja, die Wallbox kann \u00fcber (vom Netzbetreiber bereitgestellten) Relaiskontakte gesteuert werden.            <\/div>\r\n        <\/div>\r\n    \r\n    \r\n    \r\n<\/div><div class=\"cma-thread-snippet  answered \" data-question-id=\"7313\">\r\n    \r\n            <div class=\"cma-thread-meta\">\r\n            <div class=\"cma-thread-meta-div\">\r\n                                    <div class=\"cma-thread-numbers cma-thread-votes\">\r\n                        <div class=\"cma-thread-numbers-count cma-thread-votes-count \">0<\/div>\r\n                        <div class=\"cma-thread-numbers-caption cma-thread-votes-caption\">votes<\/div>\r\n                    <\/div>\r\n                \r\n                                    <div class=\"cma-thread-numbers cma-thread-answers \">\r\n                        <div class=\"cma-thread-numbers-count cma-thread-answers-count\">12<\/div>\r\n                        <div class=\"cma-thread-numbers-caption cma-thread-answers-caption\">antworten<\/div>\r\n                    <\/div>\r\n                \r\n                                    <div class=\"cma-thread-numbers cma-thread-views\">\r\n                        <div class=\"cma-thread-numbers-count cma-thread-views-count\">98<\/div>\r\n                        <div class=\"cma-thread-numbers-caption cma-thread-views-caption\">views<\/div>\r\n                    <\/div>\r\n                \r\n                \r\n                \r\n                \r\n            <\/div>\r\n        <\/div>\r\n    \r\n    \r\n    \r\n        \r\n        <div class=\"cma-thread-title\">\r\n                        <a href=\"https:\/\/www.cfos-emobility.de\/network\/antworten\/auf-einphasig-umschalten-nach-pv-ueberschuss-3phasig-nicht-mehr-gesetzt\/\" bhref=\"\/\/www.cfos-emobility.de\/network\/wp-json\/wp\/v2\/pages\/19\" title=\"Hallo,\nich nutze tags\u00fcber PV-\u00dcberschu\u00df, nach dem Einstecken ist Option &quot;auf einphasig umschalten&quot; ak...\">&quot;Auf einphasig umschalten&quot; nach PV-\u00dcberschuss 3phasig nicht mehr gesetzt<\/a>\r\n        <\/div>\r\n    \r\n    \r\n    \r\n        <div class=\"cma-thread-summary-right\">\r\n                            <div class=\"cma-thread-posted\">\r\n                     3 weeks ago gefragt von <a href=\"https:\/\/www.cfos-emobility.de\/network\/contributor\/hannie\/\" class=\"cma-user-profile-link\" target=\"_blank\">Hannie<\/a>                                    <\/div>\r\n            \r\n            \r\n                            <div class=\"cma-thread-updated\">\r\n                                            updated 7 hours ago by <a href=\"https:\/\/www.cfos-emobility.de\/network\/contributor\/lango269\/\" class=\"cma-user-profile-link\" target=\"_blank\">Lango269<\/a>                                    <\/div>\r\n            \r\n            \r\n            \r\n            \r\n            \r\n        <\/div>\r\n\r\n    \r\n    <div class=\"cma-thread-tags\">Tags: <ul class=\"cma-tags-list\"><li><a href=\"https:\/\/www.cfos-emobility.de\/network\/wp-json\/wp\/v2\/pages\/19?cmatag=einphasig\">einphasig<\/a><\/li><li><a href=\"https:\/\/www.cfos-emobility.de\/network\/wp-json\/wp\/v2\/pages\/19?cmatag=pv-ueberschuss\">PV \u00dcberschuss<\/a><\/li><li><a href=\"https:\/\/www.cfos-emobility.de\/network\/wp-json\/wp\/v2\/pages\/19?cmatag=umschaltung\">Umschaltung<\/a><\/li><\/ul><\/div>\r\n    \r\n            \r\n        <div class=\"cma-thread-recent-answer\">\r\n                        <div class=\"cma-thread-answer-author-img\">\r\n                            <\/div>\r\n            <div class=\"cma-thread-answer-info\">\r\n                <a href=\"https:\/\/www.cfos-emobility.de\/network\/contributor\/lango269\/\" class=\"cma-user-profile-link\" target=\"_blank\">Lango269<\/a>                <span class=\"cma-thread-date\">28. April 2026 21:13<\/span>\r\n            <\/div>\r\n            <div class=\"cma-thread-answer-content\">\r\n                Mir ist nun auch aufgefallen das das hin und herschalten immer im Zeitabstand von 2min 13s passiert. Das ganze ist aber nur in den Benachrichtigungen zu sehen und nicht im eigentlichen Ladeverlauf. Habe etwas den Eindruck das die Benachrichtigungen willk\u00fcrlich ausgegeben werden (Bug???) Ist alles sehr fragw\u00fcrdig....            <\/div>\r\n        <\/div>\r\n    \r\n    \r\n    \r\n<\/div><div class=\"cma-thread-snippet  unanswered \" data-question-id=\"7310\">\r\n    \r\n            <div class=\"cma-thread-meta\">\r\n            <div class=\"cma-thread-meta-div\">\r\n                                    <div class=\"cma-thread-numbers cma-thread-votes\">\r\n                        <div class=\"cma-thread-numbers-count cma-thread-votes-count \">0<\/div>\r\n                        <div class=\"cma-thread-numbers-caption cma-thread-votes-caption\">votes<\/div>\r\n                    <\/div>\r\n                \r\n                                    <div class=\"cma-thread-numbers cma-thread-answers  cma-thread-no-answers\">\r\n                        <div class=\"cma-thread-numbers-count cma-thread-answers-count\">0<\/div>\r\n                        <div class=\"cma-thread-numbers-caption cma-thread-answers-caption\">antworten<\/div>\r\n                    <\/div>\r\n                \r\n                                    <div class=\"cma-thread-numbers cma-thread-views\">\r\n                        <div class=\"cma-thread-numbers-count cma-thread-views-count\">25<\/div>\r\n                        <div class=\"cma-thread-numbers-caption cma-thread-views-caption\">views<\/div>\r\n                    <\/div>\r\n                \r\n                \r\n                \r\n                \r\n            <\/div>\r\n        <\/div>\r\n    \r\n    \r\n    \r\n        \r\n        <div class=\"cma-thread-title\">\r\n                        <a href=\"https:\/\/www.cfos-emobility.de\/network\/antworten\/tesla-soc-auslesen\/\" bhref=\"\/\/www.cfos-emobility.de\/network\/wp-json\/wp\/v2\/pages\/19\" title=\"Ich w\u00fcrde gerne den aktuellen SOC von teslamate \u00fcber mqtt reinholen, aber scheinbar bin ich zu dumm ...\">Tesla SOC auslesen<\/a>\r\n        <\/div>\r\n    \r\n            <div class=\"cma-thread-unanswered\">\r\n            <span>Antworten Sie zuerst!<\/span>\r\n        <\/div>\r\n    \r\n    \r\n        <div class=\"cma-thread-summary-right\">\r\n                            <div class=\"cma-thread-posted\">\r\n                     3 weeks ago gefragt von <a href=\"https:\/\/www.cfos-emobility.de\/network\/contributor\/fudi6489\/\" class=\"cma-user-profile-link\" target=\"_blank\">fudi6489<\/a>                                    <\/div>\r\n            \r\n            \r\n            \r\n            \r\n            \r\n            \r\n            \r\n        <\/div>\r\n\r\n    \r\n    <div class=\"cma-thread-tags\"><\/div>\r\n    \r\n    \r\n    \r\n    \r\n<\/div><div class=\"cma-thread-snippet  answered \" data-question-id=\"7309\">\r\n    \r\n            <div class=\"cma-thread-meta\">\r\n            <div class=\"cma-thread-meta-div\">\r\n                                    <div class=\"cma-thread-numbers cma-thread-votes\">\r\n                        <div class=\"cma-thread-numbers-count cma-thread-votes-count \">0<\/div>\r\n                        <div class=\"cma-thread-numbers-caption cma-thread-votes-caption\">votes<\/div>\r\n                    <\/div>\r\n                \r\n                                    <div class=\"cma-thread-numbers cma-thread-answers \">\r\n                        <div class=\"cma-thread-numbers-count cma-thread-answers-count\">1<\/div>\r\n                        <div class=\"cma-thread-numbers-caption cma-thread-answers-caption\">antwort<\/div>\r\n                    <\/div>\r\n                \r\n                                    <div class=\"cma-thread-numbers cma-thread-views\">\r\n                        <div class=\"cma-thread-numbers-count cma-thread-views-count\">33<\/div>\r\n                        <div class=\"cma-thread-numbers-caption cma-thread-views-caption\">views<\/div>\r\n                    <\/div>\r\n                \r\n                \r\n                \r\n                \r\n            <\/div>\r\n        <\/div>\r\n    \r\n    \r\n    \r\n        \r\n        <div class=\"cma-thread-title\">\r\n                        <a href=\"https:\/\/www.cfos-emobility.de\/network\/antworten\/fronius-erzeugung-steuern-durch-cfos\/\" bhref=\"\/\/www.cfos-emobility.de\/network\/wp-json\/wp\/v2\/pages\/19\" title=\"Frohe Ostern,\nist es m\u00f6glich, einen per modbus verbundenen Fronius symo (7.0.3) , in der Erzeugung p...\">fronius erzeugung steuern durch cfos<\/a>\r\n        <\/div>\r\n    \r\n    \r\n    \r\n        <div class=\"cma-thread-summary-right\">\r\n                            <div class=\"cma-thread-posted\">\r\n                     3 weeks ago gefragt von <a href=\"https:\/\/www.cfos-emobility.de\/network\/contributor\/euro\/\" class=\"cma-user-profile-link\" target=\"_blank\">euro<\/a>                                    <\/div>\r\n            \r\n            \r\n                            <div class=\"cma-thread-updated\">\r\n                                            updated 2 weeks ago by <a href=\"https:\/\/www.cfos-emobility.de\/network\/contributor\/geotec\/\" class=\"cma-user-profile-link\" target=\"_blank\">Geotec<\/a>                                    <\/div>\r\n            \r\n            \r\n            \r\n            \r\n            \r\n        <\/div>\r\n\r\n    \r\n    <div class=\"cma-thread-tags\">Tags: <ul class=\"cma-tags-list\"><li><a href=\"https:\/\/www.cfos-emobility.de\/network\/wp-json\/wp\/v2\/pages\/19?cmatag=fronius\">Fronius<\/a><\/li><\/ul><\/div>\r\n    \r\n            \r\n        <div class=\"cma-thread-recent-answer\">\r\n                        <div class=\"cma-thread-answer-author-img\">\r\n                            <\/div>\r\n            <div class=\"cma-thread-answer-info\">\r\n                <a href=\"https:\/\/www.cfos-emobility.de\/network\/contributor\/geotec\/\" class=\"cma-user-profile-link\" target=\"_blank\">Geotec<\/a>                <span class=\"cma-thread-date\">10. April 2026 21:48<\/span>\r\n            <\/div>\r\n            <div class=\"cma-thread-answer-content\">\r\n                Hi, ja, das ist M\u00f6glich! Allerdings musst du daf\u00fcr eine eigene Z\u00e4hlerdefinition f\u00fcr den Fronius schreiben. In den mitgelieferten Definitionen ist das nicht vorhanden. Dann kannst du, analog zur Akkusteuerung, Regeln f\u00fcr die Steuerung in der Wechselrichterkachel anlegen.            <\/div>\r\n        <\/div>\r\n    \r\n    \r\n    \r\n<\/div><div class=\"cma-thread-snippet  answered resolved\" data-question-id=\"7292\">\r\n    \r\n            <div class=\"cma-thread-meta\">\r\n            <div class=\"cma-thread-meta-div\">\r\n                                    <div class=\"cma-thread-numbers cma-thread-votes\">\r\n                        <div class=\"cma-thread-numbers-count cma-thread-votes-count \">1<\/div>\r\n                        <div class=\"cma-thread-numbers-caption cma-thread-votes-caption\">vote<\/div>\r\n                    <\/div>\r\n                \r\n                                    <div class=\"cma-thread-numbers cma-thread-answers  cma-thread-have-best-answer\">\r\n                        <div class=\"cma-thread-numbers-count cma-thread-answers-count\">2<\/div>\r\n                        <div class=\"cma-thread-numbers-caption cma-thread-answers-caption\">antworten<\/div>\r\n                    <\/div>\r\n                \r\n                                    <div class=\"cma-thread-numbers cma-thread-views\">\r\n                        <div class=\"cma-thread-numbers-count cma-thread-views-count\">53<\/div>\r\n                        <div class=\"cma-thread-numbers-caption cma-thread-views-caption\">views<\/div>\r\n                    <\/div>\r\n                \r\n                \r\n                \r\n                \r\n            <\/div>\r\n        <\/div>\r\n    \r\n    \r\n    \r\n        \r\n        <div class=\"cma-thread-title\">\r\n                        <a href=\"https:\/\/www.cfos-emobility.de\/network\/antworten\/nutzung-als-energiemanager-zur-steuerung-einer-waermepumpe\/\" bhref=\"\/\/www.cfos-emobility.de\/network\/wp-json\/wp\/v2\/pages\/19\" title=\"Hallo,\n&nbsp;\nvorhanden sind eine WP und eine cfos-Wallbox, damit stehen zur Steuerung nach \u00a714a EnW...\"><span class=\"resolved\">[RESOLVED] <\/span>Nutzung als Energiemanager zur Steuerung einer W\u00e4rmepumpe<\/a>\r\n        <\/div>\r\n    \r\n    \r\n    \r\n        <div class=\"cma-thread-summary-right\">\r\n                            <div class=\"cma-thread-posted\">\r\n                     3 weeks ago gefragt von <a href=\"https:\/\/www.cfos-emobility.de\/network\/contributor\/feldbohne\/\" class=\"cma-user-profile-link\" target=\"_blank\">feldbohne<\/a>                                    <\/div>\r\n            \r\n            \r\n                            <div class=\"cma-thread-updated\">\r\n                                            updated 3 weeks ago by <a href=\"https:\/\/www.cfos-emobility.de\/network\/contributor\/feldbohne\/\" class=\"cma-user-profile-link\" target=\"_blank\">feldbohne<\/a>                                    <\/div>\r\n            \r\n            \r\n            \r\n            \r\n            \r\n        <\/div>\r\n\r\n    \r\n    <div class=\"cma-thread-tags\"><\/div>\r\n    \r\n            \r\n        <div class=\"cma-thread-recent-answer\">\r\n                        <div class=\"cma-thread-answer-author-img\">\r\n                            <\/div>\r\n            <div class=\"cma-thread-answer-info\">\r\n                <a href=\"https:\/\/www.cfos-emobility.de\/network\/contributor\/feldbohne\/\" class=\"cma-user-profile-link\" target=\"_blank\">feldbohne<\/a>                <span class=\"cma-thread-date\">3. April 2026 15:39<\/span>\r\n            <\/div>\r\n            <div class=\"cma-thread-answer-content\">\r\n                Vielen Dank f\u00fcr die Antwort, dann hat sich das ja gekl\u00e4rt. &nbsp; Leider ein wenig Missverst\u00e4ndlich im Wiki formuliert, da ja explizit \"Schaltausgang\" erw\u00e4hnt wird, aber sei es drum. Vielleicht liest cfos hier ja mit und kann die Funktion (ggf. auch am Pin-Header) nachliefern, eine direkte Relais-Steuerung kann ja schlie\u00dflich f\u00fcr viele Funktionen interessant sein. <a href=\"https:\/\/www.cfos-emobility.de\/network\/antworten\/nutzung-als-energiemanager-zur-steuerung-einer-waermepumpe\/#answer-5523\">...mehr lesen<\/a>            <\/div>\r\n        <\/div>\r\n    \r\n    \r\n    \r\n<\/div><div class=\"cma-thread-snippet  answered resolved\" data-question-id=\"7285\">\r\n    \r\n            <div class=\"cma-thread-meta\">\r\n            <div class=\"cma-thread-meta-div\">\r\n                                    <div class=\"cma-thread-numbers cma-thread-votes\">\r\n                        <div class=\"cma-thread-numbers-count cma-thread-votes-count \">1<\/div>\r\n                        <div class=\"cma-thread-numbers-caption cma-thread-votes-caption\">vote<\/div>\r\n                    <\/div>\r\n                \r\n                                    <div class=\"cma-thread-numbers cma-thread-answers  cma-thread-have-best-answer\">\r\n                        <div class=\"cma-thread-numbers-count cma-thread-answers-count\">2<\/div>\r\n                        <div class=\"cma-thread-numbers-caption cma-thread-answers-caption\">antworten<\/div>\r\n                    <\/div>\r\n                \r\n                                    <div class=\"cma-thread-numbers cma-thread-views\">\r\n                        <div class=\"cma-thread-numbers-count cma-thread-views-count\">53<\/div>\r\n                        <div class=\"cma-thread-numbers-caption cma-thread-views-caption\">views<\/div>\r\n                    <\/div>\r\n                \r\n                \r\n                \r\n                \r\n            <\/div>\r\n        <\/div>\r\n    \r\n    \r\n    \r\n        \r\n        <div class=\"cma-thread-title\">\r\n                        <a href=\"https:\/\/www.cfos-emobility.de\/network\/antworten\/controller-v2-steckverbindung-des-rfid-flachbandkabels\/\" bhref=\"\/\/www.cfos-emobility.de\/network\/wp-json\/wp\/v2\/pages\/19\" title=\"Bei der Installation habe ich aus Versehen die Reihe mit den Pfostensteckern von der Platine abgezog...\"><span class=\"resolved\">[RESOLVED] <\/span>Controller v2 - Steckverbindung des RFID-Flachbandkabels<\/a>\r\n        <\/div>\r\n    \r\n    \r\n    \r\n        <div class=\"cma-thread-summary-right\">\r\n                            <div class=\"cma-thread-posted\">\r\n                     1 month ago gefragt von <a href=\"https:\/\/www.cfos-emobility.de\/network\/contributor\/anwender\/\" class=\"cma-user-profile-link\" target=\"_blank\">Anwender<\/a>                                    <\/div>\r\n            \r\n            \r\n                            <div class=\"cma-thread-updated\">\r\n                                            updated 3 weeks ago by <a href=\"https:\/\/www.cfos-emobility.de\/network\/contributor\/anwender\/\" class=\"cma-user-profile-link\" target=\"_blank\">Anwender<\/a>                                    <\/div>\r\n            \r\n            \r\n            \r\n            \r\n            \r\n        <\/div>\r\n\r\n    \r\n    <div class=\"cma-thread-tags\">Tags: <ul class=\"cma-tags-list\"><li><a href=\"https:\/\/www.cfos-emobility.de\/network\/wp-json\/wp\/v2\/pages\/19?cmatag=konfiguration\">Konfiguration<\/a><\/li><li><a href=\"https:\/\/www.cfos-emobility.de\/network\/wp-json\/wp\/v2\/pages\/19?cmatag=rfid\">RFID<\/a><\/li><li><a href=\"https:\/\/www.cfos-emobility.de\/network\/wp-json\/wp\/v2\/pages\/19?cmatag=wallbox\">Wallbox<\/a><\/li><\/ul><\/div>\r\n    \r\n            \r\n        <div class=\"cma-thread-recent-answer\">\r\n                        <div class=\"cma-thread-answer-author-img\">\r\n                            <\/div>\r\n            <div class=\"cma-thread-answer-info\">\r\n                <a href=\"https:\/\/www.cfos-emobility.de\/network\/contributor\/anwender\/\" class=\"cma-user-profile-link\" target=\"_blank\">Anwender<\/a>                <span class=\"cma-thread-date\">1. April 2026 18:06<\/span>\r\n            <\/div>\r\n            <div class=\"cma-thread-answer-content\">\r\n                Der erste freie wars nicht, habe dann doch experimentiert - zwei freie sind es. L\u00e4uft wieder. Danke f\u00fcr die Hilfe!            <\/div>\r\n        <\/div>\r\n    \r\n    \r\n    \r\n<\/div><div class=\"cma-thread-snippet  answered \" data-question-id=\"7283\">\r\n    \r\n            <div class=\"cma-thread-meta\">\r\n            <div class=\"cma-thread-meta-div\">\r\n                                    <div class=\"cma-thread-numbers cma-thread-votes\">\r\n                        <div class=\"cma-thread-numbers-count cma-thread-votes-count \">0<\/div>\r\n                        <div class=\"cma-thread-numbers-caption cma-thread-votes-caption\">votes<\/div>\r\n                    <\/div>\r\n                \r\n                                    <div class=\"cma-thread-numbers cma-thread-answers \">\r\n                        <div class=\"cma-thread-numbers-count cma-thread-answers-count\">3<\/div>\r\n                        <div class=\"cma-thread-numbers-caption cma-thread-answers-caption\">antworten<\/div>\r\n                    <\/div>\r\n                \r\n                                    <div class=\"cma-thread-numbers cma-thread-views\">\r\n                        <div class=\"cma-thread-numbers-count cma-thread-views-count\">36<\/div>\r\n                        <div class=\"cma-thread-numbers-caption cma-thread-views-caption\">views<\/div>\r\n                    <\/div>\r\n                \r\n                \r\n                \r\n                \r\n            <\/div>\r\n        <\/div>\r\n    \r\n    \r\n    \r\n        \r\n        <div class=\"cma-thread-title\">\r\n                        <a href=\"https:\/\/www.cfos-emobility.de\/network\/antworten\/korrekte-anzeige-solax-im-lastmanagement\/\" bhref=\"\/\/www.cfos-emobility.de\/network\/wp-json\/wp\/v2\/pages\/19\" title=\"Hallo zusammen,\nich habe mir von @Geotec die beiden json-Dateien f\u00fcr die Konfiguration von Solax Hyb...\">Korrekte Anzeige Solax im Lastmanagement<\/a>\r\n        <\/div>\r\n    \r\n    \r\n    \r\n        <div class=\"cma-thread-summary-right\">\r\n                            <div class=\"cma-thread-posted\">\r\n                     1 month ago gefragt von <a href=\"https:\/\/www.cfos-emobility.de\/network\/contributor\/baur_andi\/\" class=\"cma-user-profile-link\" target=\"_blank\">baur_andi<\/a>                                    <\/div>\r\n            \r\n            \r\n                            <div class=\"cma-thread-updated\">\r\n                                            updated 3 weeks ago by <a href=\"https:\/\/www.cfos-emobility.de\/network\/contributor\/geotec\/\" class=\"cma-user-profile-link\" target=\"_blank\">Geotec<\/a>                                    <\/div>\r\n            \r\n            \r\n            \r\n            \r\n            \r\n        <\/div>\r\n\r\n    \r\n    <div class=\"cma-thread-tags\"><\/div>\r\n    \r\n            \r\n        <div class=\"cma-thread-recent-answer\">\r\n                        <div class=\"cma-thread-answer-author-img\">\r\n                            <\/div>\r\n            <div class=\"cma-thread-answer-info\">\r\n                <a href=\"https:\/\/www.cfos-emobility.de\/network\/contributor\/geotec\/\" class=\"cma-user-profile-link\" target=\"_blank\">Geotec<\/a>                <span class=\"cma-thread-date\">1. April 2026 18:35<\/span>\r\n            <\/div>\r\n            <div class=\"cma-thread-answer-content\">\r\n                Das ist aber doch die Definition f\u00fcr den WR. Die sollte dann auch die Rolle \\\"Erzeugung\\\" haben. Edit: Hab noch Mal geschaut. Die Definition ist doch f\u00fcr den Netzbezugsz\u00e4hler. Dann muss die Rolle nat\u00fcrlich doch \\\"Netzbezug\\\" dein. Warum der Hausverbrauch nicht errechnet wird verstehe ich auch gerade nicht.            <\/div>\r\n        <\/div>\r\n    \r\n    \r\n    \r\n<\/div><div class=\"cma-thread-snippet  answered resolved\" data-question-id=\"7280\">\r\n    \r\n            <div class=\"cma-thread-meta\">\r\n            <div class=\"cma-thread-meta-div\">\r\n                                    <div class=\"cma-thread-numbers cma-thread-votes\">\r\n                        <div class=\"cma-thread-numbers-count cma-thread-votes-count \">0<\/div>\r\n                        <div class=\"cma-thread-numbers-caption cma-thread-votes-caption\">votes<\/div>\r\n                    <\/div>\r\n                \r\n                                    <div class=\"cma-thread-numbers cma-thread-answers \">\r\n                        <div class=\"cma-thread-numbers-count cma-thread-answers-count\">5<\/div>\r\n                        <div class=\"cma-thread-numbers-caption cma-thread-answers-caption\">antworten<\/div>\r\n                    <\/div>\r\n                \r\n                                    <div class=\"cma-thread-numbers cma-thread-views\">\r\n                        <div class=\"cma-thread-numbers-count cma-thread-views-count\">78<\/div>\r\n                        <div class=\"cma-thread-numbers-caption cma-thread-views-caption\">views<\/div>\r\n                    <\/div>\r\n                \r\n                \r\n                \r\n                \r\n            <\/div>\r\n        <\/div>\r\n    \r\n    \r\n    \r\n        \r\n        <div class=\"cma-thread-title\">\r\n                        <a href=\"https:\/\/www.cfos-emobility.de\/network\/antworten\/meine-wallbox-erkennt-nicht-mehr-dass-das-kabel-eingesteckt-wurde\/\" bhref=\"\/\/www.cfos-emobility.de\/network\/wp-json\/wp\/v2\/pages\/19\" title=\"Von &quot;jetzt auf gleich&quot; l\u00e4dt mein Auto nicht mehr an der Wallbox. Im Logfile entdecke ich nach dem St...\"><span class=\"resolved\">[RESOLVED] <\/span>Meine Wallbox erkennt nicht mehr, dass das Kabel eingesteckt wurde<\/a>\r\n        <\/div>\r\n    \r\n    \r\n    \r\n        <div class=\"cma-thread-summary-right\">\r\n                            <div class=\"cma-thread-posted\">\r\n                     1 month ago gefragt von <a href=\"https:\/\/www.cfos-emobility.de\/network\/contributor\/tueftler17\/\" class=\"cma-user-profile-link\" target=\"_blank\">tueftler17<\/a>                                    <\/div>\r\n            \r\n            \r\n                            <div class=\"cma-thread-updated\">\r\n                                            updated 3 weeks ago by <a href=\"https:\/\/www.cfos-emobility.de\/network\/contributor\/geotec\/\" class=\"cma-user-profile-link\" target=\"_blank\">Geotec<\/a>                                    <\/div>\r\n            \r\n            \r\n            \r\n            \r\n            \r\n        <\/div>\r\n\r\n    \r\n    <div class=\"cma-thread-tags\">Tags: <ul class=\"cma-tags-list\"><li><a href=\"https:\/\/www.cfos-emobility.de\/network\/wp-json\/wp\/v2\/pages\/19?cmatag=wallbox\">Wallbox<\/a><\/li><\/ul><\/div>\r\n    \r\n            \r\n        <div class=\"cma-thread-recent-answer\">\r\n                        <div class=\"cma-thread-answer-author-img\">\r\n                            <\/div>\r\n            <div class=\"cma-thread-answer-info\">\r\n                <a href=\"https:\/\/www.cfos-emobility.de\/network\/contributor\/geotec\/\" class=\"cma-user-profile-link\" target=\"_blank\">Geotec<\/a>                <span class=\"cma-thread-date\">3. April 2026 19:29<\/span>\r\n            <\/div>\r\n            <div class=\"cma-thread-answer-content\">\r\n                Krass! Ich hatte damit gerechnet, dass der Defekt direkt im Stecker ist.            <\/div>\r\n        <\/div>\r\n    \r\n    \r\n    \r\n<\/div><div class=\"cma-thread-snippet  answered \" data-question-id=\"7279\">\r\n    \r\n            <div class=\"cma-thread-meta\">\r\n            <div class=\"cma-thread-meta-div\">\r\n                                    <div class=\"cma-thread-numbers cma-thread-votes\">\r\n                        <div class=\"cma-thread-numbers-count cma-thread-votes-count \">0<\/div>\r\n                        <div class=\"cma-thread-numbers-caption cma-thread-votes-caption\">votes<\/div>\r\n                    <\/div>\r\n                \r\n                                    <div class=\"cma-thread-numbers cma-thread-answers \">\r\n                        <div class=\"cma-thread-numbers-count cma-thread-answers-count\">2<\/div>\r\n                        <div class=\"cma-thread-numbers-caption cma-thread-answers-caption\">antworten<\/div>\r\n                    <\/div>\r\n                \r\n                                    <div class=\"cma-thread-numbers cma-thread-views\">\r\n                        <div class=\"cma-thread-numbers-count cma-thread-views-count\">29<\/div>\r\n                        <div class=\"cma-thread-numbers-caption cma-thread-views-caption\">views<\/div>\r\n                    <\/div>\r\n                \r\n                \r\n                \r\n                \r\n            <\/div>\r\n        <\/div>\r\n    \r\n    \r\n    \r\n        \r\n        <div class=\"cma-thread-title\">\r\n                        <a href=\"https:\/\/www.cfos-emobility.de\/network\/antworten\/falsche-leistungsanzeige-slave-box\/\" bhref=\"\/\/www.cfos-emobility.de\/network\/wp-json\/wp\/v2\/pages\/19\" title=\"Hallo,\ndie Anzeige der bezogenen Leistung von meiner Slave-Box (ebenfalls cFos Power Brain 2.0) stim...\">Falsche Leistungsanzeige Slave Box<\/a>\r\n        <\/div>\r\n    \r\n    \r\n    \r\n        <div class=\"cma-thread-summary-right\">\r\n                            <div class=\"cma-thread-posted\">\r\n                     1 month ago gefragt von <a href=\"https:\/\/www.cfos-emobility.de\/network\/contributor\/hannie\/\" class=\"cma-user-profile-link\" target=\"_blank\">Hannie<\/a>                                    <\/div>\r\n            \r\n            \r\n                            <div class=\"cma-thread-updated\">\r\n                                            updated 1 week ago by <a href=\"https:\/\/www.cfos-emobility.de\/network\/contributor\/hannie\/\" class=\"cma-user-profile-link\" target=\"_blank\">Hannie<\/a>                                    <\/div>\r\n            \r\n            \r\n            \r\n            \r\n            \r\n        <\/div>\r\n\r\n    \r\n    <div class=\"cma-thread-tags\">Tags: <ul class=\"cma-tags-list\"><li><a href=\"https:\/\/www.cfos-emobility.de\/network\/wp-json\/wp\/v2\/pages\/19?cmatag=anzeige\">Anzeige<\/a><\/li><li><a href=\"https:\/\/www.cfos-emobility.de\/network\/wp-json\/wp\/v2\/pages\/19?cmatag=ladeleistung\">ladeleistung<\/a><\/li><li><a href=\"https:\/\/www.cfos-emobility.de\/network\/wp-json\/wp\/v2\/pages\/19?cmatag=slavebox\">Slavebox<\/a><\/li><\/ul><\/div>\r\n    \r\n            \r\n        <div class=\"cma-thread-recent-answer\">\r\n                        <div class=\"cma-thread-answer-author-img\">\r\n                            <\/div>\r\n            <div class=\"cma-thread-answer-info\">\r\n                <a href=\"https:\/\/www.cfos-emobility.de\/network\/contributor\/hannie\/\" class=\"cma-user-profile-link\" target=\"_blank\">Hannie<\/a>                <span class=\"cma-thread-date\">15. April 2026 21:53<\/span>\r\n            <\/div>\r\n            <div class=\"cma-thread-answer-content\">\r\n                Hm, finde die entsprechende Frage hier nicht. Vlt. suche ich falsch? War das Problem \u00e4hnlich und wurde es behoben oder ist das ein Fehler in der FW? Mit einer vorherigen Version klappte es jedenfalls.            <\/div>\r\n        <\/div>\r\n    \r\n    \r\n    \r\n<\/div>\t\t\t\t<\/div>\r\n\t\t\t<\/div>\r\n\t\t\t\r\n\t\t\t\t\t\r\n\t\t\t\t\r\n\t\t<div class=\"cma-pagination\">\r\n    <span aria-current=\"page\" class=\"page-numbers current\">1<\/span>\n<a class=\"page-numbers\" href=\"https:\/\/www.cfos-emobility.de\/network\/antworten\/page\/2\/?widgetCacheId=b53554cf33ff3f6be9b39fb95e839a54\">2<\/a>\n<a class=\"page-numbers\" href=\"https:\/\/www.cfos-emobility.de\/network\/antworten\/page\/3\/?widgetCacheId=b53554cf33ff3f6be9b39fb95e839a54\">3<\/a>\n<span class=\"page-numbers dots\">&hellip;<\/span>\n<a class=\"page-numbers\" href=\"https:\/\/www.cfos-emobility.de\/network\/antworten\/page\/47\/?widgetCacheId=b53554cf33ff3f6be9b39fb95e839a54\">47<\/a>\n<a class=\"next page-numbers\" href=\"https:\/\/www.cfos-emobility.de\/network\/antworten\/page\/2\/?widgetCacheId=b53554cf33ff3f6be9b39fb95e839a54\">Weiter &raquo;<\/a><\/div>\t\t\r\n\t\t\r\n\t    <ul class=\"cma-follow-bar cma-follow-bar-questions-index-bottom\">\r\n\r\n\t\t\r\n\t\t\r\n<\/ul>\t\r\n<br><hr style='background:#ccc; color:#ccc;'><br>\r\n<!--googleoff: all-->\r\n<div class=\"cma-form-container cma-question-form-container no-markup-box\">\r\n\r\n    \r\n    \r\n        \r\n<\/div>\r\n<!--googleon: all-->\r\n\r\n\r\n<script type=\"text\/javascript\">\r\n    jQuery(function ($) {\r\n        CMA_tags_init($);\r\n\r\n        $('.cma-thread-add').submit(function () {\r\n            var cma_form_tags = $(this).find('.cma-form-tags').length;\r\n            if (cma_form_tags > 0) {\r\n                var cma_form_tags_required = $(this).find('.cma-form-tags').data('istagrequired');\r\n                var cma_form_tags_values = $(this).find('input[name=\"thread_tags\"]').val();\r\n                if (cma_form_tags_required == '1' && cma_form_tags_values == '') {\r\n                    alert(\"Tag is required field!\");\r\n                    $(this).find('.cma-tag-input').focus();\r\n                    return false;\r\n                }\r\n            }\r\n\r\n        });\r\n\r\n    });\r\n<\/script>\r\n\t\r\n<\/div>\r\n<\/div>\r\n<\/div>[\/vc_column_text][\/vc_column][\/vc_row]<\/p>\n<\/div>","protected":false},"excerpt":{"rendered":"<p>[vc_row disable_element=&#8220;yes&#8220; conditional_render=&#8220;%5B%7B%22value_role%22%3A%22administrator%22%7D%5D&#8220; css_params=&#8220;&#8220;][vc_column][vc_icon icon_fontawesome=&#8220;fas fa-exclamation-circle&#8220; color=&#8220;orange&#8220; size=&#8220;xl&#8220; align=&#8220;center&#8220; css=&#8220;&#8220; css_params=&#8220;&#8220;][vc_column_text css=&#8220;&#8220; el_class=&#8220;hint&#8220; css_params=&#8220;&#8220;] Zur Zeit funktioniert die Detailansicht einer Frage auf dieser Seite leider nicht. Was aber geht: 1. Rechts-Klick auf die Frage 2. In neuem Browser-Tab oder Fenster-Tab \u00f6ffnen Wir arbeiten daran das Problem zu beheben! [\/vc_column_text][\/vc_column][\/vc_row][vc_row][vc_column][vc_column_text][\/vc_column_text][\/vc_column][\/vc_row]<\/p>\n","protected":false},"author":1,"featured_media":0,"parent":0,"menu_order":0,"comment_status":"closed","ping_status":"closed","template":"","meta":{"footnotes":""},"categories":[],"tags":[],"class_list":["post-19","page","type-page","status-publish","hentry"],"yoast_head":"<!-- This site is optimized with the Yoast SEO plugin v27.5 - https:\/\/yoast.com\/product\/yoast-seo-wordpress\/ -->\n<title>Fragen und Antworten - cFos eMobility Network<\/title>\n<meta name=\"robots\" content=\"index, follow, max-snippet:-1, max-image-preview:large, max-video-preview:-1\" \/>\n<link rel=\"canonical\" href=\"https:\/\/www.cfos-emobility.de\/network\/fragen-und-antworten\/\" \/>\n<meta property=\"og:locale\" content=\"de_DE\" \/>\n<meta property=\"og:type\" content=\"article\" \/>\n<meta property=\"og:title\" content=\"Fragen und Antworten - cFos eMobility Network\" \/>\n<meta property=\"og:description\" content=\"[vc_row disable_element=&#8220;yes&#8220; conditional_render=&#8220;%5B%7B%22value_role%22%3A%22administrator%22%7D%5D&#8220; css_params=&#8220;&#8220;][vc_column][vc_icon icon_fontawesome=&#8220;fas fa-exclamation-circle&#8220; color=&#8220;orange&#8220; size=&#8220;xl&#8220; align=&#8220;center&#8220; css=&#8220;&#8220; css_params=&#8220;&#8220;][vc_column_text css=&#8220;&#8220; el_class=&#8220;hint&#8220; css_params=&#8220;&#8220;] Zur Zeit funktioniert die Detailansicht einer Frage auf dieser Seite leider nicht. Was aber geht: 1. Rechts-Klick auf die Frage 2. In neuem Browser-Tab oder Fenster-Tab \u00f6ffnen Wir arbeiten daran das Problem zu beheben! [\/vc_column_text][\/vc_column][\/vc_row][vc_row][vc_column][vc_column_text][\/vc_column_text][\/vc_column][\/vc_row]\" \/>\n<meta property=\"og:url\" content=\"https:\/\/www.cfos-emobility.de\/network\/fragen-und-antworten\/\" \/>\n<meta property=\"og:site_name\" content=\"cFos eMobility Network\" \/>\n<meta property=\"article:modified_time\" content=\"2026-03-12T13:44:06+00:00\" \/>\n<meta name=\"twitter:card\" content=\"summary_large_image\" \/>\n<meta name=\"twitter:site\" content=\"@cFosEmobility\" \/>\n<meta name=\"twitter:label1\" content=\"Gesch\u00e4tzte Lesezeit\" \/>\n\t<meta name=\"twitter:data1\" content=\"1\u00a0Minute\" \/>\n<script type=\"application\/ld+json\" class=\"yoast-schema-graph\">{\"@context\":\"https:\\\/\\\/schema.org\",\"@graph\":[{\"@type\":\"WebPage\",\"@id\":\"https:\\\/\\\/www.cfos-emobility.de\\\/network\\\/fragen-und-antworten\\\/\",\"url\":\"https:\\\/\\\/www.cfos-emobility.de\\\/network\\\/fragen-und-antworten\\\/\",\"name\":\"Fragen und Antworten - cFos eMobility Network\",\"isPartOf\":{\"@id\":\"https:\\\/\\\/www.cfos-emobility.de\\\/network\\\/#website\"},\"datePublished\":\"2021-12-06T15:40:20+00:00\",\"dateModified\":\"2026-03-12T13:44:06+00:00\",\"breadcrumb\":{\"@id\":\"https:\\\/\\\/www.cfos-emobility.de\\\/network\\\/fragen-und-antworten\\\/#breadcrumb\"},\"inLanguage\":\"de\",\"potentialAction\":[{\"@type\":\"ReadAction\",\"target\":[\"https:\\\/\\\/www.cfos-emobility.de\\\/network\\\/fragen-und-antworten\\\/\"]}]},{\"@type\":\"BreadcrumbList\",\"@id\":\"https:\\\/\\\/www.cfos-emobility.de\\\/network\\\/fragen-und-antworten\\\/#breadcrumb\",\"itemListElement\":[{\"@type\":\"ListItem\",\"position\":1,\"name\":\"Startseite\",\"item\":\"https:\\\/\\\/www.cfos-emobility.de\\\/network\\\/\"},{\"@type\":\"ListItem\",\"position\":2,\"name\":\"Fragen und Antworten\"}]},{\"@type\":\"WebSite\",\"@id\":\"https:\\\/\\\/www.cfos-emobility.de\\\/network\\\/#website\",\"url\":\"https:\\\/\\\/www.cfos-emobility.de\\\/network\\\/\",\"name\":\"cFos eMobility Network\",\"description\":\"Das cFos Power Brain Community Portal\",\"publisher\":{\"@id\":\"https:\\\/\\\/www.cfos-emobility.de\\\/network\\\/#organization\"},\"potentialAction\":[{\"@type\":\"SearchAction\",\"target\":{\"@type\":\"EntryPoint\",\"urlTemplate\":\"https:\\\/\\\/www.cfos-emobility.de\\\/network\\\/?s={search_term_string}\"},\"query-input\":{\"@type\":\"PropertyValueSpecification\",\"valueRequired\":true,\"valueName\":\"search_term_string\"}}],\"inLanguage\":\"de\"},{\"@type\":\"Organization\",\"@id\":\"https:\\\/\\\/www.cfos-emobility.de\\\/network\\\/#organization\",\"name\":\"cFos eMobility GmbH\",\"url\":\"https:\\\/\\\/www.cfos-emobility.de\\\/network\\\/\",\"logo\":{\"@type\":\"ImageObject\",\"inLanguage\":\"de\",\"@id\":\"https:\\\/\\\/www.cfos-emobility.de\\\/network\\\/#\\\/schema\\\/logo\\\/image\\\/\",\"url\":\"https:\\\/\\\/www.cfos-emobility.de\\\/network\\\/wp-content\\\/uploads\\\/2021\\\/12\\\/cfos-emobility-logo.jpg\",\"contentUrl\":\"https:\\\/\\\/www.cfos-emobility.de\\\/network\\\/wp-content\\\/uploads\\\/2021\\\/12\\\/cfos-emobility-logo.jpg\",\"width\":221,\"height\":80,\"caption\":\"cFos eMobility GmbH\"},\"image\":{\"@id\":\"https:\\\/\\\/www.cfos-emobility.de\\\/network\\\/#\\\/schema\\\/logo\\\/image\\\/\"},\"sameAs\":[\"https:\\\/\\\/x.com\\\/cFosEmobility\"]}]}<\/script>\n<!-- \/ Yoast SEO plugin. -->","yoast_head_json":{"title":"Fragen und Antworten - cFos eMobility Network","robots":{"index":"index","follow":"follow","max-snippet":"max-snippet:-1","max-image-preview":"max-image-preview:large","max-video-preview":"max-video-preview:-1"},"canonical":"https:\/\/www.cfos-emobility.de\/network\/fragen-und-antworten\/","og_locale":"de_DE","og_type":"article","og_title":"Fragen und Antworten - cFos eMobility Network","og_description":"[vc_row disable_element=&#8220;yes&#8220; conditional_render=&#8220;%5B%7B%22value_role%22%3A%22administrator%22%7D%5D&#8220; css_params=&#8220;&#8220;][vc_column][vc_icon icon_fontawesome=&#8220;fas fa-exclamation-circle&#8220; color=&#8220;orange&#8220; size=&#8220;xl&#8220; align=&#8220;center&#8220; css=&#8220;&#8220; css_params=&#8220;&#8220;][vc_column_text css=&#8220;&#8220; el_class=&#8220;hint&#8220; css_params=&#8220;&#8220;] Zur Zeit funktioniert die Detailansicht einer Frage auf dieser Seite leider nicht. Was aber geht: 1. Rechts-Klick auf die Frage 2. In neuem Browser-Tab oder Fenster-Tab \u00f6ffnen Wir arbeiten daran das Problem zu beheben! [\/vc_column_text][\/vc_column][\/vc_row][vc_row][vc_column][vc_column_text][\/vc_column_text][\/vc_column][\/vc_row]","og_url":"https:\/\/www.cfos-emobility.de\/network\/fragen-und-antworten\/","og_site_name":"cFos eMobility Network","article_modified_time":"2026-03-12T13:44:06+00:00","twitter_card":"summary_large_image","twitter_site":"@cFosEmobility","twitter_misc":{"Gesch\u00e4tzte Lesezeit":"1\u00a0Minute"},"schema":{"@context":"https:\/\/schema.org","@graph":[{"@type":"WebPage","@id":"https:\/\/www.cfos-emobility.de\/network\/fragen-und-antworten\/","url":"https:\/\/www.cfos-emobility.de\/network\/fragen-und-antworten\/","name":"Fragen und Antworten - cFos eMobility Network","isPartOf":{"@id":"https:\/\/www.cfos-emobility.de\/network\/#website"},"datePublished":"2021-12-06T15:40:20+00:00","dateModified":"2026-03-12T13:44:06+00:00","breadcrumb":{"@id":"https:\/\/www.cfos-emobility.de\/network\/fragen-und-antworten\/#breadcrumb"},"inLanguage":"de","potentialAction":[{"@type":"ReadAction","target":["https:\/\/www.cfos-emobility.de\/network\/fragen-und-antworten\/"]}]},{"@type":"BreadcrumbList","@id":"https:\/\/www.cfos-emobility.de\/network\/fragen-und-antworten\/#breadcrumb","itemListElement":[{"@type":"ListItem","position":1,"name":"Startseite","item":"https:\/\/www.cfos-emobility.de\/network\/"},{"@type":"ListItem","position":2,"name":"Fragen und Antworten"}]},{"@type":"WebSite","@id":"https:\/\/www.cfos-emobility.de\/network\/#website","url":"https:\/\/www.cfos-emobility.de\/network\/","name":"cFos eMobility Network","description":"Das cFos Power Brain Community Portal","publisher":{"@id":"https:\/\/www.cfos-emobility.de\/network\/#organization"},"potentialAction":[{"@type":"SearchAction","target":{"@type":"EntryPoint","urlTemplate":"https:\/\/www.cfos-emobility.de\/network\/?s={search_term_string}"},"query-input":{"@type":"PropertyValueSpecification","valueRequired":true,"valueName":"search_term_string"}}],"inLanguage":"de"},{"@type":"Organization","@id":"https:\/\/www.cfos-emobility.de\/network\/#organization","name":"cFos eMobility GmbH","url":"https:\/\/www.cfos-emobility.de\/network\/","logo":{"@type":"ImageObject","inLanguage":"de","@id":"https:\/\/www.cfos-emobility.de\/network\/#\/schema\/logo\/image\/","url":"https:\/\/www.cfos-emobility.de\/network\/wp-content\/uploads\/2021\/12\/cfos-emobility-logo.jpg","contentUrl":"https:\/\/www.cfos-emobility.de\/network\/wp-content\/uploads\/2021\/12\/cfos-emobility-logo.jpg","width":221,"height":80,"caption":"cFos eMobility GmbH"},"image":{"@id":"https:\/\/www.cfos-emobility.de\/network\/#\/schema\/logo\/image\/"},"sameAs":["https:\/\/x.com\/cFosEmobility"]}]}},"_links":{"self":[{"href":"https:\/\/www.cfos-emobility.de\/network\/wp-json\/wp\/v2\/pages\/19","targetHints":{"allow":["GET"]}}],"collection":[{"href":"https:\/\/www.cfos-emobility.de\/network\/wp-json\/wp\/v2\/pages"}],"about":[{"href":"https:\/\/www.cfos-emobility.de\/network\/wp-json\/wp\/v2\/types\/page"}],"author":[{"embeddable":true,"href":"https:\/\/www.cfos-emobility.de\/network\/wp-json\/wp\/v2\/users\/1"}],"replies":[{"embeddable":true,"href":"https:\/\/www.cfos-emobility.de\/network\/wp-json\/wp\/v2\/comments?post=19"}],"version-history":[{"count":4,"href":"https:\/\/www.cfos-emobility.de\/network\/wp-json\/wp\/v2\/pages\/19\/revisions"}],"predecessor-version":[{"id":7203,"href":"https:\/\/www.cfos-emobility.de\/network\/wp-json\/wp\/v2\/pages\/19\/revisions\/7203"}],"wp:attachment":[{"href":"https:\/\/www.cfos-emobility.de\/network\/wp-json\/wp\/v2\/media?parent=19"}],"wp:term":[{"taxonomy":"category","embeddable":true,"href":"https:\/\/www.cfos-emobility.de\/network\/wp-json\/wp\/v2\/categories?post=19"},{"taxonomy":"post_tag","embeddable":true,"href":"https:\/\/www.cfos-emobility.de\/network\/wp-json\/wp\/v2\/tags?post=19"}],"curies":[{"name":"wp","href":"https:\/\/api.w.org\/{rel}","templated":true}]}}