{"id":7205,"date":"2026-03-12T19:17:02","date_gmt":"2026-03-12T18:17:02","guid":{"rendered":"https:\/\/www.cfos-emobility.de\/network\/antworten\/fehlerhafte-ladekostenabrechnung\/"},"modified":"2026-03-13T10:51:06","modified_gmt":"2026-03-13T09:51:06","slug":"fehlerhafte-ladekostenabrechnung","status":"publish","type":"cma_thread","link":"https:\/\/www.cfos-emobility.de\/network\/antworten\/fehlerhafte-ladekostenabrechnung\/","title":{"rendered":"Fehlerhafte Ladekostenabrechnung"},"content":{"rendered":"<p>Hallo zusammen,<\/p>\n<p>Ich betreibe eine PowerBrain Solar 11KW mit Firmware Version 2.12.7<br \/>\nIch rechne meinen Verbrauch gegen\u00fcber meinem Arbeitgeber ab, daf\u00fcr hat bisher der Z\u00e4hlerstand gereicht.<br \/>\nK\u00fcnftig m\u00f6chte ich diese Wallbox f\u00fcr mehrere Benutzer\/Autos nutzen, muss daher nat\u00fcrlich auch kostenseitig die Ladevorg\u00e4nge auseinanderhalten.<\/p>\n<p>Ich f\u00e4nde die Option die Ladevorg\u00e4nge monatlich abzurechnen und sogar per Mail den Benutzern automatisch zuzusenden absolut genial, aber&#8230;.<br \/>\nLeider sehe ich immer wieder Ladevorg\u00e4nge mit 0 kwh, aber sehr seltsamen Preis\/Kostenangaben.<\/p>\n<p>So kosten mich 0 kwh mal schnell 2215\u20ac . \ud83d\ude09 &#8230;. und das nicht nur einmal sondern mehrmals t\u00e4glich. Meine aktuelle Monatsabrechnung f\u00fcr M\u00e4rz 2026 (also aktuell erst 14 Tage) beliefe sich bereits auf 55.000\u20ac f\u00fcr 123 kwh.<\/p>\n<p>Hat jemand ne Idee, was das schief geht. Die vielen Einzelladungen im Screenshot lassen sich durch \u00dcberschussladen erkl\u00e4ren, aber daf\u00fcr ist die Power Brain Solar ja gedacht, also sollte sie mit vielen kurzen Ladevorg\u00e4ngen klarkommen und vorallem auch die Abrechnung stimmig sein.<\/p>\n<p>Leider kann ich die Ladevorg\u00e4nge\/Abrechnungen auch nicht manuell anpassen (was f\u00fcr Abrechnungszwecke vollkommen normal ist), aber so ist diese Verbrauchsabrechnung f\u00fcr mich absolut unbrauchbar.<\/p>\n<p>&nbsp;<\/p>\n","protected":false},"excerpt":{"rendered":"<p>Hallo zusammen, Ich betreibe eine PowerBrain Solar 11KW mit Firmware Version 2.12.7 Ich rechne meinen Verbrauch gegen\u00fcber meinem Arbeitgeber ab, daf\u00fcr hat bisher der Z\u00e4hlerstand gereicht. K\u00fcnftig m\u00f6chte ich diese Wallbox f\u00fcr mehrere Benutzer\/Autos nutzen, muss daher nat\u00fcrlich auch kostenseitig die Ladevorg\u00e4nge auseinanderhalten. Ich f\u00e4nde die Option die Ladevorg\u00e4nge monatlich abzurechnen und sogar per Mail [&hellip;]<\/p>\n","protected":false},"author":590,"featured_media":0,"template":"","tags":[70,23,611],"cma_category":[2],"cma_difficulty_level":[],"class_list":["post-7205","cma_thread","type-cma_thread","status-publish","hentry","tag-abrechnung","tag-cfos-charging-manager","tag-ladetransaktionen","cma_category-cfos-emobility"],"yoast_head":"<!-- This site is optimized with the Yoast SEO plugin v27.4 - https:\/\/yoast.com\/product\/yoast-seo-wordpress\/ -->\n<title>Fehlerhafte Ladekostenabrechnung - cFos eMobility Network<\/title>\n<meta name=\"robots\" content=\"index, follow, max-snippet:-1, max-image-preview:large, max-video-preview:-1\" \/>\n<link rel=\"canonical\" href=\"https:\/\/www.cfos-emobility.de\/network\/antworten\/fehlerhafte-ladekostenabrechnung\/\" \/>\n<meta property=\"og:locale\" content=\"de_DE\" \/>\n<meta property=\"og:type\" content=\"article\" \/>\n<meta property=\"og:title\" content=\"Fehlerhafte Ladekostenabrechnung - cFos eMobility Network\" \/>\n<meta property=\"og:description\" content=\"Hallo zusammen, Ich betreibe eine PowerBrain Solar 11KW mit Firmware Version 2.12.7 Ich rechne meinen Verbrauch gegen\u00fcber meinem Arbeitgeber ab, daf\u00fcr hat bisher der Z\u00e4hlerstand gereicht. K\u00fcnftig m\u00f6chte ich diese Wallbox f\u00fcr mehrere Benutzer\/Autos nutzen, muss daher nat\u00fcrlich auch kostenseitig die Ladevorg\u00e4nge auseinanderhalten. Ich f\u00e4nde die Option die Ladevorg\u00e4nge monatlich abzurechnen und sogar per Mail [&hellip;]\" \/>\n<meta property=\"og:url\" content=\"https:\/\/www.cfos-emobility.de\/network\/antworten\/fehlerhafte-ladekostenabrechnung\/\" \/>\n<meta property=\"og:site_name\" content=\"cFos eMobility Network\" \/>\n<meta property=\"article:modified_time\" content=\"2026-03-13T09:51:06+00:00\" \/>\n<meta name=\"twitter:card\" content=\"summary_large_image\" \/>\n<meta name=\"twitter:site\" content=\"@cFosEmobility\" \/>\n<meta name=\"twitter:label1\" content=\"Gesch\u00e4tzte Lesezeit\" \/>\n\t<meta name=\"twitter:data1\" content=\"1\u00a0Minute\" \/>\n<script type=\"application\/ld+json\" class=\"yoast-schema-graph\">{\"@context\":\"https:\\\/\\\/schema.org\",\"@graph\":[{\"@type\":\"WebPage\",\"@id\":\"https:\\\/\\\/www.cfos-emobility.de\\\/network\\\/antworten\\\/fehlerhafte-ladekostenabrechnung\\\/\",\"url\":\"https:\\\/\\\/www.cfos-emobility.de\\\/network\\\/antworten\\\/fehlerhafte-ladekostenabrechnung\\\/\",\"name\":\"Fehlerhafte Ladekostenabrechnung - cFos eMobility Network\",\"isPartOf\":{\"@id\":\"https:\\\/\\\/www.cfos-emobility.de\\\/network\\\/#website\"},\"datePublished\":\"2026-03-12T18:17:02+00:00\",\"dateModified\":\"2026-03-13T09:51:06+00:00\",\"breadcrumb\":{\"@id\":\"https:\\\/\\\/www.cfos-emobility.de\\\/network\\\/antworten\\\/fehlerhafte-ladekostenabrechnung\\\/#breadcrumb\"},\"inLanguage\":\"de\",\"potentialAction\":[{\"@type\":\"ReadAction\",\"target\":[\"https:\\\/\\\/www.cfos-emobility.de\\\/network\\\/antworten\\\/fehlerhafte-ladekostenabrechnung\\\/\"]}]},{\"@type\":\"BreadcrumbList\",\"@id\":\"https:\\\/\\\/www.cfos-emobility.de\\\/network\\\/antworten\\\/fehlerhafte-ladekostenabrechnung\\\/#breadcrumb\",\"itemListElement\":[{\"@type\":\"ListItem\",\"position\":1,\"name\":\"Startseite\",\"item\":\"https:\\\/\\\/www.cfos-emobility.de\\\/network\\\/\"},{\"@type\":\"ListItem\",\"position\":2,\"name\":\"Fragen\",\"item\":\"https:\\\/\\\/www.cfos-emobility.de\\\/network\\\/antworten\\\/\"},{\"@type\":\"ListItem\",\"position\":3,\"name\":\"Fehlerhafte Ladekostenabrechnung\"}]},{\"@type\":\"WebSite\",\"@id\":\"https:\\\/\\\/www.cfos-emobility.de\\\/network\\\/#website\",\"url\":\"https:\\\/\\\/www.cfos-emobility.de\\\/network\\\/\",\"name\":\"cFos eMobility Network\",\"description\":\"Das cFos Power Brain Community Portal\",\"publisher\":{\"@id\":\"https:\\\/\\\/www.cfos-emobility.de\\\/network\\\/#organization\"},\"potentialAction\":[{\"@type\":\"SearchAction\",\"target\":{\"@type\":\"EntryPoint\",\"urlTemplate\":\"https:\\\/\\\/www.cfos-emobility.de\\\/network\\\/?s={search_term_string}\"},\"query-input\":{\"@type\":\"PropertyValueSpecification\",\"valueRequired\":true,\"valueName\":\"search_term_string\"}}],\"inLanguage\":\"de\"},{\"@type\":\"Organization\",\"@id\":\"https:\\\/\\\/www.cfos-emobility.de\\\/network\\\/#organization\",\"name\":\"cFos eMobility GmbH\",\"url\":\"https:\\\/\\\/www.cfos-emobility.de\\\/network\\\/\",\"logo\":{\"@type\":\"ImageObject\",\"inLanguage\":\"de\",\"@id\":\"https:\\\/\\\/www.cfos-emobility.de\\\/network\\\/#\\\/schema\\\/logo\\\/image\\\/\",\"url\":\"https:\\\/\\\/www.cfos-emobility.de\\\/network\\\/wp-content\\\/uploads\\\/2021\\\/12\\\/cfos-emobility-logo.jpg\",\"contentUrl\":\"https:\\\/\\\/www.cfos-emobility.de\\\/network\\\/wp-content\\\/uploads\\\/2021\\\/12\\\/cfos-emobility-logo.jpg\",\"width\":221,\"height\":80,\"caption\":\"cFos eMobility GmbH\"},\"image\":{\"@id\":\"https:\\\/\\\/www.cfos-emobility.de\\\/network\\\/#\\\/schema\\\/logo\\\/image\\\/\"},\"sameAs\":[\"https:\\\/\\\/x.com\\\/cFosEmobility\"]}]}<\/script>\n<!-- \/ Yoast SEO plugin. -->","yoast_head_json":{"title":"Fehlerhafte Ladekostenabrechnung - cFos eMobility Network","robots":{"index":"index","follow":"follow","max-snippet":"max-snippet:-1","max-image-preview":"max-image-preview:large","max-video-preview":"max-video-preview:-1"},"canonical":"https:\/\/www.cfos-emobility.de\/network\/antworten\/fehlerhafte-ladekostenabrechnung\/","og_locale":"de_DE","og_type":"article","og_title":"Fehlerhafte Ladekostenabrechnung - cFos eMobility Network","og_description":"Hallo zusammen, Ich betreibe eine PowerBrain Solar 11KW mit Firmware Version 2.12.7 Ich rechne meinen Verbrauch gegen\u00fcber meinem Arbeitgeber ab, daf\u00fcr hat bisher der Z\u00e4hlerstand gereicht. K\u00fcnftig m\u00f6chte ich diese Wallbox f\u00fcr mehrere Benutzer\/Autos nutzen, muss daher nat\u00fcrlich auch kostenseitig die Ladevorg\u00e4nge auseinanderhalten. Ich f\u00e4nde die Option die Ladevorg\u00e4nge monatlich abzurechnen und sogar per Mail [&hellip;]","og_url":"https:\/\/www.cfos-emobility.de\/network\/antworten\/fehlerhafte-ladekostenabrechnung\/","og_site_name":"cFos eMobility Network","article_modified_time":"2026-03-13T09:51:06+00:00","twitter_card":"summary_large_image","twitter_site":"@cFosEmobility","twitter_misc":{"Gesch\u00e4tzte Lesezeit":"1\u00a0Minute"},"schema":{"@context":"https:\/\/schema.org","@graph":[{"@type":"WebPage","@id":"https:\/\/www.cfos-emobility.de\/network\/antworten\/fehlerhafte-ladekostenabrechnung\/","url":"https:\/\/www.cfos-emobility.de\/network\/antworten\/fehlerhafte-ladekostenabrechnung\/","name":"Fehlerhafte Ladekostenabrechnung - cFos eMobility Network","isPartOf":{"@id":"https:\/\/www.cfos-emobility.de\/network\/#website"},"datePublished":"2026-03-12T18:17:02+00:00","dateModified":"2026-03-13T09:51:06+00:00","breadcrumb":{"@id":"https:\/\/www.cfos-emobility.de\/network\/antworten\/fehlerhafte-ladekostenabrechnung\/#breadcrumb"},"inLanguage":"de","potentialAction":[{"@type":"ReadAction","target":["https:\/\/www.cfos-emobility.de\/network\/antworten\/fehlerhafte-ladekostenabrechnung\/"]}]},{"@type":"BreadcrumbList","@id":"https:\/\/www.cfos-emobility.de\/network\/antworten\/fehlerhafte-ladekostenabrechnung\/#breadcrumb","itemListElement":[{"@type":"ListItem","position":1,"name":"Startseite","item":"https:\/\/www.cfos-emobility.de\/network\/"},{"@type":"ListItem","position":2,"name":"Fragen","item":"https:\/\/www.cfos-emobility.de\/network\/antworten\/"},{"@type":"ListItem","position":3,"name":"Fehlerhafte Ladekostenabrechnung"}]},{"@type":"WebSite","@id":"https:\/\/www.cfos-emobility.de\/network\/#website","url":"https:\/\/www.cfos-emobility.de\/network\/","name":"cFos eMobility Network","description":"Das cFos Power Brain Community Portal","publisher":{"@id":"https:\/\/www.cfos-emobility.de\/network\/#organization"},"potentialAction":[{"@type":"SearchAction","target":{"@type":"EntryPoint","urlTemplate":"https:\/\/www.cfos-emobility.de\/network\/?s={search_term_string}"},"query-input":{"@type":"PropertyValueSpecification","valueRequired":true,"valueName":"search_term_string"}}],"inLanguage":"de"},{"@type":"Organization","@id":"https:\/\/www.cfos-emobility.de\/network\/#organization","name":"cFos eMobility GmbH","url":"https:\/\/www.cfos-emobility.de\/network\/","logo":{"@type":"ImageObject","inLanguage":"de","@id":"https:\/\/www.cfos-emobility.de\/network\/#\/schema\/logo\/image\/","url":"https:\/\/www.cfos-emobility.de\/network\/wp-content\/uploads\/2021\/12\/cfos-emobility-logo.jpg","contentUrl":"https:\/\/www.cfos-emobility.de\/network\/wp-content\/uploads\/2021\/12\/cfos-emobility-logo.jpg","width":221,"height":80,"caption":"cFos eMobility GmbH"},"image":{"@id":"https:\/\/www.cfos-emobility.de\/network\/#\/schema\/logo\/image\/"},"sameAs":["https:\/\/x.com\/cFosEmobility"]}]}},"_links":{"self":[{"href":"https:\/\/www.cfos-emobility.de\/network\/wp-json\/wp\/v2\/cma_thread\/7205","targetHints":{"allow":["GET"]}}],"collection":[{"href":"https:\/\/www.cfos-emobility.de\/network\/wp-json\/wp\/v2\/cma_thread"}],"about":[{"href":"https:\/\/www.cfos-emobility.de\/network\/wp-json\/wp\/v2\/types\/cma_thread"}],"author":[{"embeddable":true,"href":"https:\/\/www.cfos-emobility.de\/network\/wp-json\/wp\/v2\/users\/590"}],"wp:attachment":[{"href":"https:\/\/www.cfos-emobility.de\/network\/wp-json\/wp\/v2\/media?parent=7205"}],"wp:term":[{"taxonomy":"post_tag","embeddable":true,"href":"https:\/\/www.cfos-emobility.de\/network\/wp-json\/wp\/v2\/tags?post=7205"},{"taxonomy":"cma_category","embeddable":true,"href":"https:\/\/www.cfos-emobility.de\/network\/wp-json\/wp\/v2\/cma_category?post=7205"},{"taxonomy":"cma_difficulty_level","embeddable":true,"href":"https:\/\/www.cfos-emobility.de\/network\/wp-json\/wp\/v2\/cma_difficulty_level?post=7205"}],"curies":[{"name":"wp","href":"https:\/\/api.w.org\/{rel}","templated":true}]}}