{"id":6672,"date":"2025-10-28T15:26:06","date_gmt":"2025-10-28T14:26:06","guid":{"rendered":"https:\/\/www.cfos-emobility.de\/network\/antworten\/berechnung-geladene-kwh-bei-cfos-falsch-in-verbindung-mit-evcc\/"},"modified":"2025-10-28T15:26:06","modified_gmt":"2025-10-28T14:26:06","slug":"berechnung-geladene-kwh-bei-cfos-falsch-in-verbindung-mit-evcc","status":"publish","type":"cma_thread","link":"https:\/\/www.cfos-emobility.de\/network\/antworten\/berechnung-geladene-kwh-bei-cfos-falsch-in-verbindung-mit-evcc\/","title":{"rendered":"Berechnung geladene kWh bei cFOS falsch &#8211; in Verbindung mit EVCC"},"content":{"rendered":"<p>Die Berechnung der geladenen kWh bei meiner cFos Solar Brain 11kW 2.1 (Firmware 2.10.0) ist falsch. Siehe Screenshot.<\/p>\n<p>Ich habe mir das LOG von EVCC nochmal angesehen (siehe Anhang&#8230;) Auch wenn Start und Endz\u00e4hlerstand korrekt sind, scheint der Z\u00e4hler der WB oder die WB selbst zwischen duch Z\u00e4hlerst\u00e4nde mit 0.0 kWh bzw. negativen Verbrauch zur\u00fcckzumelden &#8211; siehe fett markierte Eintr\u00e4ge<\/p>\n<p>Ausschnitt:<br \/>\nOkt 27 16:10:14 EVCC evcc[4905]: [lp-1 ] DEBUG 2025\/10\/27 16:10:14 vehicle range: 101km<br \/>\nOkt 27 16:10:14 EVCC evcc[4905]: [lp-1 ] DEBUG 2025\/10\/27 16:10:14 pv charge current: 1.91A = 6A + -4.09A (940W @ 1p)<br \/>\nOkt 27 16:10:42 EVCC evcc[4905]: [lp-1 ] DEBUG 2025\/10\/27 16:10:42 charge power: 1385W<br \/>\nOkt 27 16:11:12 EVCC evcc[4905]: [lp-1 ] DEBUG 2025\/10\/27 16:11:12 charge power: 1385W<br \/>\nOkt 27 16:11:42 EVCC evcc[4905]: [lp-1 ] DEBUG 2025\/10\/27 16:11:42 charge power: 1382W<br \/>\nOkt 27 16:11:44 EVCC evcc[4905]: [lp-1 ] DEBUG 2025\/10\/27 16:11:44\u00a0<strong>charge total import: 0.000kWh<\/strong><br \/>\nOkt 27 16:11:44 EVCC evcc[4905]: [lp-1 ] DEBUG 2025\/10\/27 16:11:44 charger status: C<br \/>\nOkt 27 16:11:44 EVCC evcc[4905]: [lp-1 ] DEBUG 2025\/10\/27 16:11:44 vehicle soc: 70%<br \/>\nOkt 27 16:11:44 EVCC evcc[4905]: [lp-1 ] DEBUG 2025\/10\/27 16:11:44 vehicle soc limit: 100%<br \/>\nOkt 27 16:11:44 EVCC evcc[4905]: [lp-1 ] DEBUG 2025\/10\/27 16:11:44 vehicle range: 101km<br \/>\nOkt 27 16:11:44 EVCC evcc[4905]: [lp-1 ] DEBUG 2025\/10\/27 16:11:44 pv charge current: 1.29A = 6A + -4.71A (1083W @ 1p)<br \/>\nOkt 27 16:12:12 EVCC evcc[4905]: [lp-1 ] DEBUG 2025\/10\/27 16:12:12 charge power: 1386W<br \/>\nOkt 27 16:12:42 EVCC evcc[4905]: [lp-1 ] DEBUG 2025\/10\/27 16:12:42 charge power: 1383W<br \/>\nOkt 27 16:13:12 EVCC evcc[4905]: [lp-1 ] DEBUG 2025\/10\/27 16:13:12 charge power: 1385W<br \/>\nOkt 27 16:13:14 EVCC evcc[4905]: [lp-1 ] DEBUG 2025\/10\/27 16:13:14 session energy: 3.820kWh<br \/>\nOkt 27 16:13:14 EVCC evcc[4905]: [lp-1 ] DEBUG 2025\/10\/27 16:13:14\u00a0<strong>charge total import: 405.860kWh<\/strong><br \/>\nOkt 27 16:13:14 EVCC evcc[4905]: [lp-1 ] DEBUG 2025\/10\/27 16:13:14 charger status: C<br \/>\nOkt 27 16:13:14 EVCC evcc[4905]: [lp-1 ] DEBUG 2025\/10\/27 16:13:14 vehicle soc: 70%<br \/>\nOkt 27 16:13:14 EVCC evcc[4905]: [lp-1 ] DEBUG 2025\/10\/27 16:13:14 vehicle soc limit: 100%<br \/>\nOkt 27 16:13:14 EVCC evcc[4905]: [lp-1 ] DEBUG 2025\/10\/27 16:13:14 vehicle range: 101km<br \/>\nOkt 27 16:13:14 EVCC evcc[4905]: [lp-1 ] DEBUG 2025\/10\/27 16:13:14 pv charge current: 1.39A = 6A + -4.61A (1061W @ 1p)<br \/>\nOkt 27 16:13:42 EVCC evcc[4905]: [lp-1 ] DEBUG 2025\/10\/27 16:13:42 charge power: 0W<br \/>\nOkt 27 16:14:12 EVCC evcc[4905]: [lp-1 ] DEBUG 2025\/10\/27 16:14:12 charge power: 0W<br \/>\nOkt 27 16:14:42 EVCC evcc[4905]: [lp-1 ] DEBUG 2025\/10\/27 16:14:42 charge power: 0W<br \/>\nOkt 27 16:14:44 EVCC evcc[4905]: [lp-1 ] DEBUG 2025\/10\/27 16:14:44\u00a0<strong>charge total import: 0.000kWh<\/strong><br \/>\nOkt 27 16:14:44 EVCC evcc[4905]: [lp-1 ] DEBUG 2025\/10\/27 16:14:44 charger status: B<br \/>\n<strong>Okt 27 16:14:44 EVCC evcc[4905]: [lp-1 ] DEBUG 2025\/10\/27 16:14:44 charge final energy: -402.040kWh<\/strong><br \/>\nOkt 27 16:14:44 EVCC evcc[4905]: [lp-1 ] INFO 2025\/10\/27 16:14:44 stop charging &lt;-<br \/>\nOkt 27 16:14:44 EVCC evcc[4905]: [lp-1 ] DEBUG 2025\/10\/27 16:14:44 c<strong>harge total import: 0.000kWh<\/strong><br \/>\nOkt 27 16:14:45 EVCC evcc[4905]: [lp-1 ] DEBUG 2025\/10\/27 16:14:45 vehicle soc: 70%<br \/>\nOkt 27 16:14:45 EVCC evcc[4905]: [lp-1 ] DEBUG 2025\/10\/27 16:14:45 vehicle soc limit: 100%<br \/>\nOkt 27 16:14:45 EVCC evcc[4905]: [lp-1 ] DEBUG 2025\/10\/27 16:14:45 vehicle range: 101km<br \/>\nOkt 27 16:14:45 EVCC evcc[4905]: [lp-1 ] DEBUG 2025\/10\/27 16:14:45 pv charge current: 1.5A = 0A + 1.5A (-344W @ 1p)<br \/>\nOkt 27 16:15:12 EVCC evcc[4905]: [lp-1 ] DEBUG 2025\/10\/27 16:15:12 charge power: 0W<br \/>\nOkt 27 16:15:42 EVCC evcc[4905]: [lp-1 ] DEBUG 2025\/10\/27 16:15:42 charge power: 1259W<br \/>\nOkt 27 16:16:12 EVCC evcc[4905]: [lp-1 ] DEBUG 2025\/10\/27 16:16:12 charge power: 1393W<br \/>\nOkt 27 16:16:14 EVCC evcc[4905]: [lp-1 ] DEBUG 2025\/10\/27 16:16:14\u00a0<strong>charge total import: 0.000kWh<\/strong><br \/>\nOkt 27 16:16:14 EVCC evcc[4905]: [lp-1 ] DEBUG 2025\/10\/27 16:16:14 charger status: C<br \/>\nOkt 27 16:16:14 EVCC evcc[4905]: [lp-1 ] DEBUG 2025\/10\/27 16:16:14\u00a0<strong>charge start energy: 0.000kWh<\/strong><br \/>\nOkt 27 16:16:14 EVCC evcc[4905]: [lp-1 ] INFO 2025\/10\/27 16:16:14 start charging -&gt;<br \/>\nOkt 27 16:16:14 EVCC evcc[4905]: [lp-1 ] DEBUG 2025\/10\/27 16:16:14 vehicle soc: 70%<br \/>\nOkt 27 16:16:14 EVCC evcc[4905]: [lp-1 ] DEBUG 2025\/10\/27 16:16:14 vehicle soc limit: 100%<br \/>\nOkt 27 16:16:14 EVCC evcc[4905]: [lp-1 ] DEBUG 2025\/10\/27 16:16:14 vehicle range: 101km<br \/>\nOkt 27 16:16:15 EVCC evcc[4905]: [lp-1 ] DEBUG 2025\/10\/27 16:16:15 pv charge current: 0.0677A = 6A + -5.93A (1364W @ 1p)<br \/>\nOkt 27 16:16:15 EVCC evcc[4905]: [lp-1 ] DEBUG 2025\/10\/27 16:16:15 pv disable timer start: 5m0s<br \/>\nOkt 27 16:16:15 EVCC evcc[4905]: [lp-1 ] DEBUG 2025\/10\/27 16:16:15 pv disable in 5m0s<br \/>\nOkt 27 16:16:42 EVCC evcc[4905]: [lp-1 ] DEBUG 2025\/10\/27 16:16:42 charge power: 1371W<br \/>\nOkt 27 16:17:13 EVCC evcc[4905]: [lp-1 ] DEBUG 2025\/10\/27 16:17:13 charge power: 1379W<br \/>\nOkt 27 16:17:42 EVCC evcc[4905]: [lp-1 ] DEBUG 2025\/10\/27 16:17:42 charge power: 1380W<br \/>\nOkt 27 16:17:44 EVCC evcc[4905]: [lp-1 ] DEBUG 2025\/10\/27 16:17:44\u00a0<strong>charge total import: 0.000kWh<\/strong><br \/>\n&#8230;&#8230;&#8230;&#8230;&#8230;.<br \/>\nOkt 27 16:20:44 EVCC evcc[4905]: [lp-1 ] DEBUG 2025\/10\/27 16:20:44\u00a0<strong>session energy: 3.920kWh<\/strong><br \/>\nOkt 27 16:20:44 EVCC evcc[4905]: [lp-1 ] DEBUG 2025\/10\/27 16:20:44\u00a0<strong>charge total import: 405.960kWh<\/strong><\/p>\n<p>&#8230; ein paar Ladungen sp\u00e4ter betr\u00e4gt der tats\u00e4chliche Z\u00e4hlerstand 434,2 kWh<\/p>\n<\/p>\n<p>Offensichtlich gibt es Aussetzer beim Auslesen des INTERNEN Z\u00e4hlers (siehe Screenshots Z\u00e4hler*.jpg&#8230; was ist hier zu korrigieren?<\/p>\n","protected":false},"excerpt":{"rendered":"<p>Die Berechnung der geladenen kWh bei meiner cFos Solar Brain 11kW 2.1 (Firmware 2.10.0) ist falsch. Siehe Screenshot. Ich habe mir das LOG von EVCC nochmal angesehen (siehe Anhang&#8230;) Auch wenn Start und Endz\u00e4hlerstand korrekt sind, scheint der Z\u00e4hler der WB oder die WB selbst zwischen duch Z\u00e4hlerst\u00e4nde mit 0.0 kWh bzw. negativen Verbrauch zur\u00fcckzumelden [&hellip;]<\/p>\n","protected":false},"author":666,"featured_media":0,"template":"","tags":[354,33,32],"cma_category":[],"cma_difficulty_level":[],"class_list":["post-6672","cma_thread","type-cma_thread","status-publish","hentry","tag-evcc","tag-modbus","tag-zaehler"],"yoast_head":"<!-- This site is optimized with the Yoast SEO plugin v27.5 - https:\/\/yoast.com\/product\/yoast-seo-wordpress\/ -->\n<title>Berechnung geladene kWh bei cFOS falsch - in Verbindung mit EVCC - cFos eMobility Network<\/title>\n<meta name=\"robots\" content=\"index, follow, max-snippet:-1, max-image-preview:large, max-video-preview:-1\" \/>\n<link rel=\"canonical\" href=\"https:\/\/www.cfos-emobility.de\/network\/antworten\/berechnung-geladene-kwh-bei-cfos-falsch-in-verbindung-mit-evcc\/\" \/>\n<meta property=\"og:locale\" content=\"de_DE\" \/>\n<meta property=\"og:type\" content=\"article\" \/>\n<meta property=\"og:title\" content=\"Berechnung geladene kWh bei cFOS falsch - in Verbindung mit EVCC - cFos eMobility Network\" \/>\n<meta property=\"og:description\" content=\"Die Berechnung der geladenen kWh bei meiner cFos Solar Brain 11kW 2.1 (Firmware 2.10.0) ist falsch. Siehe Screenshot. Ich habe mir das LOG von EVCC nochmal angesehen (siehe Anhang&#8230;) Auch wenn Start und Endz\u00e4hlerstand korrekt sind, scheint der Z\u00e4hler der WB oder die WB selbst zwischen duch Z\u00e4hlerst\u00e4nde mit 0.0 kWh bzw. negativen Verbrauch zur\u00fcckzumelden [&hellip;]\" \/>\n<meta property=\"og:url\" content=\"https:\/\/www.cfos-emobility.de\/network\/antworten\/berechnung-geladene-kwh-bei-cfos-falsch-in-verbindung-mit-evcc\/\" \/>\n<meta property=\"og:site_name\" content=\"cFos eMobility Network\" \/>\n<meta name=\"twitter:card\" content=\"summary_large_image\" \/>\n<meta name=\"twitter:site\" content=\"@cFosEmobility\" \/>\n<meta name=\"twitter:label1\" content=\"Gesch\u00e4tzte Lesezeit\" \/>\n\t<meta name=\"twitter:data1\" content=\"3\u00a0Minuten\" \/>\n<script type=\"application\/ld+json\" class=\"yoast-schema-graph\">{\"@context\":\"https:\\\/\\\/schema.org\",\"@graph\":[{\"@type\":\"WebPage\",\"@id\":\"https:\\\/\\\/www.cfos-emobility.de\\\/network\\\/antworten\\\/berechnung-geladene-kwh-bei-cfos-falsch-in-verbindung-mit-evcc\\\/\",\"url\":\"https:\\\/\\\/www.cfos-emobility.de\\\/network\\\/antworten\\\/berechnung-geladene-kwh-bei-cfos-falsch-in-verbindung-mit-evcc\\\/\",\"name\":\"Berechnung geladene kWh bei cFOS falsch - in Verbindung mit EVCC - cFos eMobility Network\",\"isPartOf\":{\"@id\":\"https:\\\/\\\/www.cfos-emobility.de\\\/network\\\/#website\"},\"datePublished\":\"2025-10-28T14:26:06+00:00\",\"breadcrumb\":{\"@id\":\"https:\\\/\\\/www.cfos-emobility.de\\\/network\\\/antworten\\\/berechnung-geladene-kwh-bei-cfos-falsch-in-verbindung-mit-evcc\\\/#breadcrumb\"},\"inLanguage\":\"de\",\"potentialAction\":[{\"@type\":\"ReadAction\",\"target\":[\"https:\\\/\\\/www.cfos-emobility.de\\\/network\\\/antworten\\\/berechnung-geladene-kwh-bei-cfos-falsch-in-verbindung-mit-evcc\\\/\"]}]},{\"@type\":\"BreadcrumbList\",\"@id\":\"https:\\\/\\\/www.cfos-emobility.de\\\/network\\\/antworten\\\/berechnung-geladene-kwh-bei-cfos-falsch-in-verbindung-mit-evcc\\\/#breadcrumb\",\"itemListElement\":[{\"@type\":\"ListItem\",\"position\":1,\"name\":\"Startseite\",\"item\":\"https:\\\/\\\/www.cfos-emobility.de\\\/network\\\/\"},{\"@type\":\"ListItem\",\"position\":2,\"name\":\"Fragen\",\"item\":\"https:\\\/\\\/www.cfos-emobility.de\\\/network\\\/antworten\\\/\"},{\"@type\":\"ListItem\",\"position\":3,\"name\":\"Berechnung geladene kWh bei cFOS falsch &#8211; in Verbindung mit EVCC\"}]},{\"@type\":\"WebSite\",\"@id\":\"https:\\\/\\\/www.cfos-emobility.de\\\/network\\\/#website\",\"url\":\"https:\\\/\\\/www.cfos-emobility.de\\\/network\\\/\",\"name\":\"cFos eMobility Network\",\"description\":\"Das cFos Power Brain Community Portal\",\"publisher\":{\"@id\":\"https:\\\/\\\/www.cfos-emobility.de\\\/network\\\/#organization\"},\"potentialAction\":[{\"@type\":\"SearchAction\",\"target\":{\"@type\":\"EntryPoint\",\"urlTemplate\":\"https:\\\/\\\/www.cfos-emobility.de\\\/network\\\/?s={search_term_string}\"},\"query-input\":{\"@type\":\"PropertyValueSpecification\",\"valueRequired\":true,\"valueName\":\"search_term_string\"}}],\"inLanguage\":\"de\"},{\"@type\":\"Organization\",\"@id\":\"https:\\\/\\\/www.cfos-emobility.de\\\/network\\\/#organization\",\"name\":\"cFos eMobility GmbH\",\"url\":\"https:\\\/\\\/www.cfos-emobility.de\\\/network\\\/\",\"logo\":{\"@type\":\"ImageObject\",\"inLanguage\":\"de\",\"@id\":\"https:\\\/\\\/www.cfos-emobility.de\\\/network\\\/#\\\/schema\\\/logo\\\/image\\\/\",\"url\":\"https:\\\/\\\/www.cfos-emobility.de\\\/network\\\/wp-content\\\/uploads\\\/2021\\\/12\\\/cfos-emobility-logo.jpg\",\"contentUrl\":\"https:\\\/\\\/www.cfos-emobility.de\\\/network\\\/wp-content\\\/uploads\\\/2021\\\/12\\\/cfos-emobility-logo.jpg\",\"width\":221,\"height\":80,\"caption\":\"cFos eMobility GmbH\"},\"image\":{\"@id\":\"https:\\\/\\\/www.cfos-emobility.de\\\/network\\\/#\\\/schema\\\/logo\\\/image\\\/\"},\"sameAs\":[\"https:\\\/\\\/x.com\\\/cFosEmobility\"]}]}<\/script>\n<!-- \/ Yoast SEO plugin. -->","yoast_head_json":{"title":"Berechnung geladene kWh bei cFOS falsch - in Verbindung mit EVCC - cFos eMobility Network","robots":{"index":"index","follow":"follow","max-snippet":"max-snippet:-1","max-image-preview":"max-image-preview:large","max-video-preview":"max-video-preview:-1"},"canonical":"https:\/\/www.cfos-emobility.de\/network\/antworten\/berechnung-geladene-kwh-bei-cfos-falsch-in-verbindung-mit-evcc\/","og_locale":"de_DE","og_type":"article","og_title":"Berechnung geladene kWh bei cFOS falsch - in Verbindung mit EVCC - cFos eMobility Network","og_description":"Die Berechnung der geladenen kWh bei meiner cFos Solar Brain 11kW 2.1 (Firmware 2.10.0) ist falsch. Siehe Screenshot. Ich habe mir das LOG von EVCC nochmal angesehen (siehe Anhang&#8230;) Auch wenn Start und Endz\u00e4hlerstand korrekt sind, scheint der Z\u00e4hler der WB oder die WB selbst zwischen duch Z\u00e4hlerst\u00e4nde mit 0.0 kWh bzw. negativen Verbrauch zur\u00fcckzumelden [&hellip;]","og_url":"https:\/\/www.cfos-emobility.de\/network\/antworten\/berechnung-geladene-kwh-bei-cfos-falsch-in-verbindung-mit-evcc\/","og_site_name":"cFos eMobility Network","twitter_card":"summary_large_image","twitter_site":"@cFosEmobility","twitter_misc":{"Gesch\u00e4tzte Lesezeit":"3\u00a0Minuten"},"schema":{"@context":"https:\/\/schema.org","@graph":[{"@type":"WebPage","@id":"https:\/\/www.cfos-emobility.de\/network\/antworten\/berechnung-geladene-kwh-bei-cfos-falsch-in-verbindung-mit-evcc\/","url":"https:\/\/www.cfos-emobility.de\/network\/antworten\/berechnung-geladene-kwh-bei-cfos-falsch-in-verbindung-mit-evcc\/","name":"Berechnung geladene kWh bei cFOS falsch - in Verbindung mit EVCC - cFos eMobility Network","isPartOf":{"@id":"https:\/\/www.cfos-emobility.de\/network\/#website"},"datePublished":"2025-10-28T14:26:06+00:00","breadcrumb":{"@id":"https:\/\/www.cfos-emobility.de\/network\/antworten\/berechnung-geladene-kwh-bei-cfos-falsch-in-verbindung-mit-evcc\/#breadcrumb"},"inLanguage":"de","potentialAction":[{"@type":"ReadAction","target":["https:\/\/www.cfos-emobility.de\/network\/antworten\/berechnung-geladene-kwh-bei-cfos-falsch-in-verbindung-mit-evcc\/"]}]},{"@type":"BreadcrumbList","@id":"https:\/\/www.cfos-emobility.de\/network\/antworten\/berechnung-geladene-kwh-bei-cfos-falsch-in-verbindung-mit-evcc\/#breadcrumb","itemListElement":[{"@type":"ListItem","position":1,"name":"Startseite","item":"https:\/\/www.cfos-emobility.de\/network\/"},{"@type":"ListItem","position":2,"name":"Fragen","item":"https:\/\/www.cfos-emobility.de\/network\/antworten\/"},{"@type":"ListItem","position":3,"name":"Berechnung geladene kWh bei cFOS falsch &#8211; in Verbindung mit EVCC"}]},{"@type":"WebSite","@id":"https:\/\/www.cfos-emobility.de\/network\/#website","url":"https:\/\/www.cfos-emobility.de\/network\/","name":"cFos eMobility Network","description":"Das cFos Power Brain Community Portal","publisher":{"@id":"https:\/\/www.cfos-emobility.de\/network\/#organization"},"potentialAction":[{"@type":"SearchAction","target":{"@type":"EntryPoint","urlTemplate":"https:\/\/www.cfos-emobility.de\/network\/?s={search_term_string}"},"query-input":{"@type":"PropertyValueSpecification","valueRequired":true,"valueName":"search_term_string"}}],"inLanguage":"de"},{"@type":"Organization","@id":"https:\/\/www.cfos-emobility.de\/network\/#organization","name":"cFos eMobility GmbH","url":"https:\/\/www.cfos-emobility.de\/network\/","logo":{"@type":"ImageObject","inLanguage":"de","@id":"https:\/\/www.cfos-emobility.de\/network\/#\/schema\/logo\/image\/","url":"https:\/\/www.cfos-emobility.de\/network\/wp-content\/uploads\/2021\/12\/cfos-emobility-logo.jpg","contentUrl":"https:\/\/www.cfos-emobility.de\/network\/wp-content\/uploads\/2021\/12\/cfos-emobility-logo.jpg","width":221,"height":80,"caption":"cFos eMobility GmbH"},"image":{"@id":"https:\/\/www.cfos-emobility.de\/network\/#\/schema\/logo\/image\/"},"sameAs":["https:\/\/x.com\/cFosEmobility"]}]}},"_links":{"self":[{"href":"https:\/\/www.cfos-emobility.de\/network\/wp-json\/wp\/v2\/cma_thread\/6672","targetHints":{"allow":["GET"]}}],"collection":[{"href":"https:\/\/www.cfos-emobility.de\/network\/wp-json\/wp\/v2\/cma_thread"}],"about":[{"href":"https:\/\/www.cfos-emobility.de\/network\/wp-json\/wp\/v2\/types\/cma_thread"}],"author":[{"embeddable":true,"href":"https:\/\/www.cfos-emobility.de\/network\/wp-json\/wp\/v2\/users\/666"}],"wp:attachment":[{"href":"https:\/\/www.cfos-emobility.de\/network\/wp-json\/wp\/v2\/media?parent=6672"}],"wp:term":[{"taxonomy":"post_tag","embeddable":true,"href":"https:\/\/www.cfos-emobility.de\/network\/wp-json\/wp\/v2\/tags?post=6672"},{"taxonomy":"cma_category","embeddable":true,"href":"https:\/\/www.cfos-emobility.de\/network\/wp-json\/wp\/v2\/cma_category?post=6672"},{"taxonomy":"cma_difficulty_level","embeddable":true,"href":"https:\/\/www.cfos-emobility.de\/network\/wp-json\/wp\/v2\/cma_difficulty_level?post=6672"}],"curies":[{"name":"wp","href":"https:\/\/api.w.org\/{rel}","templated":true}]}}