{"id":6650,"date":"2025-10-22T23:50:10","date_gmt":"2025-10-22T21:50:10","guid":{"rendered":"https:\/\/www.cfos-emobility.de\/network\/antworten\/ueberschussladen-gelegentlich-mit-11kw-vollladen-alles-auf-einen-benutzer\/"},"modified":"2025-10-28T12:55:01","modified_gmt":"2025-10-28T11:55:01","slug":"ueberschussladen-gelegentlich-mit-11kw-vollladen-alles-auf-einen-benutzer","status":"publish","type":"cma_thread","link":"https:\/\/www.cfos-emobility.de\/network\/antworten\/ueberschussladen-gelegentlich-mit-11kw-vollladen-alles-auf-einen-benutzer\/","title":{"rendered":"\u00dcberschussladen &#8211; gelegentlich mit 11kW vollladen &#8211; alles auf einen Benutzer"},"content":{"rendered":"<p>Servus, ich habe meine letzte Frage als gel\u00f6st markiert, weil ich sie gerne neu stellen m\u00f6chte &#8211; offenbar hab ich noch mehr nicht verstanden, als ich dachte. Vielleicht kann mir jemand grundlegend das Prinzip erl\u00e4utern, was wann wo greift, denn ich glaube ich habe eine sich selbst \u00fcberschreibende Schleife gebastelt.<\/p>\n<ol>\n<li>\n<ol>\n<li>Wo setze ich jetzt wirklich welche Laderegeln.<br \/>\na) Ich kann unter Start die Kachel &#8222;Wallbox&#8220; \u00f6ffnen, hier finde ich unter dem letzten Punkt &#8222;Laderegeln&#8220; die M\u00f6glichkeit, einen Laderegelsatz auszuw\u00e4hlen. Gehe ich bspw. auf &#8222;PV surplus&#8220;, sieht es aus wie auf Bild 1 im Anhang.<br \/>\nb) Lege ich nun unter Benutzer einen Benutzer an, kann ich dem Benutzer Laderegeln zuordnen, auch hier sieht die Regel identisch aus wie oben.<br \/>\nc) Unterhalb der Laderegeln gibt es in den Benutzereinstellungen noch die M\u00f6glichkeit, RFIDs zuzuordnen, was ich offenbar ben\u00f6tige, wenn ich diesem Benutzer einen Ladevorgang zuordnen m\u00f6chte. Mache ich das, m\u00f6chte er gerne die Laderegeln f\u00fcr diese RFID haben, hier \u00f6ffnet sich wiederum die identische Maske wie unter den beiden oberen Punkten.<br \/>\n-&gt; Ich w\u00fcrde jetzt davon ausgehen, dass ich nur unter letztem Punkt die Laderegeln anlegen muss, dazu den Punkt &#8222;Standardm\u00e4\u00dfig auflegen&#8220;, und dann m\u00fcsste es durch einfaches einstecken mit dieser Laderegel funktionieren, sehe ich das richtig? Und was mache ich dann unter a), da muss ich ja irgendeine Laderegel ausw\u00e4hlen, stelle ich da auf &#8222;eigener Laderegelsatz&#8220;?<br \/>\nAlternativ k\u00f6nnte ich bei b) die Laderegeln f\u00fcr den Benutzer definieren, und bei der RFID lediglich den Haken &#8222;Benutzer-Laderegeln (de-)aktivieren&#8220; setzen. Aber was mache ich dann bei c) also der Laderegel die der RFID zugeordnet wird?<\/li>\n<li>Wie \u00fcberschreibe ich die Laderegeln?<br \/>\nIch habe es einfach nicht hinbekommen, dass er l\u00e4dt. Ich habe immer wieder die Laderegeln auf inaktiv gesetzt, gespeichert, immer wieder hat er sie aktiviert, geladen hat er nicht. Ich habe am Ende resigniert und einfach den Benutzer (und auch den 2. angelegten Benutzer) gel\u00f6scht, alle Laderegeln gel\u00f6scht, die Wallbox auf &#8222;eigener Laderegelsatz&#8220; gestellt, so l\u00e4dt er gerade mit 1,8kW, was mir morgen fr\u00fch reicht. Aber das kann ja nicht der Sinn sein, ich muss ihm doch irgendwie beibringen k\u00f6nnen, dass er auf Befehl &#8211; ob per aufgelegter RFID oder per App ist egal &#8211; einfach mit 11kW den Akku vollballert, was kann ich einstellen, damit das so geht?<br \/>\nTats\u00e4chlich hatte ich unter Wallbox &#8222;auf einphasig umschalten&#8220; aktiviert, was wohl nur ge\u00e4ndert wird, wenn er neu eingesteckt wird. Aber ich dachte das beschr\u00e4nkt nur das runterschalten auf eine Phase &#8211; verhindert das auch, dass er jetzt auf 3 Phasen l\u00e4dt?<\/li>\n<\/ol>\n<\/li>\n<\/ol>\n<p>Ich danke im Voraus f\u00fcr Eure Hilfe, ich hoffe ich bin irgendwann fit genug in dem Thema und kann es auch weitergeben \ud83d\ude42<\/p>\n","protected":false},"excerpt":{"rendered":"<p>Servus, ich habe meine letzte Frage als gel\u00f6st markiert, weil ich sie gerne neu stellen m\u00f6chte &#8211; offenbar hab ich noch mehr nicht verstanden, als ich dachte. Vielleicht kann mir jemand grundlegend das Prinzip erl\u00e4utern, was wann wo greift, denn ich glaube ich habe eine sich selbst \u00fcberschreibende Schleife gebastelt. Wo setze ich jetzt wirklich [&hellip;]<\/p>\n","protected":false},"author":707,"featured_media":0,"template":"","tags":[545],"cma_category":[],"cma_difficulty_level":[],"class_list":["post-6650","cma_thread","type-cma_thread","status-publish","hentry","tag-ueberschuss-laderegeln-ignorieren-rfid-benutzer"],"yoast_head":"<!-- This site is optimized with the Yoast SEO plugin v27.4 - https:\/\/yoast.com\/product\/yoast-seo-wordpress\/ -->\n<title>\u00dcberschussladen - gelegentlich mit 11kW vollladen - alles auf einen Benutzer - cFos eMobility Network<\/title>\n<meta name=\"robots\" content=\"index, follow, max-snippet:-1, max-image-preview:large, max-video-preview:-1\" \/>\n<link rel=\"canonical\" href=\"https:\/\/www.cfos-emobility.de\/network\/antworten\/ueberschussladen-gelegentlich-mit-11kw-vollladen-alles-auf-einen-benutzer\/\" \/>\n<meta property=\"og:locale\" content=\"de_DE\" \/>\n<meta property=\"og:type\" content=\"article\" \/>\n<meta property=\"og:title\" content=\"\u00dcberschussladen - gelegentlich mit 11kW vollladen - alles auf einen Benutzer - cFos eMobility Network\" \/>\n<meta property=\"og:description\" content=\"Servus, ich habe meine letzte Frage als gel\u00f6st markiert, weil ich sie gerne neu stellen m\u00f6chte &#8211; offenbar hab ich noch mehr nicht verstanden, als ich dachte. Vielleicht kann mir jemand grundlegend das Prinzip erl\u00e4utern, was wann wo greift, denn ich glaube ich habe eine sich selbst \u00fcberschreibende Schleife gebastelt. Wo setze ich jetzt wirklich [&hellip;]\" \/>\n<meta property=\"og:url\" content=\"https:\/\/www.cfos-emobility.de\/network\/antworten\/ueberschussladen-gelegentlich-mit-11kw-vollladen-alles-auf-einen-benutzer\/\" \/>\n<meta property=\"og:site_name\" content=\"cFos eMobility Network\" \/>\n<meta property=\"article:modified_time\" content=\"2025-10-28T11:55:01+00:00\" \/>\n<meta name=\"twitter:card\" content=\"summary_large_image\" \/>\n<meta name=\"twitter:site\" content=\"@cFosEmobility\" \/>\n<meta name=\"twitter:label1\" content=\"Gesch\u00e4tzte Lesezeit\" \/>\n\t<meta name=\"twitter:data1\" content=\"2\u00a0Minuten\" \/>\n<script type=\"application\/ld+json\" class=\"yoast-schema-graph\">{\"@context\":\"https:\\\/\\\/schema.org\",\"@graph\":[{\"@type\":\"WebPage\",\"@id\":\"https:\\\/\\\/www.cfos-emobility.de\\\/network\\\/antworten\\\/ueberschussladen-gelegentlich-mit-11kw-vollladen-alles-auf-einen-benutzer\\\/\",\"url\":\"https:\\\/\\\/www.cfos-emobility.de\\\/network\\\/antworten\\\/ueberschussladen-gelegentlich-mit-11kw-vollladen-alles-auf-einen-benutzer\\\/\",\"name\":\"\u00dcberschussladen - gelegentlich mit 11kW vollladen - alles auf einen Benutzer - cFos eMobility Network\",\"isPartOf\":{\"@id\":\"https:\\\/\\\/www.cfos-emobility.de\\\/network\\\/#website\"},\"datePublished\":\"2025-10-22T21:50:10+00:00\",\"dateModified\":\"2025-10-28T11:55:01+00:00\",\"breadcrumb\":{\"@id\":\"https:\\\/\\\/www.cfos-emobility.de\\\/network\\\/antworten\\\/ueberschussladen-gelegentlich-mit-11kw-vollladen-alles-auf-einen-benutzer\\\/#breadcrumb\"},\"inLanguage\":\"de\",\"potentialAction\":[{\"@type\":\"ReadAction\",\"target\":[\"https:\\\/\\\/www.cfos-emobility.de\\\/network\\\/antworten\\\/ueberschussladen-gelegentlich-mit-11kw-vollladen-alles-auf-einen-benutzer\\\/\"]}]},{\"@type\":\"BreadcrumbList\",\"@id\":\"https:\\\/\\\/www.cfos-emobility.de\\\/network\\\/antworten\\\/ueberschussladen-gelegentlich-mit-11kw-vollladen-alles-auf-einen-benutzer\\\/#breadcrumb\",\"itemListElement\":[{\"@type\":\"ListItem\",\"position\":1,\"name\":\"Startseite\",\"item\":\"https:\\\/\\\/www.cfos-emobility.de\\\/network\\\/\"},{\"@type\":\"ListItem\",\"position\":2,\"name\":\"Fragen\",\"item\":\"https:\\\/\\\/www.cfos-emobility.de\\\/network\\\/antworten\\\/\"},{\"@type\":\"ListItem\",\"position\":3,\"name\":\"\u00dcberschussladen &#8211; gelegentlich mit 11kW vollladen &#8211; alles auf einen Benutzer\"}]},{\"@type\":\"WebSite\",\"@id\":\"https:\\\/\\\/www.cfos-emobility.de\\\/network\\\/#website\",\"url\":\"https:\\\/\\\/www.cfos-emobility.de\\\/network\\\/\",\"name\":\"cFos eMobility Network\",\"description\":\"Das cFos Power Brain Community Portal\",\"publisher\":{\"@id\":\"https:\\\/\\\/www.cfos-emobility.de\\\/network\\\/#organization\"},\"potentialAction\":[{\"@type\":\"SearchAction\",\"target\":{\"@type\":\"EntryPoint\",\"urlTemplate\":\"https:\\\/\\\/www.cfos-emobility.de\\\/network\\\/?s={search_term_string}\"},\"query-input\":{\"@type\":\"PropertyValueSpecification\",\"valueRequired\":true,\"valueName\":\"search_term_string\"}}],\"inLanguage\":\"de\"},{\"@type\":\"Organization\",\"@id\":\"https:\\\/\\\/www.cfos-emobility.de\\\/network\\\/#organization\",\"name\":\"cFos eMobility GmbH\",\"url\":\"https:\\\/\\\/www.cfos-emobility.de\\\/network\\\/\",\"logo\":{\"@type\":\"ImageObject\",\"inLanguage\":\"de\",\"@id\":\"https:\\\/\\\/www.cfos-emobility.de\\\/network\\\/#\\\/schema\\\/logo\\\/image\\\/\",\"url\":\"https:\\\/\\\/www.cfos-emobility.de\\\/network\\\/wp-content\\\/uploads\\\/2021\\\/12\\\/cfos-emobility-logo.jpg\",\"contentUrl\":\"https:\\\/\\\/www.cfos-emobility.de\\\/network\\\/wp-content\\\/uploads\\\/2021\\\/12\\\/cfos-emobility-logo.jpg\",\"width\":221,\"height\":80,\"caption\":\"cFos eMobility GmbH\"},\"image\":{\"@id\":\"https:\\\/\\\/www.cfos-emobility.de\\\/network\\\/#\\\/schema\\\/logo\\\/image\\\/\"},\"sameAs\":[\"https:\\\/\\\/x.com\\\/cFosEmobility\"]}]}<\/script>\n<!-- \/ Yoast SEO plugin. -->","yoast_head_json":{"title":"\u00dcberschussladen - gelegentlich mit 11kW vollladen - alles auf einen Benutzer - cFos eMobility Network","robots":{"index":"index","follow":"follow","max-snippet":"max-snippet:-1","max-image-preview":"max-image-preview:large","max-video-preview":"max-video-preview:-1"},"canonical":"https:\/\/www.cfos-emobility.de\/network\/antworten\/ueberschussladen-gelegentlich-mit-11kw-vollladen-alles-auf-einen-benutzer\/","og_locale":"de_DE","og_type":"article","og_title":"\u00dcberschussladen - gelegentlich mit 11kW vollladen - alles auf einen Benutzer - cFos eMobility Network","og_description":"Servus, ich habe meine letzte Frage als gel\u00f6st markiert, weil ich sie gerne neu stellen m\u00f6chte &#8211; offenbar hab ich noch mehr nicht verstanden, als ich dachte. Vielleicht kann mir jemand grundlegend das Prinzip erl\u00e4utern, was wann wo greift, denn ich glaube ich habe eine sich selbst \u00fcberschreibende Schleife gebastelt. Wo setze ich jetzt wirklich [&hellip;]","og_url":"https:\/\/www.cfos-emobility.de\/network\/antworten\/ueberschussladen-gelegentlich-mit-11kw-vollladen-alles-auf-einen-benutzer\/","og_site_name":"cFos eMobility Network","article_modified_time":"2025-10-28T11:55:01+00:00","twitter_card":"summary_large_image","twitter_site":"@cFosEmobility","twitter_misc":{"Gesch\u00e4tzte Lesezeit":"2\u00a0Minuten"},"schema":{"@context":"https:\/\/schema.org","@graph":[{"@type":"WebPage","@id":"https:\/\/www.cfos-emobility.de\/network\/antworten\/ueberschussladen-gelegentlich-mit-11kw-vollladen-alles-auf-einen-benutzer\/","url":"https:\/\/www.cfos-emobility.de\/network\/antworten\/ueberschussladen-gelegentlich-mit-11kw-vollladen-alles-auf-einen-benutzer\/","name":"\u00dcberschussladen - gelegentlich mit 11kW vollladen - alles auf einen Benutzer - cFos eMobility Network","isPartOf":{"@id":"https:\/\/www.cfos-emobility.de\/network\/#website"},"datePublished":"2025-10-22T21:50:10+00:00","dateModified":"2025-10-28T11:55:01+00:00","breadcrumb":{"@id":"https:\/\/www.cfos-emobility.de\/network\/antworten\/ueberschussladen-gelegentlich-mit-11kw-vollladen-alles-auf-einen-benutzer\/#breadcrumb"},"inLanguage":"de","potentialAction":[{"@type":"ReadAction","target":["https:\/\/www.cfos-emobility.de\/network\/antworten\/ueberschussladen-gelegentlich-mit-11kw-vollladen-alles-auf-einen-benutzer\/"]}]},{"@type":"BreadcrumbList","@id":"https:\/\/www.cfos-emobility.de\/network\/antworten\/ueberschussladen-gelegentlich-mit-11kw-vollladen-alles-auf-einen-benutzer\/#breadcrumb","itemListElement":[{"@type":"ListItem","position":1,"name":"Startseite","item":"https:\/\/www.cfos-emobility.de\/network\/"},{"@type":"ListItem","position":2,"name":"Fragen","item":"https:\/\/www.cfos-emobility.de\/network\/antworten\/"},{"@type":"ListItem","position":3,"name":"\u00dcberschussladen &#8211; gelegentlich mit 11kW vollladen &#8211; alles auf einen Benutzer"}]},{"@type":"WebSite","@id":"https:\/\/www.cfos-emobility.de\/network\/#website","url":"https:\/\/www.cfos-emobility.de\/network\/","name":"cFos eMobility Network","description":"Das cFos Power Brain Community Portal","publisher":{"@id":"https:\/\/www.cfos-emobility.de\/network\/#organization"},"potentialAction":[{"@type":"SearchAction","target":{"@type":"EntryPoint","urlTemplate":"https:\/\/www.cfos-emobility.de\/network\/?s={search_term_string}"},"query-input":{"@type":"PropertyValueSpecification","valueRequired":true,"valueName":"search_term_string"}}],"inLanguage":"de"},{"@type":"Organization","@id":"https:\/\/www.cfos-emobility.de\/network\/#organization","name":"cFos eMobility GmbH","url":"https:\/\/www.cfos-emobility.de\/network\/","logo":{"@type":"ImageObject","inLanguage":"de","@id":"https:\/\/www.cfos-emobility.de\/network\/#\/schema\/logo\/image\/","url":"https:\/\/www.cfos-emobility.de\/network\/wp-content\/uploads\/2021\/12\/cfos-emobility-logo.jpg","contentUrl":"https:\/\/www.cfos-emobility.de\/network\/wp-content\/uploads\/2021\/12\/cfos-emobility-logo.jpg","width":221,"height":80,"caption":"cFos eMobility GmbH"},"image":{"@id":"https:\/\/www.cfos-emobility.de\/network\/#\/schema\/logo\/image\/"},"sameAs":["https:\/\/x.com\/cFosEmobility"]}]}},"_links":{"self":[{"href":"https:\/\/www.cfos-emobility.de\/network\/wp-json\/wp\/v2\/cma_thread\/6650","targetHints":{"allow":["GET"]}}],"collection":[{"href":"https:\/\/www.cfos-emobility.de\/network\/wp-json\/wp\/v2\/cma_thread"}],"about":[{"href":"https:\/\/www.cfos-emobility.de\/network\/wp-json\/wp\/v2\/types\/cma_thread"}],"author":[{"embeddable":true,"href":"https:\/\/www.cfos-emobility.de\/network\/wp-json\/wp\/v2\/users\/707"}],"wp:attachment":[{"href":"https:\/\/www.cfos-emobility.de\/network\/wp-json\/wp\/v2\/media?parent=6650"}],"wp:term":[{"taxonomy":"post_tag","embeddable":true,"href":"https:\/\/www.cfos-emobility.de\/network\/wp-json\/wp\/v2\/tags?post=6650"},{"taxonomy":"cma_category","embeddable":true,"href":"https:\/\/www.cfos-emobility.de\/network\/wp-json\/wp\/v2\/cma_category?post=6650"},{"taxonomy":"cma_difficulty_level","embeddable":true,"href":"https:\/\/www.cfos-emobility.de\/network\/wp-json\/wp\/v2\/cma_difficulty_level?post=6650"}],"curies":[{"name":"wp","href":"https:\/\/api.w.org\/{rel}","templated":true}]}}