{"id":5220,"date":"2025-02-14T08:48:36","date_gmt":"2025-02-14T07:48:36","guid":{"rendered":"https:\/\/www.cfos-emobility.de\/network\/antworten\/auswirkung-auf-die-12v-batterie-waehrend-der-bereitschaft-zum-laden-bei-renault-zoe\/"},"modified":"2025-10-21T16:32:36","modified_gmt":"2025-10-21T14:32:36","slug":"auswirkung-auf-die-12v-batterie-waehrend-der-bereitschaft-zum-laden-bei-renault-zoe","status":"publish","type":"cma_thread","link":"https:\/\/www.cfos-emobility.de\/network\/antworten\/auswirkung-auf-die-12v-batterie-waehrend-der-bereitschaft-zum-laden-bei-renault-zoe\/","title":{"rendered":"Auswirkung auf die 12V-Batterie w\u00e4hrend der Bereitschaft zum Laden bei Renault Zoe"},"content":{"rendered":"<p>Hat jemand Erfahrung mit \u00dcberschussladen oder dynamischen Tarifen bei einer Zoe von Renault? In diesem Fall ist das Fahrzeug zeitweilig angesteckt, ohne dass es geladen wird.<\/p>\n<p>Ich habe festgestellt, da\u00df die 12V-Autobatterie w\u00e4hrend der Bereitschaft zum Laden \u00fcberm\u00e4\u00dfig belastet wird. Wenn ich das Fahrzeug \u00fcber Nacht an der Wallbox angesteckt lasse, ist am n\u00e4chsten Tag die 12V-Batterie leer.<\/p>\n<p>Hat jemand \u00e4hnliche oder aber auch gegenteilige Erfahrungen gemacht?<\/p>\n<p>&nbsp;<\/p>\n","protected":false},"excerpt":{"rendered":"<p>Hat jemand Erfahrung mit \u00dcberschussladen oder dynamischen Tarifen bei einer Zoe von Renault? In diesem Fall ist das Fahrzeug zeitweilig angesteckt, ohne dass es geladen wird. Ich habe festgestellt, da\u00df die 12V-Autobatterie w\u00e4hrend der Bereitschaft zum Laden \u00fcberm\u00e4\u00dfig belastet wird. Wenn ich das Fahrzeug \u00fcber Nacht an der Wallbox angesteckt lasse, ist am n\u00e4chsten Tag [&hellip;]<\/p>\n","protected":false},"author":393,"featured_media":0,"template":"","tags":[414,413],"cma_category":[],"cma_difficulty_level":[],"class_list":["post-5220","cma_thread","type-cma_thread","status-publish","hentry","tag-12v-batterie","tag-bereitschaft"],"yoast_head":"<!-- This site is optimized with the Yoast SEO plugin v27.5 - https:\/\/yoast.com\/product\/yoast-seo-wordpress\/ -->\n<title>Auswirkung auf die 12V-Batterie w\u00e4hrend der Bereitschaft zum Laden bei Renault Zoe - cFos eMobility Network<\/title>\n<meta name=\"robots\" content=\"index, follow, max-snippet:-1, max-image-preview:large, max-video-preview:-1\" \/>\n<link rel=\"canonical\" href=\"https:\/\/www.cfos-emobility.de\/network\/antworten\/auswirkung-auf-die-12v-batterie-waehrend-der-bereitschaft-zum-laden-bei-renault-zoe\/\" \/>\n<meta property=\"og:locale\" content=\"de_DE\" \/>\n<meta property=\"og:type\" content=\"article\" \/>\n<meta property=\"og:title\" content=\"Auswirkung auf die 12V-Batterie w\u00e4hrend der Bereitschaft zum Laden bei Renault Zoe - cFos eMobility Network\" \/>\n<meta property=\"og:description\" content=\"Hat jemand Erfahrung mit \u00dcberschussladen oder dynamischen Tarifen bei einer Zoe von Renault? In diesem Fall ist das Fahrzeug zeitweilig angesteckt, ohne dass es geladen wird. Ich habe festgestellt, da\u00df die 12V-Autobatterie w\u00e4hrend der Bereitschaft zum Laden \u00fcberm\u00e4\u00dfig belastet wird. Wenn ich das Fahrzeug \u00fcber Nacht an der Wallbox angesteckt lasse, ist am n\u00e4chsten Tag [&hellip;]\" \/>\n<meta property=\"og:url\" content=\"https:\/\/www.cfos-emobility.de\/network\/antworten\/auswirkung-auf-die-12v-batterie-waehrend-der-bereitschaft-zum-laden-bei-renault-zoe\/\" \/>\n<meta property=\"og:site_name\" content=\"cFos eMobility Network\" \/>\n<meta property=\"article:modified_time\" content=\"2025-10-21T14:32:36+00:00\" \/>\n<meta name=\"twitter:card\" content=\"summary_large_image\" \/>\n<meta name=\"twitter:site\" content=\"@cFosEmobility\" \/>\n<script type=\"application\/ld+json\" class=\"yoast-schema-graph\">{\"@context\":\"https:\\\/\\\/schema.org\",\"@graph\":[{\"@type\":\"WebPage\",\"@id\":\"https:\\\/\\\/www.cfos-emobility.de\\\/network\\\/antworten\\\/auswirkung-auf-die-12v-batterie-waehrend-der-bereitschaft-zum-laden-bei-renault-zoe\\\/\",\"url\":\"https:\\\/\\\/www.cfos-emobility.de\\\/network\\\/antworten\\\/auswirkung-auf-die-12v-batterie-waehrend-der-bereitschaft-zum-laden-bei-renault-zoe\\\/\",\"name\":\"Auswirkung auf die 12V-Batterie w\u00e4hrend der Bereitschaft zum Laden bei Renault Zoe - cFos eMobility Network\",\"isPartOf\":{\"@id\":\"https:\\\/\\\/www.cfos-emobility.de\\\/network\\\/#website\"},\"datePublished\":\"2025-02-14T07:48:36+00:00\",\"dateModified\":\"2025-10-21T14:32:36+00:00\",\"breadcrumb\":{\"@id\":\"https:\\\/\\\/www.cfos-emobility.de\\\/network\\\/antworten\\\/auswirkung-auf-die-12v-batterie-waehrend-der-bereitschaft-zum-laden-bei-renault-zoe\\\/#breadcrumb\"},\"inLanguage\":\"de\",\"potentialAction\":[{\"@type\":\"ReadAction\",\"target\":[\"https:\\\/\\\/www.cfos-emobility.de\\\/network\\\/antworten\\\/auswirkung-auf-die-12v-batterie-waehrend-der-bereitschaft-zum-laden-bei-renault-zoe\\\/\"]}]},{\"@type\":\"BreadcrumbList\",\"@id\":\"https:\\\/\\\/www.cfos-emobility.de\\\/network\\\/antworten\\\/auswirkung-auf-die-12v-batterie-waehrend-der-bereitschaft-zum-laden-bei-renault-zoe\\\/#breadcrumb\",\"itemListElement\":[{\"@type\":\"ListItem\",\"position\":1,\"name\":\"Startseite\",\"item\":\"https:\\\/\\\/www.cfos-emobility.de\\\/network\\\/\"},{\"@type\":\"ListItem\",\"position\":2,\"name\":\"Fragen\",\"item\":\"https:\\\/\\\/www.cfos-emobility.de\\\/network\\\/antworten\\\/\"},{\"@type\":\"ListItem\",\"position\":3,\"name\":\"Auswirkung auf die 12V-Batterie w\u00e4hrend der Bereitschaft zum Laden bei Renault Zoe\"}]},{\"@type\":\"WebSite\",\"@id\":\"https:\\\/\\\/www.cfos-emobility.de\\\/network\\\/#website\",\"url\":\"https:\\\/\\\/www.cfos-emobility.de\\\/network\\\/\",\"name\":\"cFos eMobility Network\",\"description\":\"Das cFos Power Brain Community Portal\",\"publisher\":{\"@id\":\"https:\\\/\\\/www.cfos-emobility.de\\\/network\\\/#organization\"},\"potentialAction\":[{\"@type\":\"SearchAction\",\"target\":{\"@type\":\"EntryPoint\",\"urlTemplate\":\"https:\\\/\\\/www.cfos-emobility.de\\\/network\\\/?s={search_term_string}\"},\"query-input\":{\"@type\":\"PropertyValueSpecification\",\"valueRequired\":true,\"valueName\":\"search_term_string\"}}],\"inLanguage\":\"de\"},{\"@type\":\"Organization\",\"@id\":\"https:\\\/\\\/www.cfos-emobility.de\\\/network\\\/#organization\",\"name\":\"cFos eMobility GmbH\",\"url\":\"https:\\\/\\\/www.cfos-emobility.de\\\/network\\\/\",\"logo\":{\"@type\":\"ImageObject\",\"inLanguage\":\"de\",\"@id\":\"https:\\\/\\\/www.cfos-emobility.de\\\/network\\\/#\\\/schema\\\/logo\\\/image\\\/\",\"url\":\"https:\\\/\\\/www.cfos-emobility.de\\\/network\\\/wp-content\\\/uploads\\\/2021\\\/12\\\/cfos-emobility-logo.jpg\",\"contentUrl\":\"https:\\\/\\\/www.cfos-emobility.de\\\/network\\\/wp-content\\\/uploads\\\/2021\\\/12\\\/cfos-emobility-logo.jpg\",\"width\":221,\"height\":80,\"caption\":\"cFos eMobility GmbH\"},\"image\":{\"@id\":\"https:\\\/\\\/www.cfos-emobility.de\\\/network\\\/#\\\/schema\\\/logo\\\/image\\\/\"},\"sameAs\":[\"https:\\\/\\\/x.com\\\/cFosEmobility\"]}]}<\/script>\n<!-- \/ Yoast SEO plugin. -->","yoast_head_json":{"title":"Auswirkung auf die 12V-Batterie w\u00e4hrend der Bereitschaft zum Laden bei Renault Zoe - cFos eMobility Network","robots":{"index":"index","follow":"follow","max-snippet":"max-snippet:-1","max-image-preview":"max-image-preview:large","max-video-preview":"max-video-preview:-1"},"canonical":"https:\/\/www.cfos-emobility.de\/network\/antworten\/auswirkung-auf-die-12v-batterie-waehrend-der-bereitschaft-zum-laden-bei-renault-zoe\/","og_locale":"de_DE","og_type":"article","og_title":"Auswirkung auf die 12V-Batterie w\u00e4hrend der Bereitschaft zum Laden bei Renault Zoe - cFos eMobility Network","og_description":"Hat jemand Erfahrung mit \u00dcberschussladen oder dynamischen Tarifen bei einer Zoe von Renault? In diesem Fall ist das Fahrzeug zeitweilig angesteckt, ohne dass es geladen wird. Ich habe festgestellt, da\u00df die 12V-Autobatterie w\u00e4hrend der Bereitschaft zum Laden \u00fcberm\u00e4\u00dfig belastet wird. Wenn ich das Fahrzeug \u00fcber Nacht an der Wallbox angesteckt lasse, ist am n\u00e4chsten Tag [&hellip;]","og_url":"https:\/\/www.cfos-emobility.de\/network\/antworten\/auswirkung-auf-die-12v-batterie-waehrend-der-bereitschaft-zum-laden-bei-renault-zoe\/","og_site_name":"cFos eMobility Network","article_modified_time":"2025-10-21T14:32:36+00:00","twitter_card":"summary_large_image","twitter_site":"@cFosEmobility","schema":{"@context":"https:\/\/schema.org","@graph":[{"@type":"WebPage","@id":"https:\/\/www.cfos-emobility.de\/network\/antworten\/auswirkung-auf-die-12v-batterie-waehrend-der-bereitschaft-zum-laden-bei-renault-zoe\/","url":"https:\/\/www.cfos-emobility.de\/network\/antworten\/auswirkung-auf-die-12v-batterie-waehrend-der-bereitschaft-zum-laden-bei-renault-zoe\/","name":"Auswirkung auf die 12V-Batterie w\u00e4hrend der Bereitschaft zum Laden bei Renault Zoe - cFos eMobility Network","isPartOf":{"@id":"https:\/\/www.cfos-emobility.de\/network\/#website"},"datePublished":"2025-02-14T07:48:36+00:00","dateModified":"2025-10-21T14:32:36+00:00","breadcrumb":{"@id":"https:\/\/www.cfos-emobility.de\/network\/antworten\/auswirkung-auf-die-12v-batterie-waehrend-der-bereitschaft-zum-laden-bei-renault-zoe\/#breadcrumb"},"inLanguage":"de","potentialAction":[{"@type":"ReadAction","target":["https:\/\/www.cfos-emobility.de\/network\/antworten\/auswirkung-auf-die-12v-batterie-waehrend-der-bereitschaft-zum-laden-bei-renault-zoe\/"]}]},{"@type":"BreadcrumbList","@id":"https:\/\/www.cfos-emobility.de\/network\/antworten\/auswirkung-auf-die-12v-batterie-waehrend-der-bereitschaft-zum-laden-bei-renault-zoe\/#breadcrumb","itemListElement":[{"@type":"ListItem","position":1,"name":"Startseite","item":"https:\/\/www.cfos-emobility.de\/network\/"},{"@type":"ListItem","position":2,"name":"Fragen","item":"https:\/\/www.cfos-emobility.de\/network\/antworten\/"},{"@type":"ListItem","position":3,"name":"Auswirkung auf die 12V-Batterie w\u00e4hrend der Bereitschaft zum Laden bei Renault Zoe"}]},{"@type":"WebSite","@id":"https:\/\/www.cfos-emobility.de\/network\/#website","url":"https:\/\/www.cfos-emobility.de\/network\/","name":"cFos eMobility Network","description":"Das cFos Power Brain Community Portal","publisher":{"@id":"https:\/\/www.cfos-emobility.de\/network\/#organization"},"potentialAction":[{"@type":"SearchAction","target":{"@type":"EntryPoint","urlTemplate":"https:\/\/www.cfos-emobility.de\/network\/?s={search_term_string}"},"query-input":{"@type":"PropertyValueSpecification","valueRequired":true,"valueName":"search_term_string"}}],"inLanguage":"de"},{"@type":"Organization","@id":"https:\/\/www.cfos-emobility.de\/network\/#organization","name":"cFos eMobility GmbH","url":"https:\/\/www.cfos-emobility.de\/network\/","logo":{"@type":"ImageObject","inLanguage":"de","@id":"https:\/\/www.cfos-emobility.de\/network\/#\/schema\/logo\/image\/","url":"https:\/\/www.cfos-emobility.de\/network\/wp-content\/uploads\/2021\/12\/cfos-emobility-logo.jpg","contentUrl":"https:\/\/www.cfos-emobility.de\/network\/wp-content\/uploads\/2021\/12\/cfos-emobility-logo.jpg","width":221,"height":80,"caption":"cFos eMobility GmbH"},"image":{"@id":"https:\/\/www.cfos-emobility.de\/network\/#\/schema\/logo\/image\/"},"sameAs":["https:\/\/x.com\/cFosEmobility"]}]}},"_links":{"self":[{"href":"https:\/\/www.cfos-emobility.de\/network\/wp-json\/wp\/v2\/cma_thread\/5220","targetHints":{"allow":["GET"]}}],"collection":[{"href":"https:\/\/www.cfos-emobility.de\/network\/wp-json\/wp\/v2\/cma_thread"}],"about":[{"href":"https:\/\/www.cfos-emobility.de\/network\/wp-json\/wp\/v2\/types\/cma_thread"}],"author":[{"embeddable":true,"href":"https:\/\/www.cfos-emobility.de\/network\/wp-json\/wp\/v2\/users\/393"}],"wp:attachment":[{"href":"https:\/\/www.cfos-emobility.de\/network\/wp-json\/wp\/v2\/media?parent=5220"}],"wp:term":[{"taxonomy":"post_tag","embeddable":true,"href":"https:\/\/www.cfos-emobility.de\/network\/wp-json\/wp\/v2\/tags?post=5220"},{"taxonomy":"cma_category","embeddable":true,"href":"https:\/\/www.cfos-emobility.de\/network\/wp-json\/wp\/v2\/cma_category?post=5220"},{"taxonomy":"cma_difficulty_level","embeddable":true,"href":"https:\/\/www.cfos-emobility.de\/network\/wp-json\/wp\/v2\/cma_difficulty_level?post=5220"}],"curies":[{"name":"wp","href":"https:\/\/api.w.org\/{rel}","templated":true}]}}