{"id":3766,"date":"2024-08-19T09:55:50","date_gmt":"2024-08-19T07:55:50","guid":{"rendered":"https:\/\/www.cfos-emobility.de\/network\/antworten\/pv-ueberschussladen-mit-tibber-pulse-unter-lastmanagement-reduzierung-der-ladeleistung\/"},"modified":"2024-09-04T22:26:39","modified_gmt":"2024-09-04T20:26:39","slug":"pv-ueberschussladen-mit-tibber-pulse-unter-lastmanagement-reduzierung-der-ladeleistung","status":"publish","type":"cma_thread","link":"https:\/\/www.cfos-emobility.de\/network\/antworten\/pv-ueberschussladen-mit-tibber-pulse-unter-lastmanagement-reduzierung-der-ladeleistung\/","title":{"rendered":"PV-\u00dcberschussladen mit Tibber Pulse, unter Lastmanagement Reduzierung der Ladeleistung"},"content":{"rendered":"<p>Hallo, nachdem ich jetzt schon seit Monaten experimentiere und der Support auch nicht weiterhelfen kann, versuch ich es mal hier, Hilfe zu bekommen. Ich lade ein E-Auto einphasig und habe den Tibber Pulse erfolgreich als Netzbezug installiert. Die Power Brain Solar zeigt mir auch den Energie\u00fcberschuss richtig an. Leider wird sobald ich das \u00dcberschussladen per Einschalten des Lastmanagements aktiviere die Ladeleistung von bis dahin ca. 3450 W auf ca. 1350 W\u00a0 \u00a0reduziert. Bei einem Anstieg des PV-\u00dcberschusses liefert er ungef\u00e4hr die H\u00e4lfte ( z.b. aktuell PV-\u00dcberschuss 3,4KW, leistung 1700W)<\/p>\n<p>Ich habe folgende 2 Laderegeln angelegt-:<\/p>\n<ol>\n<li>PV-\u00dcberschuss, Bedingung PV-\u00dcberschuss&gt;0, 240 Zeit, Aktion PV-\u00dcberschuss liefern x1, Beenden<\/li>\n<li>Bedingung immer, Aktion PV-\u00dcberschuss liefern x -1, Beenden<\/li>\n<\/ol>\n<p>Meine Vermutung ist, das ich an den Laderegeln was falsch gemacht habe? K\u00f6nnt Ihr mir weiterhelfen?<\/p>\n<p>&nbsp;<\/p>\n","protected":false},"excerpt":{"rendered":"<p>Hallo, nachdem ich jetzt schon seit Monaten experimentiere und der Support auch nicht weiterhelfen kann, versuch ich es mal hier, Hilfe zu bekommen. Ich lade ein E-Auto einphasig und habe den Tibber Pulse erfolgreich als Netzbezug installiert. Die Power Brain Solar zeigt mir auch den Energie\u00fcberschuss richtig an. Leider wird sobald ich das \u00dcberschussladen per [&hellip;]<\/p>\n","protected":false},"author":489,"featured_media":0,"template":"","tags":[89,37],"cma_category":[],"cma_difficulty_level":[],"class_list":["post-3766","cma_thread","type-cma_thread","status-publish","hentry","tag-tibber","tag-ueberschussladen"],"yoast_head":"<!-- This site is optimized with the Yoast SEO plugin v27.5 - https:\/\/yoast.com\/product\/yoast-seo-wordpress\/ -->\n<title>PV-\u00dcberschussladen mit Tibber Pulse, unter Lastmanagement Reduzierung der Ladeleistung - cFos eMobility Network<\/title>\n<meta name=\"robots\" content=\"index, follow, max-snippet:-1, max-image-preview:large, max-video-preview:-1\" \/>\n<link rel=\"canonical\" href=\"https:\/\/www.cfos-emobility.de\/network\/antworten\/pv-ueberschussladen-mit-tibber-pulse-unter-lastmanagement-reduzierung-der-ladeleistung\/\" \/>\n<meta property=\"og:locale\" content=\"de_DE\" \/>\n<meta property=\"og:type\" content=\"article\" \/>\n<meta property=\"og:title\" content=\"PV-\u00dcberschussladen mit Tibber Pulse, unter Lastmanagement Reduzierung der Ladeleistung - cFos eMobility Network\" \/>\n<meta property=\"og:description\" content=\"Hallo, nachdem ich jetzt schon seit Monaten experimentiere und der Support auch nicht weiterhelfen kann, versuch ich es mal hier, Hilfe zu bekommen. Ich lade ein E-Auto einphasig und habe den Tibber Pulse erfolgreich als Netzbezug installiert. Die Power Brain Solar zeigt mir auch den Energie\u00fcberschuss richtig an. Leider wird sobald ich das \u00dcberschussladen per [&hellip;]\" \/>\n<meta property=\"og:url\" content=\"https:\/\/www.cfos-emobility.de\/network\/antworten\/pv-ueberschussladen-mit-tibber-pulse-unter-lastmanagement-reduzierung-der-ladeleistung\/\" \/>\n<meta property=\"og:site_name\" content=\"cFos eMobility Network\" \/>\n<meta property=\"article:modified_time\" content=\"2024-09-04T20:26:39+00:00\" \/>\n<meta name=\"twitter:card\" content=\"summary_large_image\" \/>\n<meta name=\"twitter:site\" content=\"@cFosEmobility\" \/>\n<meta name=\"twitter:label1\" content=\"Gesch\u00e4tzte Lesezeit\" \/>\n\t<meta name=\"twitter:data1\" content=\"1\u00a0Minute\" \/>\n<script type=\"application\/ld+json\" class=\"yoast-schema-graph\">{\"@context\":\"https:\\\/\\\/schema.org\",\"@graph\":[{\"@type\":\"WebPage\",\"@id\":\"https:\\\/\\\/www.cfos-emobility.de\\\/network\\\/antworten\\\/pv-ueberschussladen-mit-tibber-pulse-unter-lastmanagement-reduzierung-der-ladeleistung\\\/\",\"url\":\"https:\\\/\\\/www.cfos-emobility.de\\\/network\\\/antworten\\\/pv-ueberschussladen-mit-tibber-pulse-unter-lastmanagement-reduzierung-der-ladeleistung\\\/\",\"name\":\"PV-\u00dcberschussladen mit Tibber Pulse, unter Lastmanagement Reduzierung der Ladeleistung - cFos eMobility Network\",\"isPartOf\":{\"@id\":\"https:\\\/\\\/www.cfos-emobility.de\\\/network\\\/#website\"},\"datePublished\":\"2024-08-19T07:55:50+00:00\",\"dateModified\":\"2024-09-04T20:26:39+00:00\",\"breadcrumb\":{\"@id\":\"https:\\\/\\\/www.cfos-emobility.de\\\/network\\\/antworten\\\/pv-ueberschussladen-mit-tibber-pulse-unter-lastmanagement-reduzierung-der-ladeleistung\\\/#breadcrumb\"},\"inLanguage\":\"de\",\"potentialAction\":[{\"@type\":\"ReadAction\",\"target\":[\"https:\\\/\\\/www.cfos-emobility.de\\\/network\\\/antworten\\\/pv-ueberschussladen-mit-tibber-pulse-unter-lastmanagement-reduzierung-der-ladeleistung\\\/\"]}]},{\"@type\":\"BreadcrumbList\",\"@id\":\"https:\\\/\\\/www.cfos-emobility.de\\\/network\\\/antworten\\\/pv-ueberschussladen-mit-tibber-pulse-unter-lastmanagement-reduzierung-der-ladeleistung\\\/#breadcrumb\",\"itemListElement\":[{\"@type\":\"ListItem\",\"position\":1,\"name\":\"Startseite\",\"item\":\"https:\\\/\\\/www.cfos-emobility.de\\\/network\\\/\"},{\"@type\":\"ListItem\",\"position\":2,\"name\":\"Fragen\",\"item\":\"https:\\\/\\\/www.cfos-emobility.de\\\/network\\\/antworten\\\/\"},{\"@type\":\"ListItem\",\"position\":3,\"name\":\"PV-\u00dcberschussladen mit Tibber Pulse, unter Lastmanagement Reduzierung der Ladeleistung\"}]},{\"@type\":\"WebSite\",\"@id\":\"https:\\\/\\\/www.cfos-emobility.de\\\/network\\\/#website\",\"url\":\"https:\\\/\\\/www.cfos-emobility.de\\\/network\\\/\",\"name\":\"cFos eMobility Network\",\"description\":\"Das cFos Power Brain Community Portal\",\"publisher\":{\"@id\":\"https:\\\/\\\/www.cfos-emobility.de\\\/network\\\/#organization\"},\"potentialAction\":[{\"@type\":\"SearchAction\",\"target\":{\"@type\":\"EntryPoint\",\"urlTemplate\":\"https:\\\/\\\/www.cfos-emobility.de\\\/network\\\/?s={search_term_string}\"},\"query-input\":{\"@type\":\"PropertyValueSpecification\",\"valueRequired\":true,\"valueName\":\"search_term_string\"}}],\"inLanguage\":\"de\"},{\"@type\":\"Organization\",\"@id\":\"https:\\\/\\\/www.cfos-emobility.de\\\/network\\\/#organization\",\"name\":\"cFos eMobility GmbH\",\"url\":\"https:\\\/\\\/www.cfos-emobility.de\\\/network\\\/\",\"logo\":{\"@type\":\"ImageObject\",\"inLanguage\":\"de\",\"@id\":\"https:\\\/\\\/www.cfos-emobility.de\\\/network\\\/#\\\/schema\\\/logo\\\/image\\\/\",\"url\":\"https:\\\/\\\/www.cfos-emobility.de\\\/network\\\/wp-content\\\/uploads\\\/2021\\\/12\\\/cfos-emobility-logo.jpg\",\"contentUrl\":\"https:\\\/\\\/www.cfos-emobility.de\\\/network\\\/wp-content\\\/uploads\\\/2021\\\/12\\\/cfos-emobility-logo.jpg\",\"width\":221,\"height\":80,\"caption\":\"cFos eMobility GmbH\"},\"image\":{\"@id\":\"https:\\\/\\\/www.cfos-emobility.de\\\/network\\\/#\\\/schema\\\/logo\\\/image\\\/\"},\"sameAs\":[\"https:\\\/\\\/x.com\\\/cFosEmobility\"]}]}<\/script>\n<!-- \/ Yoast SEO plugin. -->","yoast_head_json":{"title":"PV-\u00dcberschussladen mit Tibber Pulse, unter Lastmanagement Reduzierung der Ladeleistung - cFos eMobility Network","robots":{"index":"index","follow":"follow","max-snippet":"max-snippet:-1","max-image-preview":"max-image-preview:large","max-video-preview":"max-video-preview:-1"},"canonical":"https:\/\/www.cfos-emobility.de\/network\/antworten\/pv-ueberschussladen-mit-tibber-pulse-unter-lastmanagement-reduzierung-der-ladeleistung\/","og_locale":"de_DE","og_type":"article","og_title":"PV-\u00dcberschussladen mit Tibber Pulse, unter Lastmanagement Reduzierung der Ladeleistung - cFos eMobility Network","og_description":"Hallo, nachdem ich jetzt schon seit Monaten experimentiere und der Support auch nicht weiterhelfen kann, versuch ich es mal hier, Hilfe zu bekommen. Ich lade ein E-Auto einphasig und habe den Tibber Pulse erfolgreich als Netzbezug installiert. Die Power Brain Solar zeigt mir auch den Energie\u00fcberschuss richtig an. Leider wird sobald ich das \u00dcberschussladen per [&hellip;]","og_url":"https:\/\/www.cfos-emobility.de\/network\/antworten\/pv-ueberschussladen-mit-tibber-pulse-unter-lastmanagement-reduzierung-der-ladeleistung\/","og_site_name":"cFos eMobility Network","article_modified_time":"2024-09-04T20:26:39+00:00","twitter_card":"summary_large_image","twitter_site":"@cFosEmobility","twitter_misc":{"Gesch\u00e4tzte Lesezeit":"1\u00a0Minute"},"schema":{"@context":"https:\/\/schema.org","@graph":[{"@type":"WebPage","@id":"https:\/\/www.cfos-emobility.de\/network\/antworten\/pv-ueberschussladen-mit-tibber-pulse-unter-lastmanagement-reduzierung-der-ladeleistung\/","url":"https:\/\/www.cfos-emobility.de\/network\/antworten\/pv-ueberschussladen-mit-tibber-pulse-unter-lastmanagement-reduzierung-der-ladeleistung\/","name":"PV-\u00dcberschussladen mit Tibber Pulse, unter Lastmanagement Reduzierung der Ladeleistung - cFos eMobility Network","isPartOf":{"@id":"https:\/\/www.cfos-emobility.de\/network\/#website"},"datePublished":"2024-08-19T07:55:50+00:00","dateModified":"2024-09-04T20:26:39+00:00","breadcrumb":{"@id":"https:\/\/www.cfos-emobility.de\/network\/antworten\/pv-ueberschussladen-mit-tibber-pulse-unter-lastmanagement-reduzierung-der-ladeleistung\/#breadcrumb"},"inLanguage":"de","potentialAction":[{"@type":"ReadAction","target":["https:\/\/www.cfos-emobility.de\/network\/antworten\/pv-ueberschussladen-mit-tibber-pulse-unter-lastmanagement-reduzierung-der-ladeleistung\/"]}]},{"@type":"BreadcrumbList","@id":"https:\/\/www.cfos-emobility.de\/network\/antworten\/pv-ueberschussladen-mit-tibber-pulse-unter-lastmanagement-reduzierung-der-ladeleistung\/#breadcrumb","itemListElement":[{"@type":"ListItem","position":1,"name":"Startseite","item":"https:\/\/www.cfos-emobility.de\/network\/"},{"@type":"ListItem","position":2,"name":"Fragen","item":"https:\/\/www.cfos-emobility.de\/network\/antworten\/"},{"@type":"ListItem","position":3,"name":"PV-\u00dcberschussladen mit Tibber Pulse, unter Lastmanagement Reduzierung der Ladeleistung"}]},{"@type":"WebSite","@id":"https:\/\/www.cfos-emobility.de\/network\/#website","url":"https:\/\/www.cfos-emobility.de\/network\/","name":"cFos eMobility Network","description":"Das cFos Power Brain Community Portal","publisher":{"@id":"https:\/\/www.cfos-emobility.de\/network\/#organization"},"potentialAction":[{"@type":"SearchAction","target":{"@type":"EntryPoint","urlTemplate":"https:\/\/www.cfos-emobility.de\/network\/?s={search_term_string}"},"query-input":{"@type":"PropertyValueSpecification","valueRequired":true,"valueName":"search_term_string"}}],"inLanguage":"de"},{"@type":"Organization","@id":"https:\/\/www.cfos-emobility.de\/network\/#organization","name":"cFos eMobility GmbH","url":"https:\/\/www.cfos-emobility.de\/network\/","logo":{"@type":"ImageObject","inLanguage":"de","@id":"https:\/\/www.cfos-emobility.de\/network\/#\/schema\/logo\/image\/","url":"https:\/\/www.cfos-emobility.de\/network\/wp-content\/uploads\/2021\/12\/cfos-emobility-logo.jpg","contentUrl":"https:\/\/www.cfos-emobility.de\/network\/wp-content\/uploads\/2021\/12\/cfos-emobility-logo.jpg","width":221,"height":80,"caption":"cFos eMobility GmbH"},"image":{"@id":"https:\/\/www.cfos-emobility.de\/network\/#\/schema\/logo\/image\/"},"sameAs":["https:\/\/x.com\/cFosEmobility"]}]}},"_links":{"self":[{"href":"https:\/\/www.cfos-emobility.de\/network\/wp-json\/wp\/v2\/cma_thread\/3766","targetHints":{"allow":["GET"]}}],"collection":[{"href":"https:\/\/www.cfos-emobility.de\/network\/wp-json\/wp\/v2\/cma_thread"}],"about":[{"href":"https:\/\/www.cfos-emobility.de\/network\/wp-json\/wp\/v2\/types\/cma_thread"}],"author":[{"embeddable":true,"href":"https:\/\/www.cfos-emobility.de\/network\/wp-json\/wp\/v2\/users\/489"}],"wp:attachment":[{"href":"https:\/\/www.cfos-emobility.de\/network\/wp-json\/wp\/v2\/media?parent=3766"}],"wp:term":[{"taxonomy":"post_tag","embeddable":true,"href":"https:\/\/www.cfos-emobility.de\/network\/wp-json\/wp\/v2\/tags?post=3766"},{"taxonomy":"cma_category","embeddable":true,"href":"https:\/\/www.cfos-emobility.de\/network\/wp-json\/wp\/v2\/cma_category?post=3766"},{"taxonomy":"cma_difficulty_level","embeddable":true,"href":"https:\/\/www.cfos-emobility.de\/network\/wp-json\/wp\/v2\/cma_difficulty_level?post=3766"}],"curies":[{"name":"wp","href":"https:\/\/api.w.org\/{rel}","templated":true}]}}