{"id":2342,"date":"2024-01-14T22:47:50","date_gmt":"2024-01-14T21:47:50","guid":{"rendered":"https:\/\/www.cfos-emobility.de\/network\/antworten\/wie-definiere-ich-den-solaren-ueberschuss\/"},"modified":"2024-01-16T12:04:28","modified_gmt":"2024-01-16T11:04:28","slug":"wie-definiere-ich-den-solaren-ueberschuss","status":"publish","type":"cma_thread","link":"https:\/\/www.cfos-emobility.de\/network\/antworten\/wie-definiere-ich-den-solaren-ueberschuss\/","title":{"rendered":"Wie definiere ich den solaren \u00dcberschuss?"},"content":{"rendered":"<p>Hallo Zusammen,<\/p>\n<p>es ist soweit, seit Freitag habe ich mein eAuto. Die Wallbox cfos PowerBrain Solar 22kW ist seit ein paar Wochen montiert und betriebsbereit.<\/p>\n<p>Heute habe ich den ersten Ladevorgang erfolgreich absolviert.<\/p>\n<p>&nbsp;<\/p>\n<p>Jetzt ben\u00f6tige ich etwas Hilfe bei der Konfiguration f\u00fcr das PV-\u00dcberschussladen:<\/p>\n<p>Mein PV-System besteht aus einen Fronius Symo Gen24 + Batterie mit einem Fronius Smartmeter.<\/p>\n<p>Das System misst und erg\u00e4nzt nur den Hausverbrauch, die Wallbox l\u00e4uft <strong>nicht<\/strong> \u00fcber den Fronius Smartmeter.<\/p>\n<p>Dadurch zeigt der Smartmeter direkt den verf\u00fcgbaren \u00dcberschuss an, es ist keine Berechnung notwendig.<\/p>\n<p>Laut\u00a0 Definition ist die Berechnung f\u00fcr den PV-\u00dcberschuss:<\/p>\n<p>&#8222;Solarer \u00dcberschuss ist minus Netzbezug plus Verbrauch Elektroautos.&#8220;<\/p>\n<p>Welche Formel muss ich in den Einstellungen f\u00fcr den solaren \u00dcberschuss eingeben?<\/p>\n<p>Bzw. welche Rolle muss ich den Z\u00e4hler zuweisen?<\/p>\n<p>Ich habe ihn vorerst als Z\u00e4hler M4 mit der Rolle Anzeige angelegt.<\/p>\n<p>&nbsp;<\/p>\n<p>Vorab vielen Dank f\u00fcr eure Hilfe,<\/p>\n<p>Sigi<\/p>\n<p>&nbsp;<\/p>\n<p>&nbsp;<\/p>\n","protected":false},"excerpt":{"rendered":"<p>Hallo Zusammen, es ist soweit, seit Freitag habe ich mein eAuto. Die Wallbox cfos PowerBrain Solar 22kW ist seit ein paar Wochen montiert und betriebsbereit. Heute habe ich den ersten Ladevorgang erfolgreich absolviert. &nbsp; Jetzt ben\u00f6tige ich etwas Hilfe bei der Konfiguration f\u00fcr das PV-\u00dcberschussladen: Mein PV-System besteht aus einen Fronius Symo Gen24 + Batterie [&hellip;]<\/p>\n","protected":false},"author":314,"featured_media":0,"template":"","tags":[],"cma_category":[],"cma_difficulty_level":[],"class_list":["post-2342","cma_thread","type-cma_thread","status-publish","hentry"],"yoast_head":"<!-- This site is optimized with the Yoast SEO plugin v27.5 - https:\/\/yoast.com\/product\/yoast-seo-wordpress\/ -->\n<title>Wie definiere ich den solaren \u00dcberschuss? - cFos eMobility Network<\/title>\n<meta name=\"robots\" content=\"index, follow, max-snippet:-1, max-image-preview:large, max-video-preview:-1\" \/>\n<link rel=\"canonical\" href=\"https:\/\/www.cfos-emobility.de\/network\/antworten\/wie-definiere-ich-den-solaren-ueberschuss\/\" \/>\n<meta property=\"og:locale\" content=\"de_DE\" \/>\n<meta property=\"og:type\" content=\"article\" \/>\n<meta property=\"og:title\" content=\"Wie definiere ich den solaren \u00dcberschuss? - cFos eMobility Network\" \/>\n<meta property=\"og:description\" content=\"Hallo Zusammen, es ist soweit, seit Freitag habe ich mein eAuto. Die Wallbox cfos PowerBrain Solar 22kW ist seit ein paar Wochen montiert und betriebsbereit. Heute habe ich den ersten Ladevorgang erfolgreich absolviert. &nbsp; Jetzt ben\u00f6tige ich etwas Hilfe bei der Konfiguration f\u00fcr das PV-\u00dcberschussladen: Mein PV-System besteht aus einen Fronius Symo Gen24 + Batterie [&hellip;]\" \/>\n<meta property=\"og:url\" content=\"https:\/\/www.cfos-emobility.de\/network\/antworten\/wie-definiere-ich-den-solaren-ueberschuss\/\" \/>\n<meta property=\"og:site_name\" content=\"cFos eMobility Network\" \/>\n<meta property=\"article:modified_time\" content=\"2024-01-16T11:04:28+00:00\" \/>\n<meta name=\"twitter:card\" content=\"summary_large_image\" \/>\n<meta name=\"twitter:site\" content=\"@cFosEmobility\" \/>\n<meta name=\"twitter:label1\" content=\"Gesch\u00e4tzte Lesezeit\" \/>\n\t<meta name=\"twitter:data1\" content=\"1\u00a0Minute\" \/>\n<script type=\"application\/ld+json\" class=\"yoast-schema-graph\">{\"@context\":\"https:\\\/\\\/schema.org\",\"@graph\":[{\"@type\":\"WebPage\",\"@id\":\"https:\\\/\\\/www.cfos-emobility.de\\\/network\\\/antworten\\\/wie-definiere-ich-den-solaren-ueberschuss\\\/\",\"url\":\"https:\\\/\\\/www.cfos-emobility.de\\\/network\\\/antworten\\\/wie-definiere-ich-den-solaren-ueberschuss\\\/\",\"name\":\"Wie definiere ich den solaren \u00dcberschuss? - cFos eMobility Network\",\"isPartOf\":{\"@id\":\"https:\\\/\\\/www.cfos-emobility.de\\\/network\\\/#website\"},\"datePublished\":\"2024-01-14T21:47:50+00:00\",\"dateModified\":\"2024-01-16T11:04:28+00:00\",\"breadcrumb\":{\"@id\":\"https:\\\/\\\/www.cfos-emobility.de\\\/network\\\/antworten\\\/wie-definiere-ich-den-solaren-ueberschuss\\\/#breadcrumb\"},\"inLanguage\":\"de\",\"potentialAction\":[{\"@type\":\"ReadAction\",\"target\":[\"https:\\\/\\\/www.cfos-emobility.de\\\/network\\\/antworten\\\/wie-definiere-ich-den-solaren-ueberschuss\\\/\"]}]},{\"@type\":\"BreadcrumbList\",\"@id\":\"https:\\\/\\\/www.cfos-emobility.de\\\/network\\\/antworten\\\/wie-definiere-ich-den-solaren-ueberschuss\\\/#breadcrumb\",\"itemListElement\":[{\"@type\":\"ListItem\",\"position\":1,\"name\":\"Startseite\",\"item\":\"https:\\\/\\\/www.cfos-emobility.de\\\/network\\\/\"},{\"@type\":\"ListItem\",\"position\":2,\"name\":\"Fragen\",\"item\":\"https:\\\/\\\/www.cfos-emobility.de\\\/network\\\/antworten\\\/\"},{\"@type\":\"ListItem\",\"position\":3,\"name\":\"Wie definiere ich den solaren \u00dcberschuss?\"}]},{\"@type\":\"WebSite\",\"@id\":\"https:\\\/\\\/www.cfos-emobility.de\\\/network\\\/#website\",\"url\":\"https:\\\/\\\/www.cfos-emobility.de\\\/network\\\/\",\"name\":\"cFos eMobility Network\",\"description\":\"Das cFos Power Brain Community Portal\",\"publisher\":{\"@id\":\"https:\\\/\\\/www.cfos-emobility.de\\\/network\\\/#organization\"},\"potentialAction\":[{\"@type\":\"SearchAction\",\"target\":{\"@type\":\"EntryPoint\",\"urlTemplate\":\"https:\\\/\\\/www.cfos-emobility.de\\\/network\\\/?s={search_term_string}\"},\"query-input\":{\"@type\":\"PropertyValueSpecification\",\"valueRequired\":true,\"valueName\":\"search_term_string\"}}],\"inLanguage\":\"de\"},{\"@type\":\"Organization\",\"@id\":\"https:\\\/\\\/www.cfos-emobility.de\\\/network\\\/#organization\",\"name\":\"cFos eMobility GmbH\",\"url\":\"https:\\\/\\\/www.cfos-emobility.de\\\/network\\\/\",\"logo\":{\"@type\":\"ImageObject\",\"inLanguage\":\"de\",\"@id\":\"https:\\\/\\\/www.cfos-emobility.de\\\/network\\\/#\\\/schema\\\/logo\\\/image\\\/\",\"url\":\"https:\\\/\\\/www.cfos-emobility.de\\\/network\\\/wp-content\\\/uploads\\\/2021\\\/12\\\/cfos-emobility-logo.jpg\",\"contentUrl\":\"https:\\\/\\\/www.cfos-emobility.de\\\/network\\\/wp-content\\\/uploads\\\/2021\\\/12\\\/cfos-emobility-logo.jpg\",\"width\":221,\"height\":80,\"caption\":\"cFos eMobility GmbH\"},\"image\":{\"@id\":\"https:\\\/\\\/www.cfos-emobility.de\\\/network\\\/#\\\/schema\\\/logo\\\/image\\\/\"},\"sameAs\":[\"https:\\\/\\\/x.com\\\/cFosEmobility\"]}]}<\/script>\n<!-- \/ Yoast SEO plugin. -->","yoast_head_json":{"title":"Wie definiere ich den solaren \u00dcberschuss? - cFos eMobility Network","robots":{"index":"index","follow":"follow","max-snippet":"max-snippet:-1","max-image-preview":"max-image-preview:large","max-video-preview":"max-video-preview:-1"},"canonical":"https:\/\/www.cfos-emobility.de\/network\/antworten\/wie-definiere-ich-den-solaren-ueberschuss\/","og_locale":"de_DE","og_type":"article","og_title":"Wie definiere ich den solaren \u00dcberschuss? - cFos eMobility Network","og_description":"Hallo Zusammen, es ist soweit, seit Freitag habe ich mein eAuto. Die Wallbox cfos PowerBrain Solar 22kW ist seit ein paar Wochen montiert und betriebsbereit. Heute habe ich den ersten Ladevorgang erfolgreich absolviert. &nbsp; Jetzt ben\u00f6tige ich etwas Hilfe bei der Konfiguration f\u00fcr das PV-\u00dcberschussladen: Mein PV-System besteht aus einen Fronius Symo Gen24 + Batterie [&hellip;]","og_url":"https:\/\/www.cfos-emobility.de\/network\/antworten\/wie-definiere-ich-den-solaren-ueberschuss\/","og_site_name":"cFos eMobility Network","article_modified_time":"2024-01-16T11:04:28+00:00","twitter_card":"summary_large_image","twitter_site":"@cFosEmobility","twitter_misc":{"Gesch\u00e4tzte Lesezeit":"1\u00a0Minute"},"schema":{"@context":"https:\/\/schema.org","@graph":[{"@type":"WebPage","@id":"https:\/\/www.cfos-emobility.de\/network\/antworten\/wie-definiere-ich-den-solaren-ueberschuss\/","url":"https:\/\/www.cfos-emobility.de\/network\/antworten\/wie-definiere-ich-den-solaren-ueberschuss\/","name":"Wie definiere ich den solaren \u00dcberschuss? - cFos eMobility Network","isPartOf":{"@id":"https:\/\/www.cfos-emobility.de\/network\/#website"},"datePublished":"2024-01-14T21:47:50+00:00","dateModified":"2024-01-16T11:04:28+00:00","breadcrumb":{"@id":"https:\/\/www.cfos-emobility.de\/network\/antworten\/wie-definiere-ich-den-solaren-ueberschuss\/#breadcrumb"},"inLanguage":"de","potentialAction":[{"@type":"ReadAction","target":["https:\/\/www.cfos-emobility.de\/network\/antworten\/wie-definiere-ich-den-solaren-ueberschuss\/"]}]},{"@type":"BreadcrumbList","@id":"https:\/\/www.cfos-emobility.de\/network\/antworten\/wie-definiere-ich-den-solaren-ueberschuss\/#breadcrumb","itemListElement":[{"@type":"ListItem","position":1,"name":"Startseite","item":"https:\/\/www.cfos-emobility.de\/network\/"},{"@type":"ListItem","position":2,"name":"Fragen","item":"https:\/\/www.cfos-emobility.de\/network\/antworten\/"},{"@type":"ListItem","position":3,"name":"Wie definiere ich den solaren \u00dcberschuss?"}]},{"@type":"WebSite","@id":"https:\/\/www.cfos-emobility.de\/network\/#website","url":"https:\/\/www.cfos-emobility.de\/network\/","name":"cFos eMobility Network","description":"Das cFos Power Brain Community Portal","publisher":{"@id":"https:\/\/www.cfos-emobility.de\/network\/#organization"},"potentialAction":[{"@type":"SearchAction","target":{"@type":"EntryPoint","urlTemplate":"https:\/\/www.cfos-emobility.de\/network\/?s={search_term_string}"},"query-input":{"@type":"PropertyValueSpecification","valueRequired":true,"valueName":"search_term_string"}}],"inLanguage":"de"},{"@type":"Organization","@id":"https:\/\/www.cfos-emobility.de\/network\/#organization","name":"cFos eMobility GmbH","url":"https:\/\/www.cfos-emobility.de\/network\/","logo":{"@type":"ImageObject","inLanguage":"de","@id":"https:\/\/www.cfos-emobility.de\/network\/#\/schema\/logo\/image\/","url":"https:\/\/www.cfos-emobility.de\/network\/wp-content\/uploads\/2021\/12\/cfos-emobility-logo.jpg","contentUrl":"https:\/\/www.cfos-emobility.de\/network\/wp-content\/uploads\/2021\/12\/cfos-emobility-logo.jpg","width":221,"height":80,"caption":"cFos eMobility GmbH"},"image":{"@id":"https:\/\/www.cfos-emobility.de\/network\/#\/schema\/logo\/image\/"},"sameAs":["https:\/\/x.com\/cFosEmobility"]}]}},"_links":{"self":[{"href":"https:\/\/www.cfos-emobility.de\/network\/wp-json\/wp\/v2\/cma_thread\/2342","targetHints":{"allow":["GET"]}}],"collection":[{"href":"https:\/\/www.cfos-emobility.de\/network\/wp-json\/wp\/v2\/cma_thread"}],"about":[{"href":"https:\/\/www.cfos-emobility.de\/network\/wp-json\/wp\/v2\/types\/cma_thread"}],"author":[{"embeddable":true,"href":"https:\/\/www.cfos-emobility.de\/network\/wp-json\/wp\/v2\/users\/314"}],"wp:attachment":[{"href":"https:\/\/www.cfos-emobility.de\/network\/wp-json\/wp\/v2\/media?parent=2342"}],"wp:term":[{"taxonomy":"post_tag","embeddable":true,"href":"https:\/\/www.cfos-emobility.de\/network\/wp-json\/wp\/v2\/tags?post=2342"},{"taxonomy":"cma_category","embeddable":true,"href":"https:\/\/www.cfos-emobility.de\/network\/wp-json\/wp\/v2\/cma_category?post=2342"},{"taxonomy":"cma_difficulty_level","embeddable":true,"href":"https:\/\/www.cfos-emobility.de\/network\/wp-json\/wp\/v2\/cma_difficulty_level?post=2342"}],"curies":[{"name":"wp","href":"https:\/\/api.w.org\/{rel}","templated":true}]}}