{"id":1393,"date":"2023-04-12T10:13:48","date_gmt":"2023-04-12T08:13:48","guid":{"rendered":"https:\/\/www.cfos-emobility.de\/network\/antworten\/freischaltung-des-ladeanschlusses-ueber-ext-steuerung\/"},"modified":"2023-04-12T13:36:54","modified_gmt":"2023-04-12T11:36:54","slug":"freischaltung-des-ladeanschlusses-ueber-ext-steuerung","status":"publish","type":"cma_thread","link":"https:\/\/www.cfos-emobility.de\/network\/antworten\/freischaltung-des-ladeanschlusses-ueber-ext-steuerung\/","title":{"rendered":"Freischaltung des Ladeanschlusses \u00fcber ext. Steuerung"},"content":{"rendered":"<p>Ich w\u00fcrde meine Wallbox gerne sperren, wenn ich nicht zuhause bin.<br \/>\nMeine Hausautomatisierung FHEM wei\u00df bereits, ob ich zuhause bin, und k\u00f6nnte der Wallbox neben den Z\u00e4hlerdaten, die aktuell bereits \u00fcber HTTP geschickt werden, auch dieses Signal auf irgendeinem TCP Weg zukommen lassen.<\/p>\n<p>H\u00e4tte gerne folgende Ladezust\u00e4nde:<br \/>\nIch bin Zuhause &gt; \u00dcberschussladen<br \/>\nIch bin Zuhause + halte Karte vor den RFID Leser &gt; maxLeistung laden<br \/>\nIch bin nicht Zuhause + halte andere Karte vor den Leser &gt; maxLeistung laden<\/p>\n<p>Damit soll vermieden werden, dass jeder die k\u00fcnftig \u00f6ffentlich zug\u00e4ngliche Wallbox nutzt und &#8222;Strom klaut&#8220;. Allerdings will ich nicht jedesmal eine RFID Karte vor die Wallbox halten m\u00fcssen.<\/p>\n","protected":false},"excerpt":{"rendered":"<p>Ich w\u00fcrde meine Wallbox gerne sperren, wenn ich nicht zuhause bin. Meine Hausautomatisierung FHEM wei\u00df bereits, ob ich zuhause bin, und k\u00f6nnte der Wallbox neben den Z\u00e4hlerdaten, die aktuell bereits \u00fcber HTTP geschickt werden, auch dieses Signal auf irgendeinem TCP Weg zukommen lassen. H\u00e4tte gerne folgende Ladezust\u00e4nde: Ich bin Zuhause &gt; \u00dcberschussladen Ich bin Zuhause [&hellip;]<\/p>\n","protected":false},"author":57,"featured_media":0,"template":"","tags":[124],"cma_category":[],"cma_difficulty_level":[],"class_list":["post-1393","cma_thread","type-cma_thread","status-publish","hentry","tag-anweisenheit"],"yoast_head":"<!-- This site is optimized with the Yoast SEO plugin v27.5 - https:\/\/yoast.com\/product\/yoast-seo-wordpress\/ -->\n<title>Freischaltung des Ladeanschlusses \u00fcber ext. Steuerung - cFos eMobility Network<\/title>\n<meta name=\"robots\" content=\"index, follow, max-snippet:-1, max-image-preview:large, max-video-preview:-1\" \/>\n<link rel=\"canonical\" href=\"https:\/\/www.cfos-emobility.de\/network\/antworten\/freischaltung-des-ladeanschlusses-ueber-ext-steuerung\/\" \/>\n<meta property=\"og:locale\" content=\"de_DE\" \/>\n<meta property=\"og:type\" content=\"article\" \/>\n<meta property=\"og:title\" content=\"Freischaltung des Ladeanschlusses \u00fcber ext. Steuerung - cFos eMobility Network\" \/>\n<meta property=\"og:description\" content=\"Ich w\u00fcrde meine Wallbox gerne sperren, wenn ich nicht zuhause bin. Meine Hausautomatisierung FHEM wei\u00df bereits, ob ich zuhause bin, und k\u00f6nnte der Wallbox neben den Z\u00e4hlerdaten, die aktuell bereits \u00fcber HTTP geschickt werden, auch dieses Signal auf irgendeinem TCP Weg zukommen lassen. H\u00e4tte gerne folgende Ladezust\u00e4nde: Ich bin Zuhause &gt; \u00dcberschussladen Ich bin Zuhause [&hellip;]\" \/>\n<meta property=\"og:url\" content=\"https:\/\/www.cfos-emobility.de\/network\/antworten\/freischaltung-des-ladeanschlusses-ueber-ext-steuerung\/\" \/>\n<meta property=\"og:site_name\" content=\"cFos eMobility Network\" \/>\n<meta property=\"article:modified_time\" content=\"2023-04-12T11:36:54+00:00\" \/>\n<meta name=\"twitter:card\" content=\"summary_large_image\" \/>\n<meta name=\"twitter:site\" content=\"@cFosEmobility\" \/>\n<meta name=\"twitter:label1\" content=\"Gesch\u00e4tzte Lesezeit\" \/>\n\t<meta name=\"twitter:data1\" content=\"1\u00a0Minute\" \/>\n<script type=\"application\/ld+json\" class=\"yoast-schema-graph\">{\"@context\":\"https:\\\/\\\/schema.org\",\"@graph\":[{\"@type\":\"WebPage\",\"@id\":\"https:\\\/\\\/www.cfos-emobility.de\\\/network\\\/antworten\\\/freischaltung-des-ladeanschlusses-ueber-ext-steuerung\\\/\",\"url\":\"https:\\\/\\\/www.cfos-emobility.de\\\/network\\\/antworten\\\/freischaltung-des-ladeanschlusses-ueber-ext-steuerung\\\/\",\"name\":\"Freischaltung des Ladeanschlusses \u00fcber ext. Steuerung - cFos eMobility Network\",\"isPartOf\":{\"@id\":\"https:\\\/\\\/www.cfos-emobility.de\\\/network\\\/#website\"},\"datePublished\":\"2023-04-12T08:13:48+00:00\",\"dateModified\":\"2023-04-12T11:36:54+00:00\",\"breadcrumb\":{\"@id\":\"https:\\\/\\\/www.cfos-emobility.de\\\/network\\\/antworten\\\/freischaltung-des-ladeanschlusses-ueber-ext-steuerung\\\/#breadcrumb\"},\"inLanguage\":\"de\",\"potentialAction\":[{\"@type\":\"ReadAction\",\"target\":[\"https:\\\/\\\/www.cfos-emobility.de\\\/network\\\/antworten\\\/freischaltung-des-ladeanschlusses-ueber-ext-steuerung\\\/\"]}]},{\"@type\":\"BreadcrumbList\",\"@id\":\"https:\\\/\\\/www.cfos-emobility.de\\\/network\\\/antworten\\\/freischaltung-des-ladeanschlusses-ueber-ext-steuerung\\\/#breadcrumb\",\"itemListElement\":[{\"@type\":\"ListItem\",\"position\":1,\"name\":\"Startseite\",\"item\":\"https:\\\/\\\/www.cfos-emobility.de\\\/network\\\/\"},{\"@type\":\"ListItem\",\"position\":2,\"name\":\"Fragen\",\"item\":\"https:\\\/\\\/www.cfos-emobility.de\\\/network\\\/antworten\\\/\"},{\"@type\":\"ListItem\",\"position\":3,\"name\":\"Freischaltung des Ladeanschlusses \u00fcber ext. Steuerung\"}]},{\"@type\":\"WebSite\",\"@id\":\"https:\\\/\\\/www.cfos-emobility.de\\\/network\\\/#website\",\"url\":\"https:\\\/\\\/www.cfos-emobility.de\\\/network\\\/\",\"name\":\"cFos eMobility Network\",\"description\":\"Das cFos Power Brain Community Portal\",\"publisher\":{\"@id\":\"https:\\\/\\\/www.cfos-emobility.de\\\/network\\\/#organization\"},\"potentialAction\":[{\"@type\":\"SearchAction\",\"target\":{\"@type\":\"EntryPoint\",\"urlTemplate\":\"https:\\\/\\\/www.cfos-emobility.de\\\/network\\\/?s={search_term_string}\"},\"query-input\":{\"@type\":\"PropertyValueSpecification\",\"valueRequired\":true,\"valueName\":\"search_term_string\"}}],\"inLanguage\":\"de\"},{\"@type\":\"Organization\",\"@id\":\"https:\\\/\\\/www.cfos-emobility.de\\\/network\\\/#organization\",\"name\":\"cFos eMobility GmbH\",\"url\":\"https:\\\/\\\/www.cfos-emobility.de\\\/network\\\/\",\"logo\":{\"@type\":\"ImageObject\",\"inLanguage\":\"de\",\"@id\":\"https:\\\/\\\/www.cfos-emobility.de\\\/network\\\/#\\\/schema\\\/logo\\\/image\\\/\",\"url\":\"https:\\\/\\\/www.cfos-emobility.de\\\/network\\\/wp-content\\\/uploads\\\/2021\\\/12\\\/cfos-emobility-logo.jpg\",\"contentUrl\":\"https:\\\/\\\/www.cfos-emobility.de\\\/network\\\/wp-content\\\/uploads\\\/2021\\\/12\\\/cfos-emobility-logo.jpg\",\"width\":221,\"height\":80,\"caption\":\"cFos eMobility GmbH\"},\"image\":{\"@id\":\"https:\\\/\\\/www.cfos-emobility.de\\\/network\\\/#\\\/schema\\\/logo\\\/image\\\/\"},\"sameAs\":[\"https:\\\/\\\/x.com\\\/cFosEmobility\"]}]}<\/script>\n<!-- \/ Yoast SEO plugin. -->","yoast_head_json":{"title":"Freischaltung des Ladeanschlusses \u00fcber ext. Steuerung - cFos eMobility Network","robots":{"index":"index","follow":"follow","max-snippet":"max-snippet:-1","max-image-preview":"max-image-preview:large","max-video-preview":"max-video-preview:-1"},"canonical":"https:\/\/www.cfos-emobility.de\/network\/antworten\/freischaltung-des-ladeanschlusses-ueber-ext-steuerung\/","og_locale":"de_DE","og_type":"article","og_title":"Freischaltung des Ladeanschlusses \u00fcber ext. Steuerung - cFos eMobility Network","og_description":"Ich w\u00fcrde meine Wallbox gerne sperren, wenn ich nicht zuhause bin. Meine Hausautomatisierung FHEM wei\u00df bereits, ob ich zuhause bin, und k\u00f6nnte der Wallbox neben den Z\u00e4hlerdaten, die aktuell bereits \u00fcber HTTP geschickt werden, auch dieses Signal auf irgendeinem TCP Weg zukommen lassen. H\u00e4tte gerne folgende Ladezust\u00e4nde: Ich bin Zuhause &gt; \u00dcberschussladen Ich bin Zuhause [&hellip;]","og_url":"https:\/\/www.cfos-emobility.de\/network\/antworten\/freischaltung-des-ladeanschlusses-ueber-ext-steuerung\/","og_site_name":"cFos eMobility Network","article_modified_time":"2023-04-12T11:36:54+00:00","twitter_card":"summary_large_image","twitter_site":"@cFosEmobility","twitter_misc":{"Gesch\u00e4tzte Lesezeit":"1\u00a0Minute"},"schema":{"@context":"https:\/\/schema.org","@graph":[{"@type":"WebPage","@id":"https:\/\/www.cfos-emobility.de\/network\/antworten\/freischaltung-des-ladeanschlusses-ueber-ext-steuerung\/","url":"https:\/\/www.cfos-emobility.de\/network\/antworten\/freischaltung-des-ladeanschlusses-ueber-ext-steuerung\/","name":"Freischaltung des Ladeanschlusses \u00fcber ext. Steuerung - cFos eMobility Network","isPartOf":{"@id":"https:\/\/www.cfos-emobility.de\/network\/#website"},"datePublished":"2023-04-12T08:13:48+00:00","dateModified":"2023-04-12T11:36:54+00:00","breadcrumb":{"@id":"https:\/\/www.cfos-emobility.de\/network\/antworten\/freischaltung-des-ladeanschlusses-ueber-ext-steuerung\/#breadcrumb"},"inLanguage":"de","potentialAction":[{"@type":"ReadAction","target":["https:\/\/www.cfos-emobility.de\/network\/antworten\/freischaltung-des-ladeanschlusses-ueber-ext-steuerung\/"]}]},{"@type":"BreadcrumbList","@id":"https:\/\/www.cfos-emobility.de\/network\/antworten\/freischaltung-des-ladeanschlusses-ueber-ext-steuerung\/#breadcrumb","itemListElement":[{"@type":"ListItem","position":1,"name":"Startseite","item":"https:\/\/www.cfos-emobility.de\/network\/"},{"@type":"ListItem","position":2,"name":"Fragen","item":"https:\/\/www.cfos-emobility.de\/network\/antworten\/"},{"@type":"ListItem","position":3,"name":"Freischaltung des Ladeanschlusses \u00fcber ext. Steuerung"}]},{"@type":"WebSite","@id":"https:\/\/www.cfos-emobility.de\/network\/#website","url":"https:\/\/www.cfos-emobility.de\/network\/","name":"cFos eMobility Network","description":"Das cFos Power Brain Community Portal","publisher":{"@id":"https:\/\/www.cfos-emobility.de\/network\/#organization"},"potentialAction":[{"@type":"SearchAction","target":{"@type":"EntryPoint","urlTemplate":"https:\/\/www.cfos-emobility.de\/network\/?s={search_term_string}"},"query-input":{"@type":"PropertyValueSpecification","valueRequired":true,"valueName":"search_term_string"}}],"inLanguage":"de"},{"@type":"Organization","@id":"https:\/\/www.cfos-emobility.de\/network\/#organization","name":"cFos eMobility GmbH","url":"https:\/\/www.cfos-emobility.de\/network\/","logo":{"@type":"ImageObject","inLanguage":"de","@id":"https:\/\/www.cfos-emobility.de\/network\/#\/schema\/logo\/image\/","url":"https:\/\/www.cfos-emobility.de\/network\/wp-content\/uploads\/2021\/12\/cfos-emobility-logo.jpg","contentUrl":"https:\/\/www.cfos-emobility.de\/network\/wp-content\/uploads\/2021\/12\/cfos-emobility-logo.jpg","width":221,"height":80,"caption":"cFos eMobility GmbH"},"image":{"@id":"https:\/\/www.cfos-emobility.de\/network\/#\/schema\/logo\/image\/"},"sameAs":["https:\/\/x.com\/cFosEmobility"]}]}},"_links":{"self":[{"href":"https:\/\/www.cfos-emobility.de\/network\/wp-json\/wp\/v2\/cma_thread\/1393","targetHints":{"allow":["GET"]}}],"collection":[{"href":"https:\/\/www.cfos-emobility.de\/network\/wp-json\/wp\/v2\/cma_thread"}],"about":[{"href":"https:\/\/www.cfos-emobility.de\/network\/wp-json\/wp\/v2\/types\/cma_thread"}],"author":[{"embeddable":true,"href":"https:\/\/www.cfos-emobility.de\/network\/wp-json\/wp\/v2\/users\/57"}],"wp:attachment":[{"href":"https:\/\/www.cfos-emobility.de\/network\/wp-json\/wp\/v2\/media?parent=1393"}],"wp:term":[{"taxonomy":"post_tag","embeddable":true,"href":"https:\/\/www.cfos-emobility.de\/network\/wp-json\/wp\/v2\/tags?post=1393"},{"taxonomy":"cma_category","embeddable":true,"href":"https:\/\/www.cfos-emobility.de\/network\/wp-json\/wp\/v2\/cma_category?post=1393"},{"taxonomy":"cma_difficulty_level","embeddable":true,"href":"https:\/\/www.cfos-emobility.de\/network\/wp-json\/wp\/v2\/cma_difficulty_level?post=1393"}],"curies":[{"name":"wp","href":"https:\/\/api.w.org\/{rel}","templated":true}]}}